{"version":"1.0","provider_name":"The Epoch Times TR","provider_url":"https:\/\/epochtimestr.com","author_name":"D.Alk\u0131n","author_url":"https:\/\/epochtimestr.com\/index.php\/author\/derya","title":"K\u00fcl bulutu nedeniyle Romanya hava sahas\u0131 kapand\u0131    - The Epoch Times TR","type":"rich","width":600,"height":338,"html":"<blockquote class=\"wp-embedded-content\" data-secret=\"dEsSgDmjXN\"><a href=\"https:\/\/epochtimestr.com\/index.php\/kul-bulutu-nedeniyle-romanya-hava-sahasi-kapandi\">K\u00fcl bulutu nedeniyle Romanya hava sahas\u0131 kapand\u0131<\/a><\/blockquote><iframe sandbox=\"allow-scripts\" security=\"restricted\" src=\"https:\/\/epochtimestr.com\/index.php\/kul-bulutu-nedeniyle-romanya-hava-sahasi-kapandi\/embed#?secret=dEsSgDmjXN\" width=\"600\" height=\"338\" title=\"&#8220;K\u00fcl bulutu nedeniyle Romanya hava sahas\u0131 kapand\u0131&#8221; &#8212; The Epoch Times TR\" data-secret=\"dEsSgDmjXN\" frameborder=\"0\" marginwidth=\"0\" marginheight=\"0\" scrolling=\"no\" class=\"wp-embedded-content\"><\/iframe><script type=\"text\/javascript\">\n\/* <![CDATA[ *\/\n\/*! This file is auto-generated *\/\n!function(d,l){\"use strict\";l.querySelector&&d.addEventListener&&\"undefined\"!=typeof URL&&(d.wp=d.wp||{},d.wp.receiveEmbedMessage||(d.wp.receiveEmbedMessage=function(e){var t=e.data;if((t||t.secret||t.message||t.value)&&!\/[^a-zA-Z0-9]\/.test(t.secret)){for(var s,r,n,a=l.querySelectorAll('iframe[data-secret=\"'+t.secret+'\"]'),o=l.querySelectorAll('blockquote[data-secret=\"'+t.secret+'\"]'),c=new RegExp(\"^https?:$\",\"i\"),i=0;i<o.length;i++)o[i].style.display=\"none\";for(i=0;i<a.length;i++)s=a[i],e.source===s.contentWindow&&(s.removeAttribute(\"style\"),\"height\"===t.message?(1e3<(r=parseInt(t.value,10))?r=1e3:~~r<200&&(r=200),s.height=r):\"link\"===t.message&&(r=new URL(s.getAttribute(\"src\")),n=new URL(t.value),c.test(n.protocol))&&n.host===r.host&&l.activeElement===s&&(d.top.location.href=t.value))}},d.addEventListener(\"message\",d.wp.receiveEmbedMessage,!1),l.addEventListener(\"DOMContentLoaded\",function(){for(var e,t,s=l.querySelectorAll(\"iframe.wp-embedded-content\"),r=0;r<s.length;r++)(t=(e=s[r]).getAttribute(\"data-secret\"))||(t=Math.random().toString(36).substring(2,12),e.src+=\"#?secret=\"+t,e.setAttribute(\"data-secret\",t)),e.contentWindow.postMessage({message:\"ready\",secret:t},\"*\")},!1)))}(window,document);\n\/* ]]> *\/\n<\/script>\n","description":"B\u00dcKRE\u015e&#8211; \u0130zlanda&#8217;daki Eyfyallay\u00f6k\u00fcll buzulundaki yanarda\u011f\u0131n p\u00fcsk\u00fcrtt\u00fc\u011f\u00fc k\u00fcl bulutlar\u0131n\u0131n etkisi alt\u0131na giren Romanya, bu ak\u015fam 18.00&#8217;dan itibaren hava sahas\u0131n\u0131 tamamen kapatt\u0131. \u00dclke genelindeki t\u00fcm havaalanlar\u0131ndan i\u00e7 ve d\u0131\u015f hat t\u00fcm u\u00e7u\u015flar durduruldu. H\u00fck\u00fcmet yetkilileri, yar\u0131n ak\u015fam saat 21.00&#8217;da yap\u0131lacak \u00f6l\u00e7\u00fcmlerden sonra u\u00e7u\u015flar\u0131n ba\u015flayabilece\u011fini duyurdu. G\u00fcn boyu yap\u0131lan medya anonslar\u0131 ve cuma g\u00fcn\u00fcnden ba\u015flayan iptaller nedeniyle havaalanlar\u0131nda [&hellip;]","thumbnail_url":"http:\/\/www.epochtimestr.com\/wp-content\/uploads\/2010\/mart\/1414362_p-150x150.jpg"}