{"version":"1.0","provider_name":"The Epoch Times TR","provider_url":"https:\/\/epochtimestr.com","author_name":"S. \u00d6zcan","author_url":"https:\/\/epochtimestr.com\/index.php\/author\/n-kaya","title":"Ku\u015f Gribi Avrupa'da - The Epoch Times TR","type":"rich","width":600,"height":338,"html":"<blockquote class=\"wp-embedded-content\" data-secret=\"fL5iSZBNSm\"><a href=\"https:\/\/epochtimestr.com\/index.php\/kus-gribi-avrupada\">Ku\u015f Gribi Avrupa&#8217;da<\/a><\/blockquote><iframe sandbox=\"allow-scripts\" security=\"restricted\" src=\"https:\/\/epochtimestr.com\/index.php\/kus-gribi-avrupada\/embed#?secret=fL5iSZBNSm\" width=\"600\" height=\"338\" title=\"&#8220;Ku\u015f Gribi Avrupa&#8217;da&#8221; &#8212; The Epoch Times TR\" data-secret=\"fL5iSZBNSm\" frameborder=\"0\" marginwidth=\"0\" marginheight=\"0\" scrolling=\"no\" class=\"wp-embedded-content\"><\/iframe><script type=\"text\/javascript\">\n\/* <![CDATA[ *\/\n\/*! This file is auto-generated *\/\n!function(d,l){\"use strict\";l.querySelector&&d.addEventListener&&\"undefined\"!=typeof URL&&(d.wp=d.wp||{},d.wp.receiveEmbedMessage||(d.wp.receiveEmbedMessage=function(e){var t=e.data;if((t||t.secret||t.message||t.value)&&!\/[^a-zA-Z0-9]\/.test(t.secret)){for(var s,r,n,a=l.querySelectorAll('iframe[data-secret=\"'+t.secret+'\"]'),o=l.querySelectorAll('blockquote[data-secret=\"'+t.secret+'\"]'),c=new RegExp(\"^https?:$\",\"i\"),i=0;i<o.length;i++)o[i].style.display=\"none\";for(i=0;i<a.length;i++)s=a[i],e.source===s.contentWindow&&(s.removeAttribute(\"style\"),\"height\"===t.message?(1e3<(r=parseInt(t.value,10))?r=1e3:~~r<200&&(r=200),s.height=r):\"link\"===t.message&&(r=new URL(s.getAttribute(\"src\")),n=new URL(t.value),c.test(n.protocol))&&n.host===r.host&&l.activeElement===s&&(d.top.location.href=t.value))}},d.addEventListener(\"message\",d.wp.receiveEmbedMessage,!1),l.addEventListener(\"DOMContentLoaded\",function(){for(var e,t,s=l.querySelectorAll(\"iframe.wp-embedded-content\"),r=0;r<s.length;r++)(t=(e=s[r]).getAttribute(\"data-secret\"))||(t=Math.random().toString(36).substring(2,12),e.src+=\"#?secret=\"+t,e.setAttribute(\"data-secret\",t)),e.contentWindow.postMessage({message:\"ready\",secret:t},\"*\")},!1)))}(window,document);\n\/* ]]> *\/\n<\/script>\n","thumbnail_url":"https:\/\/epochtimestr.com\/wp-content\/uploads\/2011y\/kus-gribi-avrupada-hortladi-686882-664x354.jpg","thumbnail_width":500,"thumbnail_height":266,"description":"Bir ay i\u00e7inde y\u00fcz binlerce k\u00fcmes hayvan\u0131n\u0131n telef oldu\u011fu ku\u015f gribi nedeniyle Avrupa&#8217;da \u00f6nlemler artt\u0131r\u0131ld\u0131. Schmid, a\u00e7\u0131klamas\u0131nda, Mecklenburg-Vorpommern ve A\u015fa\u011f\u0131 Saksonya ile Brandenburg eyaletlerinin g\u00f6\u00e7men ku\u015flar\u0131n ge\u00e7i\u015f g\u00fczerg\u00e2h\u0131nda oldu\u011funu bundan dolay\u0131 da \u00e7e\u015fitli \u00f6nlemler al\u0131nmas\u0131 i\u00e7in federal d\u00fczeyde \u00e7al\u0131\u015fma yap\u0131laca\u011f\u0131n\u0131 a\u00e7\u0131klad\u0131. Ku\u015f gribi ile m\u00fccadelenin k\u0131ta Avrupa\u2019s\u0131n\u0131n bir sorunu oldu\u011funu belirten Tar\u0131m Bakan\u0131 Schmidt, Almanya&#8217;da [&hellip;]"}