{"version":"1.0","provider_name":"The Epoch Times TR","provider_url":"https:\/\/epochtimestr.com","author_name":"\u00c7.Akdeniz","author_url":"https:\/\/epochtimestr.com\/index.php\/author\/cigdem","title":"Kuzey Kore, Muhtemel Protestolara Kar\u015f\u0131 \u00d6nlemleri Artt\u0131r\u0131yor - The Epoch Times TR","type":"rich","width":600,"height":338,"html":"<blockquote class=\"wp-embedded-content\" data-secret=\"rvcYX0CeuX\"><a href=\"https:\/\/epochtimestr.com\/index.php\/kuzey-kore-muhtemel-protestolara-karsi-onlemleri-arttiriyor\">Kuzey Kore, Muhtemel Protestolara Kar\u015f\u0131 \u00d6nlemleri Artt\u0131r\u0131yor<\/a><\/blockquote><iframe sandbox=\"allow-scripts\" security=\"restricted\" src=\"https:\/\/epochtimestr.com\/index.php\/kuzey-kore-muhtemel-protestolara-karsi-onlemleri-arttiriyor\/embed#?secret=rvcYX0CeuX\" width=\"600\" height=\"338\" title=\"&#8220;Kuzey Kore, Muhtemel Protestolara Kar\u015f\u0131 \u00d6nlemleri Artt\u0131r\u0131yor&#8221; &#8212; The Epoch Times TR\" data-secret=\"rvcYX0CeuX\" frameborder=\"0\" marginwidth=\"0\" marginheight=\"0\" scrolling=\"no\" class=\"wp-embedded-content\"><\/iframe><script type=\"text\/javascript\">\n\/* <![CDATA[ *\/\n\/*! This file is auto-generated *\/\n!function(d,l){\"use strict\";l.querySelector&&d.addEventListener&&\"undefined\"!=typeof URL&&(d.wp=d.wp||{},d.wp.receiveEmbedMessage||(d.wp.receiveEmbedMessage=function(e){var t=e.data;if((t||t.secret||t.message||t.value)&&!\/[^a-zA-Z0-9]\/.test(t.secret)){for(var s,r,n,a=l.querySelectorAll('iframe[data-secret=\"'+t.secret+'\"]'),o=l.querySelectorAll('blockquote[data-secret=\"'+t.secret+'\"]'),c=new RegExp(\"^https?:$\",\"i\"),i=0;i<o.length;i++)o[i].style.display=\"none\";for(i=0;i<a.length;i++)s=a[i],e.source===s.contentWindow&&(s.removeAttribute(\"style\"),\"height\"===t.message?(1e3<(r=parseInt(t.value,10))?r=1e3:~~r<200&&(r=200),s.height=r):\"link\"===t.message&&(r=new URL(s.getAttribute(\"src\")),n=new URL(t.value),c.test(n.protocol))&&n.host===r.host&&l.activeElement===s&&(d.top.location.href=t.value))}},d.addEventListener(\"message\",d.wp.receiveEmbedMessage,!1),l.addEventListener(\"DOMContentLoaded\",function(){for(var e,t,s=l.querySelectorAll(\"iframe.wp-embedded-content\"),r=0;r<s.length;r++)(t=(e=s[r]).getAttribute(\"data-secret\"))||(t=Math.random().toString(36).substring(2,12),e.src+=\"#?secret=\"+t,e.setAttribute(\"data-secret\",t)),e.contentWindow.postMessage({message:\"ready\",secret:t},\"*\")},!1)))}(window,document);\n\/* ]]> *\/\n<\/script>\n","description":"Kuzey Kore, ba\u015fta en yak\u0131n m\u00fcttefiklerinden Libya olmak \u00fczere Orta Do\u011fu \u00fclkelerindeki demokrasi ayaklanmalar\u0131n\u0131n \u00fclkesine s\u0131\u00e7ramas\u0131 ihtimaline binaen, \u00fcniversitelerdeki denetimi artt\u0131r\u0131yor. ABD merkezli \u00d6zg\u00fcr Asya Radyosu\u2019nun haberinde, Kuzey Kore\u2019nin Ryanggang b\u00f6lgesinden konta\u011fa ge\u00e7tikleri bir \u00fcniversite \u00f6\u011frencisi \u00e7arp\u0131c\u0131 a\u00e7\u0131klamalarda bulundu. Orta Do\u011fu\u2019daki demokrasi ayaklanmalar\u0131n\u0131 daha 5 g\u00fcn \u00f6nce ba\u015fkent Pyeongyang\u2019daki akrabalar\u0131 ile telefonla konu\u015furken, \u00f6\u011frendi\u011fini s\u00f6yleyen [&hellip;]","thumbnail_url":"http:\/\/www.epochtimestr.com\/wp-content\/uploads\/2011y\/200551074-001.jpg"}