{"version":"1.0","provider_name":"The Epoch Times TR","provider_url":"https:\/\/epochtimestr.com","author_name":"Bora Akdeniz","author_url":"https:\/\/epochtimestr.com\/index.php\/author\/bora","title":"Kuzey Kore Vatanda\u015flar\u0131n\u0131 \u0130stemiyor! - The Epoch Times TR","type":"rich","width":600,"height":338,"html":"<blockquote class=\"wp-embedded-content\" data-secret=\"RGaYm9VrNH\"><a href=\"https:\/\/epochtimestr.com\/index.php\/kuzey-kore-vatandaslarini-istemiyor\">Kuzey Kore Vatanda\u015flar\u0131n\u0131 \u0130stemiyor!<\/a><\/blockquote><iframe sandbox=\"allow-scripts\" security=\"restricted\" src=\"https:\/\/epochtimestr.com\/index.php\/kuzey-kore-vatandaslarini-istemiyor\/embed#?secret=RGaYm9VrNH\" width=\"600\" height=\"338\" title=\"&#8220;Kuzey Kore Vatanda\u015flar\u0131n\u0131 \u0130stemiyor!&#8221; &#8212; The Epoch Times TR\" data-secret=\"RGaYm9VrNH\" frameborder=\"0\" marginwidth=\"0\" marginheight=\"0\" scrolling=\"no\" class=\"wp-embedded-content\"><\/iframe><script type=\"text\/javascript\">\n\/* <![CDATA[ *\/\n\/*! This file is auto-generated *\/\n!function(d,l){\"use strict\";l.querySelector&&d.addEventListener&&\"undefined\"!=typeof URL&&(d.wp=d.wp||{},d.wp.receiveEmbedMessage||(d.wp.receiveEmbedMessage=function(e){var t=e.data;if((t||t.secret||t.message||t.value)&&!\/[^a-zA-Z0-9]\/.test(t.secret)){for(var s,r,n,a=l.querySelectorAll('iframe[data-secret=\"'+t.secret+'\"]'),o=l.querySelectorAll('blockquote[data-secret=\"'+t.secret+'\"]'),c=new RegExp(\"^https?:$\",\"i\"),i=0;i<o.length;i++)o[i].style.display=\"none\";for(i=0;i<a.length;i++)s=a[i],e.source===s.contentWindow&&(s.removeAttribute(\"style\"),\"height\"===t.message?(1e3<(r=parseInt(t.value,10))?r=1e3:~~r<200&&(r=200),s.height=r):\"link\"===t.message&&(r=new URL(s.getAttribute(\"src\")),n=new URL(t.value),c.test(n.protocol))&&n.host===r.host&&l.activeElement===s&&(d.top.location.href=t.value))}},d.addEventListener(\"message\",d.wp.receiveEmbedMessage,!1),l.addEventListener(\"DOMContentLoaded\",function(){for(var e,t,s=l.querySelectorAll(\"iframe.wp-embedded-content\"),r=0;r<s.length;r++)(t=(e=s[r]).getAttribute(\"data-secret\"))||(t=Math.random().toString(36).substring(2,12),e.src+=\"#?secret=\"+t,e.setAttribute(\"data-secret\",t)),e.contentWindow.postMessage({message:\"ready\",secret:t},\"*\")},!1)))}(window,document);\n\/* ]]> *\/\n<\/script>\n","description":"Arap Bahar\u0131 Kuzey Kore&#8217;yi korkuttu Arap Bahar\u0131 diye adland\u0131r\u0131lan ayaklanmalar Kuzey Kore&#8216;yi korkuttu, bu y\u00fczden Libya&#8217;da i\u015f\u00e7ilik yapan vatanda\u015flar\u0131n\u0131n \u00fclkeye geri d\u00f6nmesine izin vermiyor. Diktat\u00f6rl\u00fcklerin teker teker y\u0131k\u0131lmas\u0131n\u0131n ard\u0131ndan devlet ba\u015fkan\u0131 Kim Jong-il&#8216;in, diktat\u00f6rl\u00fc\u011f\u00fcne zarar vereceklerini d\u00fc\u015f\u00fcnerek bu karar\u0131 ald\u0131\u011f\u0131 d\u00fc\u015f\u00fcn\u00fcl\u00fcyor. S\u00f6ylentiler ve ya\u015fananlara bak\u0131l\u0131nca Kuzey Kore vatanda\u015flar\u0131n\u0131n Arap Bahar\u0131&#8216;ndan haberleri olmad\u0131\u011f\u0131 g\u00fcndemde. Bu d\u00fc\u015f\u00fcncenin [&hellip;]","thumbnail_url":"http:\/\/www.epochtimestr.com\/wp-content\/uploads\/2011y\/Kim_Jong-Il.jpg"}