{"version":"1.0","provider_name":"The Epoch Times TR","provider_url":"https:\/\/epochtimestr.com","author_name":"\u00c7.Akdeniz","author_url":"https:\/\/epochtimestr.com\/index.php\/author\/cigdem","title":"Kuzey Kore 'nin Diktat\u00f6r\u00fc Kim Jong-\u0130l: \u00d6ld\u00fc - The Epoch Times TR","type":"rich","width":600,"height":338,"html":"<blockquote class=\"wp-embedded-content\" data-secret=\"dg534OSrbF\"><a href=\"https:\/\/epochtimestr.com\/index.php\/kuzey-koreli-diktator-kim-jong-il-oldu\">Kuzey Kore &#8216;nin Diktat\u00f6r\u00fc Kim Jong-\u0130l: \u00d6ld\u00fc<\/a><\/blockquote><iframe sandbox=\"allow-scripts\" security=\"restricted\" src=\"https:\/\/epochtimestr.com\/index.php\/kuzey-koreli-diktator-kim-jong-il-oldu\/embed#?secret=dg534OSrbF\" width=\"600\" height=\"338\" title=\"&#8220;Kuzey Kore &#8216;nin Diktat\u00f6r\u00fc Kim Jong-\u0130l: \u00d6ld\u00fc&#8221; &#8212; The Epoch Times TR\" data-secret=\"dg534OSrbF\" frameborder=\"0\" marginwidth=\"0\" marginheight=\"0\" scrolling=\"no\" class=\"wp-embedded-content\"><\/iframe><script type=\"text\/javascript\">\n\/* <![CDATA[ *\/\n\/*! This file is auto-generated *\/\n!function(d,l){\"use strict\";l.querySelector&&d.addEventListener&&\"undefined\"!=typeof URL&&(d.wp=d.wp||{},d.wp.receiveEmbedMessage||(d.wp.receiveEmbedMessage=function(e){var t=e.data;if((t||t.secret||t.message||t.value)&&!\/[^a-zA-Z0-9]\/.test(t.secret)){for(var s,r,n,a=l.querySelectorAll('iframe[data-secret=\"'+t.secret+'\"]'),o=l.querySelectorAll('blockquote[data-secret=\"'+t.secret+'\"]'),c=new RegExp(\"^https?:$\",\"i\"),i=0;i<o.length;i++)o[i].style.display=\"none\";for(i=0;i<a.length;i++)s=a[i],e.source===s.contentWindow&&(s.removeAttribute(\"style\"),\"height\"===t.message?(1e3<(r=parseInt(t.value,10))?r=1e3:~~r<200&&(r=200),s.height=r):\"link\"===t.message&&(r=new URL(s.getAttribute(\"src\")),n=new URL(t.value),c.test(n.protocol))&&n.host===r.host&&l.activeElement===s&&(d.top.location.href=t.value))}},d.addEventListener(\"message\",d.wp.receiveEmbedMessage,!1),l.addEventListener(\"DOMContentLoaded\",function(){for(var e,t,s=l.querySelectorAll(\"iframe.wp-embedded-content\"),r=0;r<s.length;r++)(t=(e=s[r]).getAttribute(\"data-secret\"))||(t=Math.random().toString(36).substring(2,12),e.src+=\"#?secret=\"+t,e.setAttribute(\"data-secret\",t)),e.contentWindow.postMessage({message:\"ready\",secret:t},\"*\")},!1)))}(window,document);\n\/* ]]> *\/\n<\/script>\n","description":"Kuzey Kore &#8216;nin Dikdat\u00f6r\u00fc \u00a0Kim Jong-\u0130l \u00d6ld\u00fc Yap\u0131lan televizyon yay\u0131n\u0131nda Kuzey Kore\u2019nin 69 ya\u015f\u0131ndaki \u201cSevgili Lideri, Kim Jong \u0130l\u2019in hayat\u0131n\u0131 kaybetti\u011fi a\u00e7\u0131kland\u0131. Cumartesi g\u00fcn\u00fc yapt\u0131\u011f\u0131 tren yolculu\u011fu s\u0131ras\u0131nda yorulan Kim Jong \u0130l\u2019in hayat\u0131n\u0131 kaybetmesine ra\u011fmen \u00f6l\u00fcm\u00fc 2 g\u00fcn sonra a\u00e7\u0131kland\u0131. 2008 y\u0131l\u0131nda da kalp krizi ge\u00e7iren Kim\u2019in \u015feker hastal\u0131\u011f\u0131 ve kalp krizinden \u00f6ld\u00fc\u011f\u00fc d\u00fc\u015f\u00fcn\u00fcl\u00fcyor D\u00fcnyan\u0131n [&hellip;]","thumbnail_url":"http:\/\/epochtimestr.com\/wp-content\/uploads\/2011y\/Kim_Jong-il.jpg"}