{"version":"1.0","provider_name":"The Epoch Times TR","provider_url":"https:\/\/epochtimestr.com","author_name":"Demet G.","author_url":"https:\/\/epochtimestr.com\/index.php\/author\/d-gokoglu","title":"Liderlerin Bayram Program\u0131 Belli Oldu - The Epoch Times TR","type":"rich","width":600,"height":338,"html":"<blockquote class=\"wp-embedded-content\" data-secret=\"IIxiYnjOU7\"><a href=\"https:\/\/epochtimestr.com\/index.php\/liderlerin-bayram-programi-belli-oldu\">Liderlerin Bayram Program\u0131 Belli Oldu<\/a><\/blockquote><iframe sandbox=\"allow-scripts\" security=\"restricted\" src=\"https:\/\/epochtimestr.com\/index.php\/liderlerin-bayram-programi-belli-oldu\/embed#?secret=IIxiYnjOU7\" width=\"600\" height=\"338\" title=\"&#8220;Liderlerin Bayram Program\u0131 Belli Oldu&#8221; &#8212; The Epoch Times TR\" data-secret=\"IIxiYnjOU7\" frameborder=\"0\" marginwidth=\"0\" marginheight=\"0\" scrolling=\"no\" class=\"wp-embedded-content\"><\/iframe><script type=\"text\/javascript\">\n\/* <![CDATA[ *\/\n\/*! This file is auto-generated *\/\n!function(d,l){\"use strict\";l.querySelector&&d.addEventListener&&\"undefined\"!=typeof URL&&(d.wp=d.wp||{},d.wp.receiveEmbedMessage||(d.wp.receiveEmbedMessage=function(e){var t=e.data;if((t||t.secret||t.message||t.value)&&!\/[^a-zA-Z0-9]\/.test(t.secret)){for(var s,r,n,a=l.querySelectorAll('iframe[data-secret=\"'+t.secret+'\"]'),o=l.querySelectorAll('blockquote[data-secret=\"'+t.secret+'\"]'),c=new RegExp(\"^https?:$\",\"i\"),i=0;i<o.length;i++)o[i].style.display=\"none\";for(i=0;i<a.length;i++)s=a[i],e.source===s.contentWindow&&(s.removeAttribute(\"style\"),\"height\"===t.message?(1e3<(r=parseInt(t.value,10))?r=1e3:~~r<200&&(r=200),s.height=r):\"link\"===t.message&&(r=new URL(s.getAttribute(\"src\")),n=new URL(t.value),c.test(n.protocol))&&n.host===r.host&&l.activeElement===s&&(d.top.location.href=t.value))}},d.addEventListener(\"message\",d.wp.receiveEmbedMessage,!1),l.addEventListener(\"DOMContentLoaded\",function(){for(var e,t,s=l.querySelectorAll(\"iframe.wp-embedded-content\"),r=0;r<s.length;r++)(t=(e=s[r]).getAttribute(\"data-secret\"))||(t=Math.random().toString(36).substring(2,12),e.src+=\"#?secret=\"+t,e.setAttribute(\"data-secret\",t)),e.contentWindow.postMessage({message:\"ready\",secret:t},\"*\")},!1)))}(window,document);\n\/* ]]> *\/\n<\/script>\n","thumbnail_url":"https:\/\/epochtimestr.com\/wp-content\/uploads\/2011y\/liderlerin-bayram-programi-1276739-664x354.jpg","thumbnail_width":664,"thumbnail_height":354,"description":"Kurban Bayram\u0131nda liderlerin\u00a0 programlar belli oldu. \u0130stanbul\u2019da olan Cumhurba\u015fkan\u0131 Recep Tayyip Erdo\u011fan\u2019\u0131n, bayram\u0131 bu kentte ge\u00e7irmesi bekleniyor. Ba\u015fbakan Ahmet Davuto\u011flu ise, Birle\u015fmi\u015f Milletler Genel Kuruluna kat\u0131lmak \u00fczere bayram\u0131n birinci g\u00fcn\u00fc ABD\u2019nin New York kentine gidecek. Bug\u00fcn \u0130svi\u00e7re\u2019nin ba\u015fkenti Bern\u2019e giden CHP Genel Ba\u015fkan\u0131 Kemal K\u0131l\u0131\u00e7daro\u011flu, bayram boyunca Avrupa\u2019n\u0131n farkl\u0131 \u00fclkelerinde programlara kat\u0131lacak . Bayrama MHP [&hellip;]"}