{"version":"1.0","provider_name":"The Epoch Times TR","provider_url":"https:\/\/epochtimestr.com","author_name":"\u00c7.Akdeniz","author_url":"https:\/\/epochtimestr.com\/index.php\/author\/cigdem","title":"Lieberman: Yunanistan'la \u0130\u015fbirli\u011fini Daha Da Derinle\u015ftirece\u011fiz - The Epoch Times TR","type":"rich","width":600,"height":338,"html":"<blockquote class=\"wp-embedded-content\" data-secret=\"pcycoRZSpf\"><a href=\"https:\/\/epochtimestr.com\/index.php\/lieberman-yunanistanla-isbirligini-daha-da-derinlestirecegiz\">Lieberman: Yunanistan&#8217;la \u0130\u015fbirli\u011fini Daha Da Derinle\u015ftirece\u011fiz<\/a><\/blockquote><iframe sandbox=\"allow-scripts\" security=\"restricted\" src=\"https:\/\/epochtimestr.com\/index.php\/lieberman-yunanistanla-isbirligini-daha-da-derinlestirecegiz\/embed#?secret=pcycoRZSpf\" width=\"600\" height=\"338\" title=\"&#8220;Lieberman: Yunanistan&#8217;la \u0130\u015fbirli\u011fini Daha Da Derinle\u015ftirece\u011fiz&#8221; &#8212; The Epoch Times TR\" data-secret=\"pcycoRZSpf\" frameborder=\"0\" marginwidth=\"0\" marginheight=\"0\" scrolling=\"no\" class=\"wp-embedded-content\"><\/iframe><script type=\"text\/javascript\">\n\/* <![CDATA[ *\/\n\/*! This file is auto-generated *\/\n!function(d,l){\"use strict\";l.querySelector&&d.addEventListener&&\"undefined\"!=typeof URL&&(d.wp=d.wp||{},d.wp.receiveEmbedMessage||(d.wp.receiveEmbedMessage=function(e){var t=e.data;if((t||t.secret||t.message||t.value)&&!\/[^a-zA-Z0-9]\/.test(t.secret)){for(var s,r,n,a=l.querySelectorAll('iframe[data-secret=\"'+t.secret+'\"]'),o=l.querySelectorAll('blockquote[data-secret=\"'+t.secret+'\"]'),c=new RegExp(\"^https?:$\",\"i\"),i=0;i<o.length;i++)o[i].style.display=\"none\";for(i=0;i<a.length;i++)s=a[i],e.source===s.contentWindow&&(s.removeAttribute(\"style\"),\"height\"===t.message?(1e3<(r=parseInt(t.value,10))?r=1e3:~~r<200&&(r=200),s.height=r):\"link\"===t.message&&(r=new URL(s.getAttribute(\"src\")),n=new URL(t.value),c.test(n.protocol))&&n.host===r.host&&l.activeElement===s&&(d.top.location.href=t.value))}},d.addEventListener(\"message\",d.wp.receiveEmbedMessage,!1),l.addEventListener(\"DOMContentLoaded\",function(){for(var e,t,s=l.querySelectorAll(\"iframe.wp-embedded-content\"),r=0;r<s.length;r++)(t=(e=s[r]).getAttribute(\"data-secret\"))||(t=Math.random().toString(36).substring(2,12),e.src+=\"#?secret=\"+t,e.setAttribute(\"data-secret\",t)),e.contentWindow.postMessage({message:\"ready\",secret:t},\"*\")},!1)))}(window,document);\n\/* ]]> *\/\n<\/script>\n","description":"Yunanistan D\u0131\u015fi\u015fleri Bakan\u0131 Dimitris Dru\u00e7as, \u0130srail D\u0131\u015fi\u015fleri Bakan\u0131 Avidgor Lieberman ile Atina\u2019da bir araya geldi. Dru\u00e7as ve Lieberman, daha sonra ortak bas\u0131n toplant\u0131s\u0131 d\u00fczenledi. Ortak bas\u0131n toplant\u0131s\u0131nda konu\u015fan Dru\u00e7as, \u201cSon bir y\u0131lda ili\u015fkilerin g\u00fc\u00e7lenmesi rastlant\u0131 de\u011fil. \u0130kili ili\u015fkileri b\u00fct\u00fcn alanlarda derinle\u015ftirmeyi hedefliyoruz. \u0130ki ba\u015fbakan kurumsal olarak i\u015fbirli\u011fini daha da derinle\u015ftirmek i\u00e7in \u2018ortak bakanlar kurulu\u2019 olu\u015fturulmas\u0131 [&hellip;]","thumbnail_url":"http:\/\/www.epochtimestr.com\/wp-content\/uploads\/2011\/ocak 2011\/MjY0MjEx.jpg"}