{"version":"1.0","provider_name":"The Epoch Times TR","provider_url":"https:\/\/epochtimestr.com","author_name":"G.Hakan Ko\u00e7man","author_url":"https:\/\/epochtimestr.com\/index.php\/author\/hakan","title":"L\u00f6semiden Hayat\u0131n\u0131 Kaybeden Sudenaz'\u0131n Ad\u0131 Ya\u015fayacak - The Epoch Times TR","type":"rich","width":600,"height":338,"html":"<blockquote class=\"wp-embedded-content\" data-secret=\"OI798bAr6j\"><a href=\"https:\/\/epochtimestr.com\/index.php\/losemiden-hayatini-kaybeden-sudenazin-adi-yasayacak\">L\u00f6semiden Hayat\u0131n\u0131 Kaybeden Sudenaz&#8217;\u0131n Ad\u0131 Ya\u015fayacak<\/a><\/blockquote><iframe sandbox=\"allow-scripts\" security=\"restricted\" src=\"https:\/\/epochtimestr.com\/index.php\/losemiden-hayatini-kaybeden-sudenazin-adi-yasayacak\/embed#?secret=OI798bAr6j\" width=\"600\" height=\"338\" title=\"&#8220;L\u00f6semiden Hayat\u0131n\u0131 Kaybeden Sudenaz&#8217;\u0131n Ad\u0131 Ya\u015fayacak&#8221; &#8212; The Epoch Times TR\" data-secret=\"OI798bAr6j\" frameborder=\"0\" marginwidth=\"0\" marginheight=\"0\" scrolling=\"no\" class=\"wp-embedded-content\"><\/iframe><script type=\"text\/javascript\">\n\/* <![CDATA[ *\/\n\/*! This file is auto-generated *\/\n!function(d,l){\"use strict\";l.querySelector&&d.addEventListener&&\"undefined\"!=typeof URL&&(d.wp=d.wp||{},d.wp.receiveEmbedMessage||(d.wp.receiveEmbedMessage=function(e){var t=e.data;if((t||t.secret||t.message||t.value)&&!\/[^a-zA-Z0-9]\/.test(t.secret)){for(var s,r,n,a=l.querySelectorAll('iframe[data-secret=\"'+t.secret+'\"]'),o=l.querySelectorAll('blockquote[data-secret=\"'+t.secret+'\"]'),c=new RegExp(\"^https?:$\",\"i\"),i=0;i<o.length;i++)o[i].style.display=\"none\";for(i=0;i<a.length;i++)s=a[i],e.source===s.contentWindow&&(s.removeAttribute(\"style\"),\"height\"===t.message?(1e3<(r=parseInt(t.value,10))?r=1e3:~~r<200&&(r=200),s.height=r):\"link\"===t.message&&(r=new URL(s.getAttribute(\"src\")),n=new URL(t.value),c.test(n.protocol))&&n.host===r.host&&l.activeElement===s&&(d.top.location.href=t.value))}},d.addEventListener(\"message\",d.wp.receiveEmbedMessage,!1),l.addEventListener(\"DOMContentLoaded\",function(){for(var e,t,s=l.querySelectorAll(\"iframe.wp-embedded-content\"),r=0;r<s.length;r++)(t=(e=s[r]).getAttribute(\"data-secret\"))||(t=Math.random().toString(36).substring(2,12),e.src+=\"#?secret=\"+t,e.setAttribute(\"data-secret\",t)),e.contentWindow.postMessage({message:\"ready\",secret:t},\"*\")},!1)))}(window,document);\n\/* ]]> *\/\n<\/script>\n","thumbnail_url":"https:\/\/epochtimestr.com\/wp-content\/uploads\/2011y\/Sudenaz-Koku.jpg","thumbnail_width":720,"thumbnail_height":405,"description":"Tebess\u00fcm G\u00f6n\u00fcll\u00fcleri Grubu, Mersin B\u00fcy\u00fck\u015fehir Belediyesinden \u00e7\u0131kar\u0131lan i\u015f\u00e7ilerin direni\u015finin simgesi haline gelen ve hayat\u0131n\u0131 l\u00f6semi hastal\u0131\u011f\u0131 y\u00fcz\u00fcnden kaybeden Sudenaz Koku ad\u0131na Adana Akp\u0131nar \u0130lk\u00f6\u011fretim Okulu\u2019na tam te\u015fekk\u00fcll\u00fc \u00a0bir ana s\u0131n\u0131f\u0131 kazand\u0131rd\u0131. 9 ya\u015f\u0131nda l\u00f6semi hastal\u0131\u011f\u0131 y\u00fcz\u00fcnden t\u00fcm \u00e7abalara ra\u011fmen hayat\u0131n\u0131 kaybeden ve o d\u00f6nemde babas\u0131 Mersin B\u00fcy\u00fck\u015fehir Belediyesi taraf\u0131ndan i\u015ften \u00e7\u0131kar\u0131lan i\u015f\u00e7ilerden biri oldu\u011fu i\u00e7in [&hellip;]"}