{"version":"1.0","provider_name":"The Epoch Times TR","provider_url":"https:\/\/epochtimestr.com","author_name":"Nesrin Se\u00e7er","author_url":"https:\/\/epochtimestr.com\/index.php\/author\/nesrin","title":"Maden Oca\u011f\u0131nda Yang\u0131n, 9 \u0130\u015f\u00e7i Yaral\u0131 - The Epoch Times TR","type":"rich","width":600,"height":338,"html":"<blockquote class=\"wp-embedded-content\" data-secret=\"wt4LT3xDox\"><a href=\"https:\/\/epochtimestr.com\/index.php\/maden-ocaginda-yangin-9-isci-yarali\">Maden Oca\u011f\u0131nda Yang\u0131n, 9 \u0130\u015f\u00e7i Yaral\u0131<\/a><\/blockquote><iframe sandbox=\"allow-scripts\" security=\"restricted\" src=\"https:\/\/epochtimestr.com\/index.php\/maden-ocaginda-yangin-9-isci-yarali\/embed#?secret=wt4LT3xDox\" width=\"600\" height=\"338\" title=\"&#8220;Maden Oca\u011f\u0131nda Yang\u0131n, 9 \u0130\u015f\u00e7i Yaral\u0131&#8221; &#8212; The Epoch Times TR\" data-secret=\"wt4LT3xDox\" frameborder=\"0\" marginwidth=\"0\" marginheight=\"0\" scrolling=\"no\" class=\"wp-embedded-content\"><\/iframe><script type=\"text\/javascript\">\n\/* <![CDATA[ *\/\n\/*! This file is auto-generated *\/\n!function(d,l){\"use strict\";l.querySelector&&d.addEventListener&&\"undefined\"!=typeof URL&&(d.wp=d.wp||{},d.wp.receiveEmbedMessage||(d.wp.receiveEmbedMessage=function(e){var t=e.data;if((t||t.secret||t.message||t.value)&&!\/[^a-zA-Z0-9]\/.test(t.secret)){for(var s,r,n,a=l.querySelectorAll('iframe[data-secret=\"'+t.secret+'\"]'),o=l.querySelectorAll('blockquote[data-secret=\"'+t.secret+'\"]'),c=new RegExp(\"^https?:$\",\"i\"),i=0;i<o.length;i++)o[i].style.display=\"none\";for(i=0;i<a.length;i++)s=a[i],e.source===s.contentWindow&&(s.removeAttribute(\"style\"),\"height\"===t.message?(1e3<(r=parseInt(t.value,10))?r=1e3:~~r<200&&(r=200),s.height=r):\"link\"===t.message&&(r=new URL(s.getAttribute(\"src\")),n=new URL(t.value),c.test(n.protocol))&&n.host===r.host&&l.activeElement===s&&(d.top.location.href=t.value))}},d.addEventListener(\"message\",d.wp.receiveEmbedMessage,!1),l.addEventListener(\"DOMContentLoaded\",function(){for(var e,t,s=l.querySelectorAll(\"iframe.wp-embedded-content\"),r=0;r<s.length;r++)(t=(e=s[r]).getAttribute(\"data-secret\"))||(t=Math.random().toString(36).substring(2,12),e.src+=\"#?secret=\"+t,e.setAttribute(\"data-secret\",t)),e.contentWindow.postMessage({message:\"ready\",secret:t},\"*\")},!1)))}(window,document);\n\/* ]]> *\/\n<\/script>\n","thumbnail_url":"https:\/\/epochtimestr.com\/wp-content\/uploads\/2011y\/20121111AW000008_01.jpg","thumbnail_width":492,"thumbnail_height":350,"description":"Manisa\u2019n\u0131n Soma \u0130l\u00e7esi\u2019nde, \u00f6zel bir k\u00f6m\u00fcr oca\u011f\u0131nda saat 21.40 s\u0131ralar\u0131nda\u00a0\u00e7\u0131kan yang\u0131nda 2\u2019si a\u011f\u0131r olmak \u00fczere 9 maden i\u015f\u00e7isi yaraland\u0131. Madencilikte toz yang\u0131n\u0131 olarak nitelendirilen yang\u0131nda alevlerin aras\u0131nda kalan i\u015f\u00e7iler \u00e7al\u0131\u015fma arkada\u015flar\u0131 taraf\u0131ndan kurtar\u0131ld\u0131. Yerin yakla\u015f\u0131k 250 metre alt\u0131ndaki bir galeride \u00e7\u0131kan yang\u0131n\u0131 s\u00f6nd\u00fcrmek i\u00e7in m\u00fcdahalede bulunan i\u015f\u00e7iler di\u011fer taraftan alevlerin olmad\u0131\u011f\u0131 b\u00f6lgede \u00e7al\u0131\u015fmalar\u0131n\u0131 s\u00fcrd\u00fcrmeye devam [&hellip;]"}