{"version":"1.0","provider_name":"The Epoch Times TR","provider_url":"https:\/\/epochtimestr.com","author_name":"D.Alk\u0131n","author_url":"https:\/\/epochtimestr.com\/index.php\/author\/derya","title":"Malataya'da Ramazan Davulcusuna Tepki, Gerginlik Yaratt\u0131 - The Epoch Times TR","type":"rich","width":600,"height":338,"html":"<blockquote class=\"wp-embedded-content\" data-secret=\"A00eFt7FUM\"><a href=\"https:\/\/epochtimestr.com\/index.php\/malatayada-ramazan-davulcusuna-tepki-gerginlik-yaratti\">Malataya&#8217;da Ramazan Davulcusuna Tepki, Gerginlik Yaratt\u0131<\/a><\/blockquote><iframe sandbox=\"allow-scripts\" security=\"restricted\" src=\"https:\/\/epochtimestr.com\/index.php\/malatayada-ramazan-davulcusuna-tepki-gerginlik-yaratti\/embed#?secret=A00eFt7FUM\" width=\"600\" height=\"338\" title=\"&#8220;Malataya&#8217;da Ramazan Davulcusuna Tepki, Gerginlik Yaratt\u0131&#8221; &#8212; The Epoch Times TR\" data-secret=\"A00eFt7FUM\" frameborder=\"0\" marginwidth=\"0\" marginheight=\"0\" scrolling=\"no\" class=\"wp-embedded-content\"><\/iframe><script type=\"text\/javascript\">\n\/* <![CDATA[ *\/\n\/*! This file is auto-generated *\/\n!function(d,l){\"use strict\";l.querySelector&&d.addEventListener&&\"undefined\"!=typeof URL&&(d.wp=d.wp||{},d.wp.receiveEmbedMessage||(d.wp.receiveEmbedMessage=function(e){var t=e.data;if((t||t.secret||t.message||t.value)&&!\/[^a-zA-Z0-9]\/.test(t.secret)){for(var s,r,n,a=l.querySelectorAll('iframe[data-secret=\"'+t.secret+'\"]'),o=l.querySelectorAll('blockquote[data-secret=\"'+t.secret+'\"]'),c=new RegExp(\"^https?:$\",\"i\"),i=0;i<o.length;i++)o[i].style.display=\"none\";for(i=0;i<a.length;i++)s=a[i],e.source===s.contentWindow&&(s.removeAttribute(\"style\"),\"height\"===t.message?(1e3<(r=parseInt(t.value,10))?r=1e3:~~r<200&&(r=200),s.height=r):\"link\"===t.message&&(r=new URL(s.getAttribute(\"src\")),n=new URL(t.value),c.test(n.protocol))&&n.host===r.host&&l.activeElement===s&&(d.top.location.href=t.value))}},d.addEventListener(\"message\",d.wp.receiveEmbedMessage,!1),l.addEventListener(\"DOMContentLoaded\",function(){for(var e,t,s=l.querySelectorAll(\"iframe.wp-embedded-content\"),r=0;r<s.length;r++)(t=(e=s[r]).getAttribute(\"data-secret\"))||(t=Math.random().toString(36).substring(2,12),e.src+=\"#?secret=\"+t,e.setAttribute(\"data-secret\",t)),e.contentWindow.postMessage({message:\"ready\",secret:t},\"*\")},!1)))}(window,document);\n\/* ]]> *\/\n<\/script>\n","thumbnail_url":"https:\/\/epochtimestr.com\/wp-content\/uploads\/2011y\/120729_mlt_hmedium.jpg","thumbnail_width":376,"thumbnail_height":244,"description":"Do\u011fan\u015fehir&#8217;de Sahurda Davulcuya Tepki Duyan Vatanda\u015f\u0131n Evine ve Ah\u0131r\u0131na\u00a0\u00a0Sald\u0131r\u0131 D\u00fczenlendi Malatya\u2019n\u0131n Do\u011fan\u015fehir \u0130l\u00e7esi\u2019nin S\u00fcrg\u00fc\u00a0 Beldesi\u2019nde sahurda alevi \u00a0ailelerin evinin \u00f6n\u00fcnde davul \u00e7al\u0131nmas\u0131na tepki g\u00f6stermesiyle ba\u015flayan gerginlik bu g\u00fcn de devam etti. \u0130ddiaya g\u00f6re beldede ya\u015fayan alevi ailelerin fertleri, \u00f6nceki g\u00fcn sahurda ramazan davulcusunun kap\u0131lar\u0131n\u0131n \u00f6n\u00fcnde davul \u00e7almas\u0131 \u00fczerine, \u2018Burada Davul \u00e7almay\u0131n\u2019 demeleri \u00fczerine davulcunun tepki [&hellip;]"}