{"version":"1.0","provider_name":"The Epoch Times TR","provider_url":"https:\/\/epochtimestr.com","author_name":"Ayfer K\u00f6kl\u00fc","author_url":"https:\/\/epochtimestr.com\/index.php\/author\/ayfer","title":"Mardin'de PKK May\u0131n Patlatt\u0131 Bir Askerimiz Yaraland\u0131 - The Epoch Times TR","type":"rich","width":600,"height":338,"html":"<blockquote class=\"wp-embedded-content\" data-secret=\"8nqdoefJ5j\"><a href=\"https:\/\/epochtimestr.com\/index.php\/mardinde-pkk-mayin-patlatti-bir-askerimiz-yaralandi\">Mardin&#8217;de PKK May\u0131n Patlatt\u0131 Bir Askerimiz Yaraland\u0131<\/a><\/blockquote><iframe sandbox=\"allow-scripts\" security=\"restricted\" src=\"https:\/\/epochtimestr.com\/index.php\/mardinde-pkk-mayin-patlatti-bir-askerimiz-yaralandi\/embed#?secret=8nqdoefJ5j\" width=\"600\" height=\"338\" title=\"&#8220;Mardin&#8217;de PKK May\u0131n Patlatt\u0131 Bir Askerimiz Yaraland\u0131&#8221; &#8212; The Epoch Times TR\" data-secret=\"8nqdoefJ5j\" frameborder=\"0\" marginwidth=\"0\" marginheight=\"0\" scrolling=\"no\" class=\"wp-embedded-content\"><\/iframe><script type=\"text\/javascript\">\n\/* <![CDATA[ *\/\n\/*! This file is auto-generated *\/\n!function(d,l){\"use strict\";l.querySelector&&d.addEventListener&&\"undefined\"!=typeof URL&&(d.wp=d.wp||{},d.wp.receiveEmbedMessage||(d.wp.receiveEmbedMessage=function(e){var t=e.data;if((t||t.secret||t.message||t.value)&&!\/[^a-zA-Z0-9]\/.test(t.secret)){for(var s,r,n,a=l.querySelectorAll('iframe[data-secret=\"'+t.secret+'\"]'),o=l.querySelectorAll('blockquote[data-secret=\"'+t.secret+'\"]'),c=new RegExp(\"^https?:$\",\"i\"),i=0;i<o.length;i++)o[i].style.display=\"none\";for(i=0;i<a.length;i++)s=a[i],e.source===s.contentWindow&&(s.removeAttribute(\"style\"),\"height\"===t.message?(1e3<(r=parseInt(t.value,10))?r=1e3:~~r<200&&(r=200),s.height=r):\"link\"===t.message&&(r=new URL(s.getAttribute(\"src\")),n=new URL(t.value),c.test(n.protocol))&&n.host===r.host&&l.activeElement===s&&(d.top.location.href=t.value))}},d.addEventListener(\"message\",d.wp.receiveEmbedMessage,!1),l.addEventListener(\"DOMContentLoaded\",function(){for(var e,t,s=l.querySelectorAll(\"iframe.wp-embedded-content\"),r=0;r<s.length;r++)(t=(e=s[r]).getAttribute(\"data-secret\"))||(t=Math.random().toString(36).substring(2,12),e.src+=\"#?secret=\"+t,e.setAttribute(\"data-secret\",t)),e.contentWindow.postMessage({message:\"ready\",secret:t},\"*\")},!1)))}(window,document);\n\/* ]]> *\/\n<\/script>\n","thumbnail_url":"https:\/\/epochtimestr.com\/wp-content\/uploads\/2011y\/patlama.jpg","thumbnail_width":594,"thumbnail_height":590,"description":"Mardin\u2019de PKK\u2019n\u0131n yola d\u00f6\u015fendi\u011fi may\u0131n\u0131n uzaktan kumandayla patlat\u0131lmas\u0131yla bir asker yaraland\u0131 Mardin&#8217;in Nusaybin \u0130l\u00e7esi ile Cizre aras\u0131ndaki \u0130pek Yolu&#8217;nun 34&#8217;\u00fcnc\u00fc kilometresindeki S\u00f6\u011f\u00fctl\u00fc K\u00f6y\u00fc yak\u0131nlar\u0131nda PKK&#8217;l\u0131 ter\u00f6ristler karayolu askeri konvoya bombal\u0131 tuzak kurdu Mardin\u2019de pkk taraf\u0131ndan yola d\u00f6\u015fenen may\u0131n\u0131n uzaktan kumanda ile patlat\u0131lmas\u0131yla bir askerimiz hafif yaraland\u0131. Mardin Valisi Turhan Ayvaz, yapt\u0131\u011f\u0131 a\u00e7\u0131klamada, Sultan k\u00f6y\u00fc yak\u0131nlar\u0131nda [&hellip;]"}