{"version":"1.0","provider_name":"The Epoch Times TR","provider_url":"https:\/\/epochtimestr.com","author_name":"D.Alk\u0131n","author_url":"https:\/\/epochtimestr.com\/index.php\/author\/derya","title":"Marmara Depremi 2014'te Mi Ger\u00e7ekle\u015fecek? - The Epoch Times TR","type":"rich","width":600,"height":338,"html":"<blockquote class=\"wp-embedded-content\" data-secret=\"v8VcMStR3r\"><a href=\"https:\/\/epochtimestr.com\/index.php\/marmara-depremi-2014te-mi-gerceklesecek\">Marmara Depremi 2014&#8217;te Mi Ger\u00e7ekle\u015fecek?<\/a><\/blockquote><iframe sandbox=\"allow-scripts\" security=\"restricted\" src=\"https:\/\/epochtimestr.com\/index.php\/marmara-depremi-2014te-mi-gerceklesecek\/embed#?secret=v8VcMStR3r\" width=\"600\" height=\"338\" title=\"&#8220;Marmara Depremi 2014&#8217;te Mi Ger\u00e7ekle\u015fecek?&#8221; &#8212; The Epoch Times TR\" data-secret=\"v8VcMStR3r\" frameborder=\"0\" marginwidth=\"0\" marginheight=\"0\" scrolling=\"no\" class=\"wp-embedded-content\"><\/iframe><script type=\"text\/javascript\">\n\/* <![CDATA[ *\/\n\/*! This file is auto-generated *\/\n!function(d,l){\"use strict\";l.querySelector&&d.addEventListener&&\"undefined\"!=typeof URL&&(d.wp=d.wp||{},d.wp.receiveEmbedMessage||(d.wp.receiveEmbedMessage=function(e){var t=e.data;if((t||t.secret||t.message||t.value)&&!\/[^a-zA-Z0-9]\/.test(t.secret)){for(var s,r,n,a=l.querySelectorAll('iframe[data-secret=\"'+t.secret+'\"]'),o=l.querySelectorAll('blockquote[data-secret=\"'+t.secret+'\"]'),c=new RegExp(\"^https?:$\",\"i\"),i=0;i<o.length;i++)o[i].style.display=\"none\";for(i=0;i<a.length;i++)s=a[i],e.source===s.contentWindow&&(s.removeAttribute(\"style\"),\"height\"===t.message?(1e3<(r=parseInt(t.value,10))?r=1e3:~~r<200&&(r=200),s.height=r):\"link\"===t.message&&(r=new URL(s.getAttribute(\"src\")),n=new URL(t.value),c.test(n.protocol))&&n.host===r.host&&l.activeElement===s&&(d.top.location.href=t.value))}},d.addEventListener(\"message\",d.wp.receiveEmbedMessage,!1),l.addEventListener(\"DOMContentLoaded\",function(){for(var e,t,s=l.querySelectorAll(\"iframe.wp-embedded-content\"),r=0;r<s.length;r++)(t=(e=s[r]).getAttribute(\"data-secret\"))||(t=Math.random().toString(36).substring(2,12),e.src+=\"#?secret=\"+t,e.setAttribute(\"data-secret\",t)),e.contentWindow.postMessage({message:\"ready\",secret:t},\"*\")},!1)))}(window,document);\n\/* ]]> *\/\n<\/script>\n","thumbnail_url":"https:\/\/epochtimestr.com\/wp-content\/uploads\/2011y\/deprem6.jpg","thumbnail_width":585,"thumbnail_height":397,"description":"Prof. Dr. Ahmet Mete I\u015f\u0131kara Olas\u0131 Marmara Depremi \u0130\u00e7in 2014 Y\u0131l\u0131n\u0131 \u00d6ng\u00f6rd\u00fc Kandilli Rasathanesi eski m\u00fcd\u00fcr\u00fc ve halen AHDER (Afete Haz\u0131rl\u0131k ve Deprem E\u011fitimi Derne\u011fi) Onursal Ba\u015fkan\u0131 olanProf. Dr. Ahmet Mete I\u015f\u0131kara olas\u0131l\u0131klardan yola \u00e7\u0131karak yapt\u0131\u011f\u0131 hesaplamaya g\u00f6re beklenen\u00a0\u00a0Marmara Depremi\u2019nin 2014 y\u0131l\u0131nda olabilece\u011fini \u00f6ng\u00f6rd\u00fc. I\u015f\u0131kara, \u2018\u2018Marmara\u2019da bir deprem tehlikesi var. Bir \u00f6ng\u00f6r\u00fcm var. \u0130\u015fte o [&hellip;]"}