{"version":"1.0","provider_name":"The Epoch Times TR","provider_url":"https:\/\/epochtimestr.com","author_name":"D.Alk\u0131n","author_url":"https:\/\/epochtimestr.com\/index.php\/author\/derya","title":"Mehmet A\u011far 5 Y\u0131l Hapse Mahkum Edildi  - The Epoch Times TR","type":"rich","width":600,"height":338,"html":"<blockquote class=\"wp-embedded-content\" data-secret=\"o5Mgayj3zU\"><a href=\"https:\/\/epochtimestr.com\/index.php\/mehmet-agar-5-yil-hapse-mahkum-edildi\">Mehmet A\u011far 5 Y\u0131l Hapse Mahkum Edildi<\/a><\/blockquote><iframe sandbox=\"allow-scripts\" security=\"restricted\" src=\"https:\/\/epochtimestr.com\/index.php\/mehmet-agar-5-yil-hapse-mahkum-edildi\/embed#?secret=o5Mgayj3zU\" width=\"600\" height=\"338\" title=\"&#8220;Mehmet A\u011far 5 Y\u0131l Hapse Mahkum Edildi&#8221; &#8212; The Epoch Times TR\" data-secret=\"o5Mgayj3zU\" frameborder=\"0\" marginwidth=\"0\" marginheight=\"0\" scrolling=\"no\" class=\"wp-embedded-content\"><\/iframe><script type=\"text\/javascript\">\n\/* <![CDATA[ *\/\n\/*! This file is auto-generated *\/\n!function(d,l){\"use strict\";l.querySelector&&d.addEventListener&&\"undefined\"!=typeof URL&&(d.wp=d.wp||{},d.wp.receiveEmbedMessage||(d.wp.receiveEmbedMessage=function(e){var t=e.data;if((t||t.secret||t.message||t.value)&&!\/[^a-zA-Z0-9]\/.test(t.secret)){for(var s,r,n,a=l.querySelectorAll('iframe[data-secret=\"'+t.secret+'\"]'),o=l.querySelectorAll('blockquote[data-secret=\"'+t.secret+'\"]'),c=new RegExp(\"^https?:$\",\"i\"),i=0;i<o.length;i++)o[i].style.display=\"none\";for(i=0;i<a.length;i++)s=a[i],e.source===s.contentWindow&&(s.removeAttribute(\"style\"),\"height\"===t.message?(1e3<(r=parseInt(t.value,10))?r=1e3:~~r<200&&(r=200),s.height=r):\"link\"===t.message&&(r=new URL(s.getAttribute(\"src\")),n=new URL(t.value),c.test(n.protocol))&&n.host===r.host&&l.activeElement===s&&(d.top.location.href=t.value))}},d.addEventListener(\"message\",d.wp.receiveEmbedMessage,!1),l.addEventListener(\"DOMContentLoaded\",function(){for(var e,t,s=l.querySelectorAll(\"iframe.wp-embedded-content\"),r=0;r<s.length;r++)(t=(e=s[r]).getAttribute(\"data-secret\"))||(t=Math.random().toString(36).substring(2,12),e.src+=\"#?secret=\"+t,e.setAttribute(\"data-secret\",t)),e.contentWindow.postMessage({message:\"ready\",secret:t},\"*\")},!1)))}(window,document);\n\/* ]]> *\/\n<\/script>\n","description":"Susurluk Davas\u0131 kapsam\u0131nda yarg\u0131lanan eski Emniyet Genel M\u00fcd\u00fcr\u00fc ve \u0130\u00e7i\u015fleri\u00a0 eski bakan\u0131 Mehmet A\u011far 5 y\u0131l hapis cezas\u0131 ald\u0131. A\u011far davada \u00f6rg\u00fct \u00fcyeli\u011fi ve \u00f6rg\u00fcte yard\u0131m su\u00e7lar\u0131yla yarg\u0131lan\u0131yordu. \u00a0Ankara 11. A\u011f\u0131r Ceza Mahkemesi\u2019nde g\u00f6r\u00fclen Emniyet Genel M\u00fcd\u00fcr\u00fc oldu\u011fu d\u00f6nemle ilgili \u2018\u2019C\u00fcr\u00fcm i\u015flemek i\u00e7in silahl\u0131 te\u015fekk\u00fcl olu\u015fturdu\u011fu\u2019\u2019 iddias\u0131 ile yarg\u0131land\u0131\u011f\u0131 davada 5 y\u0131l hapis cezas\u0131na \u00e7arpt\u0131r\u0131lmas\u0131na [&hellip;]","thumbnail_url":"http:\/\/epochtimestr.com\/wp-content\/uploads\/2011y\/mehmet-a%C4%9Far.jpg"}