{"version":"1.0","provider_name":"The Epoch Times TR","provider_url":"https:\/\/epochtimestr.com","author_name":"D.Alk\u0131n","author_url":"https:\/\/epochtimestr.com\/index.php\/author\/derya","title":"Memurlar\u0131n Mesai Saatleri De\u011fi\u015fiyor! - The Epoch Times TR","type":"rich","width":600,"height":338,"html":"<blockquote class=\"wp-embedded-content\" data-secret=\"Kmp7ejzT4q\"><a href=\"https:\/\/epochtimestr.com\/index.php\/memurlarin-mesai-saatleri-degisiyor\">Memurlar\u0131n Mesai Saatleri De\u011fi\u015fiyor!<\/a><\/blockquote><iframe sandbox=\"allow-scripts\" security=\"restricted\" src=\"https:\/\/epochtimestr.com\/index.php\/memurlarin-mesai-saatleri-degisiyor\/embed#?secret=Kmp7ejzT4q\" width=\"600\" height=\"338\" title=\"&#8220;Memurlar\u0131n Mesai Saatleri De\u011fi\u015fiyor!&#8221; &#8212; The Epoch Times TR\" data-secret=\"Kmp7ejzT4q\" frameborder=\"0\" marginwidth=\"0\" marginheight=\"0\" scrolling=\"no\" class=\"wp-embedded-content\"><\/iframe><script type=\"text\/javascript\">\n\/* <![CDATA[ *\/\n\/*! This file is auto-generated *\/\n!function(d,l){\"use strict\";l.querySelector&&d.addEventListener&&\"undefined\"!=typeof URL&&(d.wp=d.wp||{},d.wp.receiveEmbedMessage||(d.wp.receiveEmbedMessage=function(e){var t=e.data;if((t||t.secret||t.message||t.value)&&!\/[^a-zA-Z0-9]\/.test(t.secret)){for(var s,r,n,a=l.querySelectorAll('iframe[data-secret=\"'+t.secret+'\"]'),o=l.querySelectorAll('blockquote[data-secret=\"'+t.secret+'\"]'),c=new RegExp(\"^https?:$\",\"i\"),i=0;i<o.length;i++)o[i].style.display=\"none\";for(i=0;i<a.length;i++)s=a[i],e.source===s.contentWindow&&(s.removeAttribute(\"style\"),\"height\"===t.message?(1e3<(r=parseInt(t.value,10))?r=1e3:~~r<200&&(r=200),s.height=r):\"link\"===t.message&&(r=new URL(s.getAttribute(\"src\")),n=new URL(t.value),c.test(n.protocol))&&n.host===r.host&&l.activeElement===s&&(d.top.location.href=t.value))}},d.addEventListener(\"message\",d.wp.receiveEmbedMessage,!1),l.addEventListener(\"DOMContentLoaded\",function(){for(var e,t,s=l.querySelectorAll(\"iframe.wp-embedded-content\"),r=0;r<s.length;r++)(t=(e=s[r]).getAttribute(\"data-secret\"))||(t=Math.random().toString(36).substring(2,12),e.src+=\"#?secret=\"+t,e.setAttribute(\"data-secret\",t)),e.contentWindow.postMessage({message:\"ready\",secret:t},\"*\")},!1)))}(window,document);\n\/* ]]> *\/\n<\/script>\n","thumbnail_url":"https:\/\/epochtimestr.com\/wp-content\/uploads\/2011y\/mesai-saatleri.jpg","thumbnail_width":507,"thumbnail_height":338,"description":"Enerji Bakanl\u0131\u011f\u0131 Yaz Saati Uygulamas\u0131n\u0131 S\u00fcrekli K\u0131larak Mesai Saatlerini D\u00fczenlemeye Haz\u0131rlan\u0131yor Enerji ve Tabii Kaynaklar Bakan\u0131 Taner Y\u0131ld\u0131z, g\u00fcn \u0131\u015f\u0131\u011f\u0131ndan daha \u00e7ok yararlanmak ve enerji tasarrufu i\u00e7in kamuda mesai saatlerinde d\u00fczenleme yap\u0131lmas\u0131 \u00f6nerisini Bakanlar Kurulu\u2019na g\u00f6t\u00fcrmeye haz\u0131rlan\u0131yor. Yaz saati uygulamas\u0131n\u0131n s\u00fcrekli yap\u0131lmas\u0131 ve mesai saatlerinin 07.00-16.00 saatlerine al\u0131nmas\u0131yla \u00a0% 20 oran\u0131nda bir enerji tasarrufu sa\u011flanmas\u0131 [&hellip;]"}