{"version":"1.0","provider_name":"The Epoch Times TR","provider_url":"https:\/\/epochtimestr.com","author_name":"Bora Akdeniz","author_url":"https:\/\/epochtimestr.com\/index.php\/author\/bora","title":"Menderes T\u00fcrel:Olmayan Bir Olay Asla Bulunamaz - The Epoch Times TR","type":"rich","width":600,"height":338,"html":"<blockquote class=\"wp-embedded-content\" data-secret=\"10nfu3d5M9\"><a href=\"https:\/\/epochtimestr.com\/index.php\/menderes-turelolmayan-bir-olay-asla-bulunamaz\">Menderes T\u00fcrel:Olmayan Bir Olay Asla Bulunamaz<\/a><\/blockquote><iframe sandbox=\"allow-scripts\" security=\"restricted\" src=\"https:\/\/epochtimestr.com\/index.php\/menderes-turelolmayan-bir-olay-asla-bulunamaz\/embed#?secret=10nfu3d5M9\" width=\"600\" height=\"338\" title=\"&#8220;Menderes T\u00fcrel:Olmayan Bir Olay Asla Bulunamaz&#8221; &#8212; The Epoch Times TR\" data-secret=\"10nfu3d5M9\" frameborder=\"0\" marginwidth=\"0\" marginheight=\"0\" scrolling=\"no\" class=\"wp-embedded-content\"><\/iframe><script type=\"text\/javascript\">\n\/* <![CDATA[ *\/\n\/*! This file is auto-generated *\/\n!function(d,l){\"use strict\";l.querySelector&&d.addEventListener&&\"undefined\"!=typeof URL&&(d.wp=d.wp||{},d.wp.receiveEmbedMessage||(d.wp.receiveEmbedMessage=function(e){var t=e.data;if((t||t.secret||t.message||t.value)&&!\/[^a-zA-Z0-9]\/.test(t.secret)){for(var s,r,n,a=l.querySelectorAll('iframe[data-secret=\"'+t.secret+'\"]'),o=l.querySelectorAll('blockquote[data-secret=\"'+t.secret+'\"]'),c=new RegExp(\"^https?:$\",\"i\"),i=0;i<o.length;i++)o[i].style.display=\"none\";for(i=0;i<a.length;i++)s=a[i],e.source===s.contentWindow&&(s.removeAttribute(\"style\"),\"height\"===t.message?(1e3<(r=parseInt(t.value,10))?r=1e3:~~r<200&&(r=200),s.height=r):\"link\"===t.message&&(r=new URL(s.getAttribute(\"src\")),n=new URL(t.value),c.test(n.protocol))&&n.host===r.host&&l.activeElement===s&&(d.top.location.href=t.value))}},d.addEventListener(\"message\",d.wp.receiveEmbedMessage,!1),l.addEventListener(\"DOMContentLoaded\",function(){for(var e,t,s=l.querySelectorAll(\"iframe.wp-embedded-content\"),r=0;r<s.length;r++)(t=(e=s[r]).getAttribute(\"data-secret\"))||(t=Math.random().toString(36).substring(2,12),e.src+=\"#?secret=\"+t,e.setAttribute(\"data-secret\",t)),e.contentWindow.postMessage({message:\"ready\",secret:t},\"*\")},!1)))}(window,document);\n\/* ]]> *\/\n<\/script>\n","description":"Eski Antalya B\u00fcy\u00fck\u015fehir Belediyesi Ba\u015fkan\u0131 Menderes T\u00fcrel, Dan\u0131\u015ftay 1. Dairesi&#8217;nin kendisi ve 10 b\u00fcrokrat\u0131 hakk\u0131nda \u0130\u00e7i\u015fleri Bakanl\u0131\u011f\u0131&#8217;n\u0131n soru\u015fturma izni vermemesine y\u00f6nelik karar\u0131n\u0131 bozmas\u0131n\u0131 olumlu kar\u015f\u0131lad\u0131. Menderes T\u00fcrel, Antalya&#8217;da yay\u0131nlanan yerel bir gazetede Dan\u0131\u015ftay&#8217;\u0131n vermi\u015f oldu\u011fu bir karar ile ilgili &#8216;Dan\u0131\u015ftay \u015foku&#8217; konulu haber \u00fczerine a\u00e7\u0131klama yapt\u0131. Antalya B\u00fcy\u00fck\u015fehir Belediye Ba\u015fkanl\u0131\u011f\u0131 yapt\u0131\u011f\u0131 2009 y\u0131l\u0131n\u0131n ilk \u00fc\u00e7 [&hellip;]"}