{"version":"1.0","provider_name":"The Epoch Times TR","provider_url":"https:\/\/epochtimestr.com","author_name":"Haber Merkezi","author_url":"https:\/\/epochtimestr.com\/index.php\/author\/sendag","title":"Mente\u015fe'de 2 K\u00f6y Daha Bo\u015falt\u0131ld\u0131 - The Epoch Times TR","type":"rich","width":600,"height":338,"html":"<blockquote class=\"wp-embedded-content\" data-secret=\"DebfVOByFB\"><a href=\"https:\/\/epochtimestr.com\/index.php\/mentesede-2-koy-daha-bosaltildi\">Mente\u015fe&#8217;de 2 K\u00f6y Daha Bo\u015falt\u0131ld\u0131<\/a><\/blockquote><iframe sandbox=\"allow-scripts\" security=\"restricted\" src=\"https:\/\/epochtimestr.com\/index.php\/mentesede-2-koy-daha-bosaltildi\/embed#?secret=DebfVOByFB\" width=\"600\" height=\"338\" title=\"&#8220;Mente\u015fe&#8217;de 2 K\u00f6y Daha Bo\u015falt\u0131ld\u0131&#8221; &#8212; The Epoch Times TR\" data-secret=\"DebfVOByFB\" frameborder=\"0\" marginwidth=\"0\" marginheight=\"0\" scrolling=\"no\" class=\"wp-embedded-content\"><\/iframe><script type=\"text\/javascript\">\n\/* <![CDATA[ *\/\n\/*! This file is auto-generated *\/\n!function(d,l){\"use strict\";l.querySelector&&d.addEventListener&&\"undefined\"!=typeof URL&&(d.wp=d.wp||{},d.wp.receiveEmbedMessage||(d.wp.receiveEmbedMessage=function(e){var t=e.data;if((t||t.secret||t.message||t.value)&&!\/[^a-zA-Z0-9]\/.test(t.secret)){for(var s,r,n,a=l.querySelectorAll('iframe[data-secret=\"'+t.secret+'\"]'),o=l.querySelectorAll('blockquote[data-secret=\"'+t.secret+'\"]'),c=new RegExp(\"^https?:$\",\"i\"),i=0;i<o.length;i++)o[i].style.display=\"none\";for(i=0;i<a.length;i++)s=a[i],e.source===s.contentWindow&&(s.removeAttribute(\"style\"),\"height\"===t.message?(1e3<(r=parseInt(t.value,10))?r=1e3:~~r<200&&(r=200),s.height=r):\"link\"===t.message&&(r=new URL(s.getAttribute(\"src\")),n=new URL(t.value),c.test(n.protocol))&&n.host===r.host&&l.activeElement===s&&(d.top.location.href=t.value))}},d.addEventListener(\"message\",d.wp.receiveEmbedMessage,!1),l.addEventListener(\"DOMContentLoaded\",function(){for(var e,t,s=l.querySelectorAll(\"iframe.wp-embedded-content\"),r=0;r<s.length;r++)(t=(e=s[r]).getAttribute(\"data-secret\"))||(t=Math.random().toString(36).substring(2,12),e.src+=\"#?secret=\"+t,e.setAttribute(\"data-secret\",t)),e.contentWindow.postMessage({message:\"ready\",secret:t},\"*\")},!1)))}(window,document);\n\/* ]]> *\/\n<\/script>\n","thumbnail_url":"https:\/\/epochtimestr.com\/wp-content\/uploads\/2011y\/Mentese-yangin.png","thumbnail_width":1150,"thumbnail_height":770,"description":"Mu\u011fla&#8217;n\u0131n Kavakl\u0131dere il\u00e7esindeki ormanl\u0131k alanda iki g\u00fcn \u00f6nce ba\u015flayan yang\u0131n Mente\u015fe il\u00e7esine ula\u015ft\u0131. Mu\u011fla&#8217;n\u0131n Kavakl\u0131dere il\u00e7esi Mente\u015fe Mahallesi&#8217;ndeki ormanl\u0131k alanda iki g\u00fcn \u00f6nce ba\u015flayan yang\u0131n Mente\u015fe il\u00e7esine ula\u015ft\u0131. Alevlerin y\u00fcksek noktalarda gece boyunca etkisini g\u00f6sterdi. Yak\u0131n noktada bulunan \u015eenyayla k\u00f6y\u00fc sakinleri ise yang\u0131n\u0131n yerle\u015fim alan\u0131na yakla\u015fmas\u0131 ihtimaline kar\u015f\u0131 haz\u0131rl\u0131klar\u0131n\u0131 s\u00fcrd\u00fcrd\u00fc. Mente\u015fe Kaymakaml\u0131\u011f\u0131 koordinasyonunda olu\u015fturulan \u0130l\u00e7e [&hellip;]"}