{"version":"1.0","provider_name":"The Epoch Times TR","provider_url":"https:\/\/epochtimestr.com","author_name":"G.Hakan Ko\u00e7man","author_url":"https:\/\/epochtimestr.com\/index.php\/author\/hakan","title":"Mersin\u2019de Berkin Elvan i\u00e7in Tansiyon Y\u00fckseldi - The Epoch Times TR","type":"rich","width":600,"height":338,"html":"<blockquote class=\"wp-embedded-content\" data-secret=\"lio74IREAt\"><a href=\"https:\/\/epochtimestr.com\/index.php\/mersinde-berkin-evlan-icin-tansiyon-yukseldi\">Mersin\u2019de Berkin Elvan i\u00e7in Tansiyon Y\u00fckseldi<\/a><\/blockquote><iframe sandbox=\"allow-scripts\" security=\"restricted\" src=\"https:\/\/epochtimestr.com\/index.php\/mersinde-berkin-evlan-icin-tansiyon-yukseldi\/embed#?secret=lio74IREAt\" width=\"600\" height=\"338\" title=\"&#8220;Mersin\u2019de Berkin Elvan i\u00e7in Tansiyon Y\u00fckseldi&#8221; &#8212; The Epoch Times TR\" data-secret=\"lio74IREAt\" frameborder=\"0\" marginwidth=\"0\" marginheight=\"0\" scrolling=\"no\" class=\"wp-embedded-content\"><\/iframe><script type=\"text\/javascript\">\n\/* <![CDATA[ *\/\n\/*! This file is auto-generated *\/\n!function(d,l){\"use strict\";l.querySelector&&d.addEventListener&&\"undefined\"!=typeof URL&&(d.wp=d.wp||{},d.wp.receiveEmbedMessage||(d.wp.receiveEmbedMessage=function(e){var t=e.data;if((t||t.secret||t.message||t.value)&&!\/[^a-zA-Z0-9]\/.test(t.secret)){for(var s,r,n,a=l.querySelectorAll('iframe[data-secret=\"'+t.secret+'\"]'),o=l.querySelectorAll('blockquote[data-secret=\"'+t.secret+'\"]'),c=new RegExp(\"^https?:$\",\"i\"),i=0;i<o.length;i++)o[i].style.display=\"none\";for(i=0;i<a.length;i++)s=a[i],e.source===s.contentWindow&&(s.removeAttribute(\"style\"),\"height\"===t.message?(1e3<(r=parseInt(t.value,10))?r=1e3:~~r<200&&(r=200),s.height=r):\"link\"===t.message&&(r=new URL(s.getAttribute(\"src\")),n=new URL(t.value),c.test(n.protocol))&&n.host===r.host&&l.activeElement===s&&(d.top.location.href=t.value))}},d.addEventListener(\"message\",d.wp.receiveEmbedMessage,!1),l.addEventListener(\"DOMContentLoaded\",function(){for(var e,t,s=l.querySelectorAll(\"iframe.wp-embedded-content\"),r=0;r<s.length;r++)(t=(e=s[r]).getAttribute(\"data-secret\"))||(t=Math.random().toString(36).substring(2,12),e.src+=\"#?secret=\"+t,e.setAttribute(\"data-secret\",t)),e.contentWindow.postMessage({message:\"ready\",secret:t},\"*\")},!1)))}(window,document);\n\/* ]]> *\/\n<\/script>\n","thumbnail_url":"https:\/\/epochtimestr.com\/wp-content\/uploads\/2011y\/IMG_3549.jpg","thumbnail_width":1024,"thumbnail_height":683,"description":"Berkin Evlan&#8217;\u0131n \u00f6l\u00fcm\u00fcn\u00fc protesto etmek amac\u0131yla saat 19.00 civar\u0131nda Mersin Forum AVM \u00f6n\u00fcnde toplanan yakla\u015f\u0131k 2 bin ki\u015filik grup\u00a0\u015fehrin en i\u015flek caddesi olan Gazi Mustafa Kemal\u00a0(GMK) Bulvar\u0131 \u00fczerinden AK Parti Yeni\u015fehir \u0130l\u00e7e binas\u0131na do\u011fru y\u00fcr\u00fcy\u00fc\u015fe ge\u00e7ince ortal\u0131k kar\u0131\u015ft\u0131. Grup GMK Bulvar\u0131 \u00fczerinden sloganlar atarak \u00fcst ge\u00e7ide kadar geldi. AKP Yeni\u015fehir \u0130l\u00e7e Binas\u0131\u2019na do\u011fru y\u00f6neldiklerinde kalabal\u0131k [&hellip;]"}