{"version":"1.0","provider_name":"The Epoch Times TR","provider_url":"https:\/\/epochtimestr.com","author_name":"G.Hakan Ko\u00e7man","author_url":"https:\/\/epochtimestr.com\/index.php\/author\/hakan","title":"Mersin\u2019de h\u00fckumet kar\u015f\u0131t\u0131 protestolar devam ediyor  - The Epoch Times TR","type":"rich","width":600,"height":338,"html":"<blockquote class=\"wp-embedded-content\" data-secret=\"xjhCGY8XiC\"><a href=\"https:\/\/epochtimestr.com\/index.php\/mersinde-hukumet-karsiti-protestolar-devam-ediyor\">Mersin\u2019de h\u00fckumet kar\u015f\u0131t\u0131 protestolar devam ediyor<\/a><\/blockquote><iframe sandbox=\"allow-scripts\" security=\"restricted\" src=\"https:\/\/epochtimestr.com\/index.php\/mersinde-hukumet-karsiti-protestolar-devam-ediyor\/embed#?secret=xjhCGY8XiC\" width=\"600\" height=\"338\" title=\"&#8220;Mersin\u2019de h\u00fckumet kar\u015f\u0131t\u0131 protestolar devam ediyor&#8221; &#8212; The Epoch Times TR\" data-secret=\"xjhCGY8XiC\" frameborder=\"0\" marginwidth=\"0\" marginheight=\"0\" scrolling=\"no\" class=\"wp-embedded-content\"><\/iframe><script type=\"text\/javascript\">\n\/* <![CDATA[ *\/\n\/*! This file is auto-generated *\/\n!function(d,l){\"use strict\";l.querySelector&&d.addEventListener&&\"undefined\"!=typeof URL&&(d.wp=d.wp||{},d.wp.receiveEmbedMessage||(d.wp.receiveEmbedMessage=function(e){var t=e.data;if((t||t.secret||t.message||t.value)&&!\/[^a-zA-Z0-9]\/.test(t.secret)){for(var s,r,n,a=l.querySelectorAll('iframe[data-secret=\"'+t.secret+'\"]'),o=l.querySelectorAll('blockquote[data-secret=\"'+t.secret+'\"]'),c=new RegExp(\"^https?:$\",\"i\"),i=0;i<o.length;i++)o[i].style.display=\"none\";for(i=0;i<a.length;i++)s=a[i],e.source===s.contentWindow&&(s.removeAttribute(\"style\"),\"height\"===t.message?(1e3<(r=parseInt(t.value,10))?r=1e3:~~r<200&&(r=200),s.height=r):\"link\"===t.message&&(r=new URL(s.getAttribute(\"src\")),n=new URL(t.value),c.test(n.protocol))&&n.host===r.host&&l.activeElement===s&&(d.top.location.href=t.value))}},d.addEventListener(\"message\",d.wp.receiveEmbedMessage,!1),l.addEventListener(\"DOMContentLoaded\",function(){for(var e,t,s=l.querySelectorAll(\"iframe.wp-embedded-content\"),r=0;r<s.length;r++)(t=(e=s[r]).getAttribute(\"data-secret\"))||(t=Math.random().toString(36).substring(2,12),e.src+=\"#?secret=\"+t,e.setAttribute(\"data-secret\",t)),e.contentWindow.postMessage({message:\"ready\",secret:t},\"*\")},!1)))}(window,document);\n\/* ]]> *\/\n<\/script>\n","thumbnail_url":"https:\/\/epochtimestr.com\/wp-content\/uploads\/2011y\/Mersin-protesto.jpg","thumbnail_width":1024,"thumbnail_height":683,"description":"Mersin\u2019de d\u00fcn gece itibariyle Gezi Park\u0131\u2019na destek amac\u0131yla ba\u015flayan ve daha sonra h\u00fck\u00fcmete kar\u015f\u0131 protestolara d\u00f6n\u00fc\u015fen eylemler devam etti. Protestolar\u0131n ba\u015flamas\u0131n\u0131n 18. g\u00fcn\u00fcnde Mersin Bar\u0131\u015f Meydan\u0131\u2019nda kurulan \u00e7ad\u0131r kentte ya\u015fayan protestocular eylemlerine devam etti. Meydanda toplanan yakla\u015f\u0131k 100 ki\u015filik grup ellerinde \u00fczerinde \u2018Diren Taksim, Diren Gezi Park\u0131, Diren Mersin\u2019 yazan bez afi\u015fle y\u00fcr\u00fcy\u00fc\u015fe ge\u00e7ti. Daha [&hellip;]"}