{"version":"1.0","provider_name":"The Epoch Times TR","provider_url":"https:\/\/epochtimestr.com","author_name":"G.Hakan Ko\u00e7man","author_url":"https:\/\/epochtimestr.com\/index.php\/author\/hakan","title":"Mersin'de 'T\u00fcrkiye Suriye Karde\u015ftir' protestosu - The Epoch Times TR","type":"rich","width":600,"height":338,"html":"<blockquote class=\"wp-embedded-content\" data-secret=\"1zRzohr1KJ\"><a href=\"https:\/\/epochtimestr.com\/index.php\/mersinde-turkiye-suriye-kardestir-protestosu\">Mersin&#8217;de &#8216;T\u00fcrkiye Suriye Karde\u015ftir&#8217; protestosu<\/a><\/blockquote><iframe sandbox=\"allow-scripts\" security=\"restricted\" src=\"https:\/\/epochtimestr.com\/index.php\/mersinde-turkiye-suriye-kardestir-protestosu\/embed#?secret=1zRzohr1KJ\" width=\"600\" height=\"338\" title=\"&#8220;Mersin&#8217;de &#8216;T\u00fcrkiye Suriye Karde\u015ftir&#8217; protestosu&#8221; &#8212; The Epoch Times TR\" data-secret=\"1zRzohr1KJ\" frameborder=\"0\" marginwidth=\"0\" marginheight=\"0\" scrolling=\"no\" class=\"wp-embedded-content\"><\/iframe><script type=\"text\/javascript\">\n\/* <![CDATA[ *\/\n\/*! This file is auto-generated *\/\n!function(d,l){\"use strict\";l.querySelector&&d.addEventListener&&\"undefined\"!=typeof URL&&(d.wp=d.wp||{},d.wp.receiveEmbedMessage||(d.wp.receiveEmbedMessage=function(e){var t=e.data;if((t||t.secret||t.message||t.value)&&!\/[^a-zA-Z0-9]\/.test(t.secret)){for(var s,r,n,a=l.querySelectorAll('iframe[data-secret=\"'+t.secret+'\"]'),o=l.querySelectorAll('blockquote[data-secret=\"'+t.secret+'\"]'),c=new RegExp(\"^https?:$\",\"i\"),i=0;i<o.length;i++)o[i].style.display=\"none\";for(i=0;i<a.length;i++)s=a[i],e.source===s.contentWindow&&(s.removeAttribute(\"style\"),\"height\"===t.message?(1e3<(r=parseInt(t.value,10))?r=1e3:~~r<200&&(r=200),s.height=r):\"link\"===t.message&&(r=new URL(s.getAttribute(\"src\")),n=new URL(t.value),c.test(n.protocol))&&n.host===r.host&&l.activeElement===s&&(d.top.location.href=t.value))}},d.addEventListener(\"message\",d.wp.receiveEmbedMessage,!1),l.addEventListener(\"DOMContentLoaded\",function(){for(var e,t,s=l.querySelectorAll(\"iframe.wp-embedded-content\"),r=0;r<s.length;r++)(t=(e=s[r]).getAttribute(\"data-secret\"))||(t=Math.random().toString(36).substring(2,12),e.src+=\"#?secret=\"+t,e.setAttribute(\"data-secret\",t)),e.contentWindow.postMessage({message:\"ready\",secret:t},\"*\")},!1)))}(window,document);\n\/* ]]> *\/\n<\/script>\n","thumbnail_url":"https:\/\/epochtimestr.com\/wp-content\/uploads\/2011y\/tgb1.jpg","thumbnail_width":1024,"thumbnail_height":683,"description":"&nbsp; Mersin\u2019de T\u00fcrkiye Gen\u00e7lik Birli\u011fi(TGB), \u0130\u015f\u00e7i Partisi, CHP il \u00f6rg\u00fct\u00fc ve \u00e7e\u015fitli STKlar bir araya gelerek Ak Parti\u2019nin Suriye politikas\u0131n\u0131 ele\u015ftirerek \u2018Sava\u015fa Hay\u0131r\u2019 protestosu ger\u00e7ekle\u015ftirdiler.\u00a0 Mersin Atat\u00fcrk Caddesi\u2019nde bulu\u015fan yakla\u015f\u0131k 150 ki\u015filik eylemci grubu ad\u0131na CHP Mersin \u0130l Ba\u015fkan\u0131 Faruk Akar, \u0130\u015f\u00e7i Partisi \u0130l Ba\u015fkan\u0131 \u015e\u00fckran Akal ve TGB Mersin \u0130l Ba\u015fkan\u0131 G\u00f6k\u00e7e Bostanc\u0131 konu\u015fma [&hellip;]"}