{"version":"1.0","provider_name":"The Epoch Times TR","provider_url":"https:\/\/epochtimestr.com","author_name":"\u00c7.Akdeniz","author_url":"https:\/\/epochtimestr.com\/index.php\/author\/cigdem","title":"Mesud Barzani, B\u00f6lgede \u0130kinci E\u015fi Yasaklad\u0131   - The Epoch Times TR","type":"rich","width":600,"height":338,"html":"<blockquote class=\"wp-embedded-content\" data-secret=\"c1qFCRp1bv\"><a href=\"https:\/\/epochtimestr.com\/index.php\/mesud-barzani-bolgede-ikinci-esi-yasakladi\">Mesud Barzani, B\u00f6lgede \u0130kinci E\u015fi Yasaklad\u0131<\/a><\/blockquote><iframe sandbox=\"allow-scripts\" security=\"restricted\" src=\"https:\/\/epochtimestr.com\/index.php\/mesud-barzani-bolgede-ikinci-esi-yasakladi\/embed#?secret=c1qFCRp1bv\" width=\"600\" height=\"338\" title=\"&#8220;Mesud Barzani, B\u00f6lgede \u0130kinci E\u015fi Yasaklad\u0131&#8221; &#8212; The Epoch Times TR\" data-secret=\"c1qFCRp1bv\" frameborder=\"0\" marginwidth=\"0\" marginheight=\"0\" scrolling=\"no\" class=\"wp-embedded-content\"><\/iframe><script type=\"text\/javascript\">\n\/* <![CDATA[ *\/\n\/*! This file is auto-generated *\/\n!function(d,l){\"use strict\";l.querySelector&&d.addEventListener&&\"undefined\"!=typeof URL&&(d.wp=d.wp||{},d.wp.receiveEmbedMessage||(d.wp.receiveEmbedMessage=function(e){var t=e.data;if((t||t.secret||t.message||t.value)&&!\/[^a-zA-Z0-9]\/.test(t.secret)){for(var s,r,n,a=l.querySelectorAll('iframe[data-secret=\"'+t.secret+'\"]'),o=l.querySelectorAll('blockquote[data-secret=\"'+t.secret+'\"]'),c=new RegExp(\"^https?:$\",\"i\"),i=0;i<o.length;i++)o[i].style.display=\"none\";for(i=0;i<a.length;i++)s=a[i],e.source===s.contentWindow&&(s.removeAttribute(\"style\"),\"height\"===t.message?(1e3<(r=parseInt(t.value,10))?r=1e3:~~r<200&&(r=200),s.height=r):\"link\"===t.message&&(r=new URL(s.getAttribute(\"src\")),n=new URL(t.value),c.test(n.protocol))&&n.host===r.host&&l.activeElement===s&&(d.top.location.href=t.value))}},d.addEventListener(\"message\",d.wp.receiveEmbedMessage,!1),l.addEventListener(\"DOMContentLoaded\",function(){for(var e,t,s=l.querySelectorAll(\"iframe.wp-embedded-content\"),r=0;r<s.length;r++)(t=(e=s[r]).getAttribute(\"data-secret\"))||(t=Math.random().toString(36).substring(2,12),e.src+=\"#?secret=\"+t,e.setAttribute(\"data-secret\",t)),e.contentWindow.postMessage({message:\"ready\",secret:t},\"*\")},!1)))}(window,document);\n\/* ]]> *\/\n<\/script>\n","description":"ERB\u0130L &#8211; Irak\u2019\u0131n kuzeyindeki B\u00f6lgesel K\u00fcrt Y\u00f6netimi Ba\u015fkan\u0131 ve K\u00fcrdistan Demokrat Partisi (KDP) Genel Ba\u015fkan\u0131 Mesud Barzani, iki e\u015f sahibi ki\u015filerin KDP\u2019nin bir sonraki kongresinde aday olamayaca\u011f\u0131 belirterek b\u00f6lgede \u00e7ok e\u015fli\u011finin kald\u0131r\u0131lmas\u0131 i\u00e7in ilk ad\u0131m\u0131 att\u0131. De\u011fi\u015fim slogan\u0131yla yap\u0131lan KDP\u2019nin 13\u2019\u00fcnc\u00fc kongresinde yeniden Ba\u015fkan olarak se\u00e7ilen Mesut Barzani, de\u011fi\u015fime ilk olarak \u00e7ok e\u015flilikten ba\u015flad\u0131. Konuyla [&hellip;]","thumbnail_url":"http:\/\/www.epochtimestr.com\/wp-content\/uploads\/2010\/aralik\/MDA0Njk0MzEzNDIuanBn.jpg"}