{"version":"1.0","provider_name":"The Epoch Times TR","provider_url":"https:\/\/epochtimestr.com","author_name":"S.\u015eener","author_url":"https:\/\/epochtimestr.com\/index.php\/author\/semra","title":"Meteoroloji Uyard\u0131: \u0130zlanda K\u00f6kenli Kar Geliyor - The Epoch Times TR","type":"rich","width":600,"height":338,"html":"<blockquote class=\"wp-embedded-content\" data-secret=\"HmyAuE3qPe\"><a href=\"https:\/\/epochtimestr.com\/index.php\/meteoroloji-uyardi-izlanda-kokenli-kar-geliyor\">Meteoroloji  Uyard\u0131:  \u0130zlanda K\u00f6kenli Kar Geliyor<\/a><\/blockquote><iframe sandbox=\"allow-scripts\" security=\"restricted\" src=\"https:\/\/epochtimestr.com\/index.php\/meteoroloji-uyardi-izlanda-kokenli-kar-geliyor\/embed#?secret=HmyAuE3qPe\" width=\"600\" height=\"338\" title=\"&#8220;Meteoroloji  Uyard\u0131:  \u0130zlanda K\u00f6kenli Kar Geliyor&#8221; &#8212; The Epoch Times TR\" data-secret=\"HmyAuE3qPe\" frameborder=\"0\" marginwidth=\"0\" marginheight=\"0\" scrolling=\"no\" class=\"wp-embedded-content\"><\/iframe><script type=\"text\/javascript\">\n\/* <![CDATA[ *\/\n\/*! This file is auto-generated *\/\n!function(d,l){\"use strict\";l.querySelector&&d.addEventListener&&\"undefined\"!=typeof URL&&(d.wp=d.wp||{},d.wp.receiveEmbedMessage||(d.wp.receiveEmbedMessage=function(e){var t=e.data;if((t||t.secret||t.message||t.value)&&!\/[^a-zA-Z0-9]\/.test(t.secret)){for(var s,r,n,a=l.querySelectorAll('iframe[data-secret=\"'+t.secret+'\"]'),o=l.querySelectorAll('blockquote[data-secret=\"'+t.secret+'\"]'),c=new RegExp(\"^https?:$\",\"i\"),i=0;i<o.length;i++)o[i].style.display=\"none\";for(i=0;i<a.length;i++)s=a[i],e.source===s.contentWindow&&(s.removeAttribute(\"style\"),\"height\"===t.message?(1e3<(r=parseInt(t.value,10))?r=1e3:~~r<200&&(r=200),s.height=r):\"link\"===t.message&&(r=new URL(s.getAttribute(\"src\")),n=new URL(t.value),c.test(n.protocol))&&n.host===r.host&&l.activeElement===s&&(d.top.location.href=t.value))}},d.addEventListener(\"message\",d.wp.receiveEmbedMessage,!1),l.addEventListener(\"DOMContentLoaded\",function(){for(var e,t,s=l.querySelectorAll(\"iframe.wp-embedded-content\"),r=0;r<s.length;r++)(t=(e=s[r]).getAttribute(\"data-secret\"))||(t=Math.random().toString(36).substring(2,12),e.src+=\"#?secret=\"+t,e.setAttribute(\"data-secret\",t)),e.contentWindow.postMessage({message:\"ready\",secret:t},\"*\")},!1)))}(window,document);\n\/* ]]> *\/\n<\/script>\n","thumbnail_url":"https:\/\/epochtimestr.com\/wp-content\/uploads\/2011y\/k\u0131\u015f.jpg","thumbnail_width":500,"thumbnail_height":375,"description":"Meteoroloji Genel M\u00fcd\u00fcrl\u00fc\u011f\u00fcnden yap\u0131lan a\u00e7\u0131klamaya g\u00f6re ; Akdeniz K\u0131y\u0131 kesimi ile Adana, Hatay, Osmaniye \u00e7evrelerinde kuvvetli sa\u011fanak ve g\u00f6kg\u00fcr\u00fclt\u00fcl\u00fc sa\u011fanak, G\u00f6ller Y\u00f6resi ile K\u0131rklareli \u00e7evrelerinde kuvvetli ya\u011fmur ve karla kar\u0131\u015f\u0131k ya\u011fmur \u015feklinde olmas\u0131 beklendi\u011finden ya\u015fanabilecek olumsuzluklara (Ani sel, su bask\u0131n\u0131, ula\u015f\u0131mda aksamalar vb.) kar\u015f\u0131 ilgililerin ve vatanda\u015flar\u0131n dikkatli ve tedbirli olmas\u0131 gerekmektedir. Kar ya\u011f\u0131\u015f\u0131n\u0131n G\u00fcneydo\u011fu [&hellip;]"}