{"version":"1.0","provider_name":"The Epoch Times TR","provider_url":"https:\/\/epochtimestr.com","author_name":"Haber Merkezi","author_url":"https:\/\/epochtimestr.com\/index.php\/author\/sendag","title":"Meteoroloji Uyard\u0131 Kar Geliyor - The Epoch Times TR","type":"rich","width":600,"height":338,"html":"<blockquote class=\"wp-embedded-content\" data-secret=\"sMoEmsWfHX\"><a href=\"https:\/\/epochtimestr.com\/index.php\/meteoroloji-uyardi-kar-geliyor\">Meteoroloji Uyard\u0131 Kar Geliyor<\/a><\/blockquote><iframe sandbox=\"allow-scripts\" security=\"restricted\" src=\"https:\/\/epochtimestr.com\/index.php\/meteoroloji-uyardi-kar-geliyor\/embed#?secret=sMoEmsWfHX\" width=\"600\" height=\"338\" title=\"&#8220;Meteoroloji Uyard\u0131 Kar Geliyor&#8221; &#8212; The Epoch Times TR\" data-secret=\"sMoEmsWfHX\" frameborder=\"0\" marginwidth=\"0\" marginheight=\"0\" scrolling=\"no\" class=\"wp-embedded-content\"><\/iframe><script type=\"text\/javascript\">\n\/* <![CDATA[ *\/\n\/*! This file is auto-generated *\/\n!function(d,l){\"use strict\";l.querySelector&&d.addEventListener&&\"undefined\"!=typeof URL&&(d.wp=d.wp||{},d.wp.receiveEmbedMessage||(d.wp.receiveEmbedMessage=function(e){var t=e.data;if((t||t.secret||t.message||t.value)&&!\/[^a-zA-Z0-9]\/.test(t.secret)){for(var s,r,n,a=l.querySelectorAll('iframe[data-secret=\"'+t.secret+'\"]'),o=l.querySelectorAll('blockquote[data-secret=\"'+t.secret+'\"]'),c=new RegExp(\"^https?:$\",\"i\"),i=0;i<o.length;i++)o[i].style.display=\"none\";for(i=0;i<a.length;i++)s=a[i],e.source===s.contentWindow&&(s.removeAttribute(\"style\"),\"height\"===t.message?(1e3<(r=parseInt(t.value,10))?r=1e3:~~r<200&&(r=200),s.height=r):\"link\"===t.message&&(r=new URL(s.getAttribute(\"src\")),n=new URL(t.value),c.test(n.protocol))&&n.host===r.host&&l.activeElement===s&&(d.top.location.href=t.value))}},d.addEventListener(\"message\",d.wp.receiveEmbedMessage,!1),l.addEventListener(\"DOMContentLoaded\",function(){for(var e,t,s=l.querySelectorAll(\"iframe.wp-embedded-content\"),r=0;r<s.length;r++)(t=(e=s[r]).getAttribute(\"data-secret\"))||(t=Math.random().toString(36).substring(2,12),e.src+=\"#?secret=\"+t,e.setAttribute(\"data-secret\",t)),e.contentWindow.postMessage({message:\"ready\",secret:t},\"*\")},!1)))}(window,document);\n\/* ]]> *\/\n<\/script>\n","thumbnail_url":"https:\/\/epochtimestr.com\/wp-content\/uploads\/2011y\/kar.jpg","thumbnail_width":664,"thumbnail_height":354,"description":"Do\u011fu Anadolu B\u00f6lgesinde hava s\u0131cakl\u0131\u011f\u0131n\u0131n 2-4 derece d\u00fc\u015fmesiyle birlikte kar ya\u011f\u0131\u015f\u0131 bekleniyor. Meteoroloji 12. B\u00f6lge M\u00fcd\u00fcrl\u00fc\u011f\u00fc&#8217;nden al\u0131nan bilgilere g\u00f6re, b\u00f6lge genelindeki havan\u0131n sabah saatlerinde az bulutlu ve a\u00e7\u0131k, zamanla par\u00e7al\u0131, kuzey ve kuzey do\u011fu kesimlerinin \u00e7ok bulutlu, ak\u015fam saatlerinden sonra Ardahan \u00e7evrelerinin ya\u011fmur, karla kar\u0131\u015f\u0131k ya\u011fmur ve kar ya\u011f\u0131\u015fl\u0131 ge\u00e7ece\u011fi tahmin ediliyor. S\u0131cakl\u0131\u011f\u0131n 2 &#8211; [&hellip;]"}