{"version":"1.0","provider_name":"The Epoch Times TR","provider_url":"https:\/\/epochtimestr.com","author_name":"Haber Merkezi","author_url":"https:\/\/epochtimestr.com\/index.php\/author\/sendag","title":"Meteoroloji'den 11 \u0130l \u0130\u00e7in Kritik Uyar\u0131 - The Epoch Times TR","type":"rich","width":600,"height":338,"html":"<blockquote class=\"wp-embedded-content\" data-secret=\"g4S91He6Iz\"><a href=\"https:\/\/epochtimestr.com\/index.php\/meteorolojiden-11-il-icin-kritik-uyari\">Meteoroloji&#8217;den 11 \u0130l \u0130\u00e7in Kritik Uyar\u0131<\/a><\/blockquote><iframe sandbox=\"allow-scripts\" security=\"restricted\" src=\"https:\/\/epochtimestr.com\/index.php\/meteorolojiden-11-il-icin-kritik-uyari\/embed#?secret=g4S91He6Iz\" width=\"600\" height=\"338\" title=\"&#8220;Meteoroloji&#8217;den 11 \u0130l \u0130\u00e7in Kritik Uyar\u0131&#8221; &#8212; The Epoch Times TR\" data-secret=\"g4S91He6Iz\" frameborder=\"0\" marginwidth=\"0\" marginheight=\"0\" scrolling=\"no\" class=\"wp-embedded-content\"><\/iframe><script type=\"text\/javascript\">\n\/* <![CDATA[ *\/\n\/*! This file is auto-generated *\/\n!function(d,l){\"use strict\";l.querySelector&&d.addEventListener&&\"undefined\"!=typeof URL&&(d.wp=d.wp||{},d.wp.receiveEmbedMessage||(d.wp.receiveEmbedMessage=function(e){var t=e.data;if((t||t.secret||t.message||t.value)&&!\/[^a-zA-Z0-9]\/.test(t.secret)){for(var s,r,n,a=l.querySelectorAll('iframe[data-secret=\"'+t.secret+'\"]'),o=l.querySelectorAll('blockquote[data-secret=\"'+t.secret+'\"]'),c=new RegExp(\"^https?:$\",\"i\"),i=0;i<o.length;i++)o[i].style.display=\"none\";for(i=0;i<a.length;i++)s=a[i],e.source===s.contentWindow&&(s.removeAttribute(\"style\"),\"height\"===t.message?(1e3<(r=parseInt(t.value,10))?r=1e3:~~r<200&&(r=200),s.height=r):\"link\"===t.message&&(r=new URL(s.getAttribute(\"src\")),n=new URL(t.value),c.test(n.protocol))&&n.host===r.host&&l.activeElement===s&&(d.top.location.href=t.value))}},d.addEventListener(\"message\",d.wp.receiveEmbedMessage,!1),l.addEventListener(\"DOMContentLoaded\",function(){for(var e,t,s=l.querySelectorAll(\"iframe.wp-embedded-content\"),r=0;r<s.length;r++)(t=(e=s[r]).getAttribute(\"data-secret\"))||(t=Math.random().toString(36).substring(2,12),e.src+=\"#?secret=\"+t,e.setAttribute(\"data-secret\",t)),e.contentWindow.postMessage({message:\"ready\",secret:t},\"*\")},!1)))}(window,document);\n\/* ]]> *\/\n<\/script>\n","thumbnail_url":"https:\/\/epochtimestr.com\/wp-content\/uploads\/2011y\/ya\u011fmur-1.jpg","thumbnail_width":664,"thumbnail_height":354,"description":"Meteoroloji Genel M\u00fcd\u00fcrl\u00fc\u011f\u00fcnden yap\u0131lan a\u00e7\u0131klamaya g\u00f6re, 11 ilde baz\u0131 b\u00f6lgelerde yar\u0131n sabah saatlerinden itibaren kuvvetli ve yer yer \u00e7ok kuvvetli ya\u011f\u0131\u015flar etkili olacak. Genel M\u00fcd\u00fcrl\u00fckten yap\u0131lan a\u00e7\u0131klamada, yar\u0131n sabah saatlerinden itibaren Edirne, K\u0131rklareli ve Tekirda\u011f&#8217;da yer yer g\u00f6k g\u00fcr\u00fclt\u00fcl\u00fc kuvvetli sa\u011fanak beklendi\u011fi belirtildi. Antalya&#8217;n\u0131n do\u011fusunda aral\u0131klarla g\u00f6r\u00fclecek sa\u011fanak ve yer yer g\u00f6k g\u00fcr\u00fclt\u00fcl\u00fc sa\u011fana\u011f\u0131n \u0130brad\u0131, [&hellip;]"}