{"version":"1.0","provider_name":"The Epoch Times TR","provider_url":"https:\/\/epochtimestr.com","author_name":"D.Alk\u0131n","author_url":"https:\/\/epochtimestr.com\/index.php\/author\/derya","title":"MHP, \u015eemdinli'deki Kucakla\u015fmay\u0131, Meclise Ta\u015f\u0131yor - The Epoch Times TR","type":"rich","width":600,"height":338,"html":"<blockquote class=\"wp-embedded-content\" data-secret=\"chdBKEpynn\"><a href=\"https:\/\/epochtimestr.com\/index.php\/mhp-semdinlideki-kucaklasmayi-meclise-tasiyor\">MHP, \u015eemdinli&#8217;deki Kucakla\u015fmay\u0131, Meclise Ta\u015f\u0131yor<\/a><\/blockquote><iframe sandbox=\"allow-scripts\" security=\"restricted\" src=\"https:\/\/epochtimestr.com\/index.php\/mhp-semdinlideki-kucaklasmayi-meclise-tasiyor\/embed#?secret=chdBKEpynn\" width=\"600\" height=\"338\" title=\"&#8220;MHP, \u015eemdinli&#8217;deki Kucakla\u015fmay\u0131, Meclise Ta\u015f\u0131yor&#8221; &#8212; The Epoch Times TR\" data-secret=\"chdBKEpynn\" frameborder=\"0\" marginwidth=\"0\" marginheight=\"0\" scrolling=\"no\" class=\"wp-embedded-content\"><\/iframe><script type=\"text\/javascript\">\n\/* <![CDATA[ *\/\n\/*! This file is auto-generated *\/\n!function(d,l){\"use strict\";l.querySelector&&d.addEventListener&&\"undefined\"!=typeof URL&&(d.wp=d.wp||{},d.wp.receiveEmbedMessage||(d.wp.receiveEmbedMessage=function(e){var t=e.data;if((t||t.secret||t.message||t.value)&&!\/[^a-zA-Z0-9]\/.test(t.secret)){for(var s,r,n,a=l.querySelectorAll('iframe[data-secret=\"'+t.secret+'\"]'),o=l.querySelectorAll('blockquote[data-secret=\"'+t.secret+'\"]'),c=new RegExp(\"^https?:$\",\"i\"),i=0;i<o.length;i++)o[i].style.display=\"none\";for(i=0;i<a.length;i++)s=a[i],e.source===s.contentWindow&&(s.removeAttribute(\"style\"),\"height\"===t.message?(1e3<(r=parseInt(t.value,10))?r=1e3:~~r<200&&(r=200),s.height=r):\"link\"===t.message&&(r=new URL(s.getAttribute(\"src\")),n=new URL(t.value),c.test(n.protocol))&&n.host===r.host&&l.activeElement===s&&(d.top.location.href=t.value))}},d.addEventListener(\"message\",d.wp.receiveEmbedMessage,!1),l.addEventListener(\"DOMContentLoaded\",function(){for(var e,t,s=l.querySelectorAll(\"iframe.wp-embedded-content\"),r=0;r<s.length;r++)(t=(e=s[r]).getAttribute(\"data-secret\"))||(t=Math.random().toString(36).substring(2,12),e.src+=\"#?secret=\"+t,e.setAttribute(\"data-secret\",t)),e.contentWindow.postMessage({message:\"ready\",secret:t},\"*\")},!1)))}(window,document);\n\/* ]]> *\/\n<\/script>\n","thumbnail_url":"https:\/\/epochtimestr.com\/wp-content\/uploads\/2011y\/tbmm4.jpg","thumbnail_width":478,"thumbnail_height":320,"description":"MHP, Dokunulmazl\u0131klar\u0131n Kald\u0131r\u0131lmas\u0131 \u0130\u00e7in Anayasa De\u011fi\u015fikli\u011fi Teklifi Verdi MHP \u015eemdinli\u2019de yol kesen PKK\u2019l\u0131larla sar\u0131l\u0131p kucakla\u015fan BDP milletvekillerinin kamuoyunda \u00e7ok tart\u0131\u015f\u0131lan g\u00f6r\u00fcnt\u00fclerinden sonra \u2018Milletvekillerine yarg\u0131 z\u0131rh\u0131n\u0131 kald\u0131ran\u2019 Anayasa de\u011fi\u015fiklik teklifi vermeye haz\u0131rlan\u0131yor. Anayasa de\u011fi\u015fiklik teklifinde halen cezaevinde tutuklu bulunan 8 parlamenter de tahliye olacak. Ter\u00f6re destek veren milletvekilleri ise tutuksuz yarg\u0131lanacak. Yarg\u0131lama sonucu ceza alan parlamenterin, [&hellip;]"}