{"version":"1.0","provider_name":"The Epoch Times TR","provider_url":"https:\/\/epochtimestr.com","author_name":"Nesrin Se\u00e7er","author_url":"https:\/\/epochtimestr.com\/index.php\/author\/nesrin","title":"Milas'ta Minyat\u00fcr Yerebatan Sarn\u0131c\u0131 Bulundu - The Epoch Times TR","type":"rich","width":600,"height":338,"html":"<blockquote class=\"wp-embedded-content\" data-secret=\"AT7eUZ6LKG\"><a href=\"https:\/\/epochtimestr.com\/index.php\/milasta-minyatur-yerebatan-sarnici-bulundu\">Milas&#8217;ta Minyat\u00fcr Yerebatan Sarn\u0131c\u0131 Bulundu<\/a><\/blockquote><iframe sandbox=\"allow-scripts\" security=\"restricted\" src=\"https:\/\/epochtimestr.com\/index.php\/milasta-minyatur-yerebatan-sarnici-bulundu\/embed#?secret=AT7eUZ6LKG\" width=\"600\" height=\"338\" title=\"&#8220;Milas&#8217;ta Minyat\u00fcr Yerebatan Sarn\u0131c\u0131 Bulundu&#8221; &#8212; The Epoch Times TR\" data-secret=\"AT7eUZ6LKG\" frameborder=\"0\" marginwidth=\"0\" marginheight=\"0\" scrolling=\"no\" class=\"wp-embedded-content\"><\/iframe><script type=\"text\/javascript\">\n\/* <![CDATA[ *\/\n\/*! This file is auto-generated *\/\n!function(d,l){\"use strict\";l.querySelector&&d.addEventListener&&\"undefined\"!=typeof URL&&(d.wp=d.wp||{},d.wp.receiveEmbedMessage||(d.wp.receiveEmbedMessage=function(e){var t=e.data;if((t||t.secret||t.message||t.value)&&!\/[^a-zA-Z0-9]\/.test(t.secret)){for(var s,r,n,a=l.querySelectorAll('iframe[data-secret=\"'+t.secret+'\"]'),o=l.querySelectorAll('blockquote[data-secret=\"'+t.secret+'\"]'),c=new RegExp(\"^https?:$\",\"i\"),i=0;i<o.length;i++)o[i].style.display=\"none\";for(i=0;i<a.length;i++)s=a[i],e.source===s.contentWindow&&(s.removeAttribute(\"style\"),\"height\"===t.message?(1e3<(r=parseInt(t.value,10))?r=1e3:~~r<200&&(r=200),s.height=r):\"link\"===t.message&&(r=new URL(s.getAttribute(\"src\")),n=new URL(t.value),c.test(n.protocol))&&n.host===r.host&&l.activeElement===s&&(d.top.location.href=t.value))}},d.addEventListener(\"message\",d.wp.receiveEmbedMessage,!1),l.addEventListener(\"DOMContentLoaded\",function(){for(var e,t,s=l.querySelectorAll(\"iframe.wp-embedded-content\"),r=0;r<s.length;r++)(t=(e=s[r]).getAttribute(\"data-secret\"))||(t=Math.random().toString(36).substring(2,12),e.src+=\"#?secret=\"+t,e.setAttribute(\"data-secret\",t)),e.contentWindow.postMessage({message:\"ready\",secret:t},\"*\")},!1)))}(window,document);\n\/* ]]> *\/\n<\/script>\n","thumbnail_url":"https:\/\/epochtimestr.com\/wp-content\/uploads\/2011y\/sarn\u0131\u00e7.jpg","thumbnail_width":330,"thumbnail_height":497,"description":"Mu\u011fla\u2019n\u0131n Milas \u0130l\u00e7esinde daha \u00f6nce defineciler taraf\u0131ndan ka\u00e7ak kaz\u0131 yap\u0131l\u0131rken bulunan Hekatomnos Kral mezar\u0131 kaz\u0131 \u00e7al\u0131\u015fmalar\u0131 heyecanl\u0131 s\u00fcrprizlerle devam ediyor.\u00a0 Alanda daha \u00f6nce Roma d\u00f6nemine ait bir binan\u0131n taban alan\u0131 mozaik d\u00f6\u015femelerinin bulundu\u011fu b\u00f6lgede bu kez de Bizans d\u00f6nemine ait Sarn\u0131\u00e7 bulundu. Dev\u015firme malzemeler kullan\u0131larak yap\u0131lan Sarn\u0131\u00e7, deprem ve benzeri etkenlerle zarar g\u00f6rse de bir\u00e7ok [&hellip;]"}