{"version":"1.0","provider_name":"The Epoch Times TR","provider_url":"https:\/\/epochtimestr.com","author_name":"Haber Merkezi","author_url":"https:\/\/epochtimestr.com\/index.php\/author\/sendag","title":"Milletvekili Maa\u015flar\u0131 Belli Oldu - The Epoch Times TR","type":"rich","width":600,"height":338,"html":"<blockquote class=\"wp-embedded-content\" data-secret=\"GtEdPtsigQ\"><a href=\"https:\/\/epochtimestr.com\/index.php\/milletvekili-maaslari-belli-oldu\">Milletvekili Maa\u015flar\u0131 Belli Oldu<\/a><\/blockquote><iframe sandbox=\"allow-scripts\" security=\"restricted\" src=\"https:\/\/epochtimestr.com\/index.php\/milletvekili-maaslari-belli-oldu\/embed#?secret=GtEdPtsigQ\" width=\"600\" height=\"338\" title=\"&#8220;Milletvekili Maa\u015flar\u0131 Belli Oldu&#8221; &#8212; The Epoch Times TR\" data-secret=\"GtEdPtsigQ\" frameborder=\"0\" marginwidth=\"0\" marginheight=\"0\" scrolling=\"no\" class=\"wp-embedded-content\"><\/iframe><script type=\"text\/javascript\">\n\/* <![CDATA[ *\/\n\/*! This file is auto-generated *\/\n!function(d,l){\"use strict\";l.querySelector&&d.addEventListener&&\"undefined\"!=typeof URL&&(d.wp=d.wp||{},d.wp.receiveEmbedMessage||(d.wp.receiveEmbedMessage=function(e){var t=e.data;if((t||t.secret||t.message||t.value)&&!\/[^a-zA-Z0-9]\/.test(t.secret)){for(var s,r,n,a=l.querySelectorAll('iframe[data-secret=\"'+t.secret+'\"]'),o=l.querySelectorAll('blockquote[data-secret=\"'+t.secret+'\"]'),c=new RegExp(\"^https?:$\",\"i\"),i=0;i<o.length;i++)o[i].style.display=\"none\";for(i=0;i<a.length;i++)s=a[i],e.source===s.contentWindow&&(s.removeAttribute(\"style\"),\"height\"===t.message?(1e3<(r=parseInt(t.value,10))?r=1e3:~~r<200&&(r=200),s.height=r):\"link\"===t.message&&(r=new URL(s.getAttribute(\"src\")),n=new URL(t.value),c.test(n.protocol))&&n.host===r.host&&l.activeElement===s&&(d.top.location.href=t.value))}},d.addEventListener(\"message\",d.wp.receiveEmbedMessage,!1),l.addEventListener(\"DOMContentLoaded\",function(){for(var e,t,s=l.querySelectorAll(\"iframe.wp-embedded-content\"),r=0;r<s.length;r++)(t=(e=s[r]).getAttribute(\"data-secret\"))||(t=Math.random().toString(36).substring(2,12),e.src+=\"#?secret=\"+t,e.setAttribute(\"data-secret\",t)),e.contentWindow.postMessage({message:\"ready\",secret:t},\"*\")},!1)))}(window,document);\n\/* ]]> *\/\n<\/script>\n","thumbnail_url":"https:\/\/epochtimestr.com\/wp-content\/uploads\/2011y\/res10-1.jpg","thumbnail_width":640,"thumbnail_height":480,"description":"Emekli ve milletvekili olanlar\u0131n maa\u015f\u0131 147 bin liradan 230 bin lira oldu. Sadece milletvekilli olanlar\u0131n maa\u015f\u0131 ise 73 bin 329 liradan, yakla\u015f\u0131k 110 bin liraya y\u00fckseldi. T\u00fcrkiye \u0130statistik Kurumu\u2019nun a\u00e7\u0131klad\u0131\u011f\u0131 enflasyon verilerine g\u00f6re memur maa\u015flar\u0131na indeksli milletvekili maa\u015flar\u0131 da y\u00fczde 49,25 oranda zamlanacak. Ekonomim&#8217;de yer alan habere g\u00f6re, Meclis&#8217;te hem emekli olan, hem de vekil [&hellip;]"}