{"version":"1.0","provider_name":"The Epoch Times TR","provider_url":"https:\/\/epochtimestr.com","author_name":"\u00c7.Akdeniz","author_url":"https:\/\/epochtimestr.com\/index.php\/author\/cigdem","title":"M\u0131s\u0131r Askeri Yeni Anayasan\u0131n D\u00fczenlenmesini Denetliyor - The Epoch Times TR","type":"rich","width":600,"height":338,"html":"<blockquote class=\"wp-embedded-content\" data-secret=\"3LX9AbOv4h\"><a href=\"https:\/\/epochtimestr.com\/index.php\/misir-askeri-yeni-anayasanin-duzenlenmesini-denetliyor\">M\u0131s\u0131r Askeri Yeni Anayasan\u0131n D\u00fczenlenmesini Denetliyor<\/a><\/blockquote><iframe sandbox=\"allow-scripts\" security=\"restricted\" src=\"https:\/\/epochtimestr.com\/index.php\/misir-askeri-yeni-anayasanin-duzenlenmesini-denetliyor\/embed#?secret=3LX9AbOv4h\" width=\"600\" height=\"338\" title=\"&#8220;M\u0131s\u0131r Askeri Yeni Anayasan\u0131n D\u00fczenlenmesini Denetliyor&#8221; &#8212; The Epoch Times TR\" data-secret=\"3LX9AbOv4h\" frameborder=\"0\" marginwidth=\"0\" marginheight=\"0\" scrolling=\"no\" class=\"wp-embedded-content\"><\/iframe><script type=\"text\/javascript\">\n\/* <![CDATA[ *\/\n\/*! This file is auto-generated *\/\n!function(d,l){\"use strict\";l.querySelector&&d.addEventListener&&\"undefined\"!=typeof URL&&(d.wp=d.wp||{},d.wp.receiveEmbedMessage||(d.wp.receiveEmbedMessage=function(e){var t=e.data;if((t||t.secret||t.message||t.value)&&!\/[^a-zA-Z0-9]\/.test(t.secret)){for(var s,r,n,a=l.querySelectorAll('iframe[data-secret=\"'+t.secret+'\"]'),o=l.querySelectorAll('blockquote[data-secret=\"'+t.secret+'\"]'),c=new RegExp(\"^https?:$\",\"i\"),i=0;i<o.length;i++)o[i].style.display=\"none\";for(i=0;i<a.length;i++)s=a[i],e.source===s.contentWindow&&(s.removeAttribute(\"style\"),\"height\"===t.message?(1e3<(r=parseInt(t.value,10))?r=1e3:~~r<200&&(r=200),s.height=r):\"link\"===t.message&&(r=new URL(s.getAttribute(\"src\")),n=new URL(t.value),c.test(n.protocol))&&n.host===r.host&&l.activeElement===s&&(d.top.location.href=t.value))}},d.addEventListener(\"message\",d.wp.receiveEmbedMessage,!1),l.addEventListener(\"DOMContentLoaded\",function(){for(var e,t,s=l.querySelectorAll(\"iframe.wp-embedded-content\"),r=0;r<s.length;r++)(t=(e=s[r]).getAttribute(\"data-secret\"))||(t=Math.random().toString(36).substring(2,12),e.src+=\"#?secret=\"+t,e.setAttribute(\"data-secret\",t)),e.contentWindow.postMessage({message:\"ready\",secret:t},\"*\")},!1)))}(window,document);\n\/* ]]> *\/\n<\/script>\n","description":"Per\u015fembe g\u00fcn\u00fc M\u0131s\u0131r Askeri Liderleri \u00fclkenin yeni anayas\u0131n\u0131n d\u00fczenlenmesinde ba\u015fkanl\u0131k ettiklerini ve se\u00e7im sonu\u00e7lar\u0131n\u0131n t\u00fcm M\u0131s\u0131r halk\u0131n\u0131 tamamen kapsamad\u0131\u011f\u0131n\u0131 belirttiler. Askeri liderlerin bu a\u00e7\u0131klamas\u0131, M\u00fcsl\u00fcman Karde\u015fler partisinin parlamentodaki sandalyelerin b\u00fcy\u00fck k\u0131sm\u0131n\u0131 kazand\u0131klar\u0131n\u0131 a\u00e7\u0131klad\u0131klar\u0131 g\u00fcn sonras\u0131nda yap\u0131ld\u0131. CNN\u2019be g\u00f6re, H\u00fcsn\u00fc M\u00fcbarek devrildi\u011finden beri M\u0131s\u0131r\u2019\u0131 y\u00f6neten Yarbay Amr \u0130mam, \u201cBiz diktat\u00f6rl\u00fck istemiyoruz. Bizim istedi\u011fimizde iktidarda s\u00fcrekli kalmak [&hellip;]","thumbnail_url":"http:\/\/epochtimestr.com\/wp-content\/uploads\/2011y\/M%C4%B1s%C4%B1r-Se%C3%A7im.jpg"}