{"version":"1.0","provider_name":"The Epoch Times TR","provider_url":"https:\/\/epochtimestr.com","author_name":"\u00c7.Akdeniz","author_url":"https:\/\/epochtimestr.com\/index.php\/author\/cigdem","title":"M\u0131s\u0131r\u2019da Eski Ba\u015fbakan\u0131n Se\u00e7ime Kat\u0131lmas\u0131 Engellendi - The Epoch Times TR","type":"rich","width":600,"height":338,"html":"<blockquote class=\"wp-embedded-content\" data-secret=\"6PWOXxG7mC\"><a href=\"https:\/\/epochtimestr.com\/index.php\/misirda-eski-basbakanin-secime-katilmasi-engellendi\">M\u0131s\u0131r\u2019da Eski Ba\u015fbakan\u0131n Se\u00e7ime Kat\u0131lmas\u0131 Engellendi<\/a><\/blockquote><iframe sandbox=\"allow-scripts\" security=\"restricted\" src=\"https:\/\/epochtimestr.com\/index.php\/misirda-eski-basbakanin-secime-katilmasi-engellendi\/embed#?secret=6PWOXxG7mC\" width=\"600\" height=\"338\" title=\"&#8220;M\u0131s\u0131r\u2019da Eski Ba\u015fbakan\u0131n Se\u00e7ime Kat\u0131lmas\u0131 Engellendi&#8221; &#8212; The Epoch Times TR\" data-secret=\"6PWOXxG7mC\" frameborder=\"0\" marginwidth=\"0\" marginheight=\"0\" scrolling=\"no\" class=\"wp-embedded-content\"><\/iframe><script type=\"text\/javascript\">\n\/* <![CDATA[ *\/\n\/*! This file is auto-generated *\/\n!function(d,l){\"use strict\";l.querySelector&&d.addEventListener&&\"undefined\"!=typeof URL&&(d.wp=d.wp||{},d.wp.receiveEmbedMessage||(d.wp.receiveEmbedMessage=function(e){var t=e.data;if((t||t.secret||t.message||t.value)&&!\/[^a-zA-Z0-9]\/.test(t.secret)){for(var s,r,n,a=l.querySelectorAll('iframe[data-secret=\"'+t.secret+'\"]'),o=l.querySelectorAll('blockquote[data-secret=\"'+t.secret+'\"]'),c=new RegExp(\"^https?:$\",\"i\"),i=0;i<o.length;i++)o[i].style.display=\"none\";for(i=0;i<a.length;i++)s=a[i],e.source===s.contentWindow&&(s.removeAttribute(\"style\"),\"height\"===t.message?(1e3<(r=parseInt(t.value,10))?r=1e3:~~r<200&&(r=200),s.height=r):\"link\"===t.message&&(r=new URL(s.getAttribute(\"src\")),n=new URL(t.value),c.test(n.protocol))&&n.host===r.host&&l.activeElement===s&&(d.top.location.href=t.value))}},d.addEventListener(\"message\",d.wp.receiveEmbedMessage,!1),l.addEventListener(\"DOMContentLoaded\",function(){for(var e,t,s=l.querySelectorAll(\"iframe.wp-embedded-content\"),r=0;r<s.length;r++)(t=(e=s[r]).getAttribute(\"data-secret\"))||(t=Math.random().toString(36).substring(2,12),e.src+=\"#?secret=\"+t,e.setAttribute(\"data-secret\",t)),e.contentWindow.postMessage({message:\"ready\",secret:t},\"*\")},!1)))}(window,document);\n\/* ]]> *\/\n<\/script>\n","thumbnail_url":"https:\/\/epochtimestr.com\/wp-content\/uploads\/2011y\/M\u0131s\u0131r-se\u00e7imleri-Ahmet-\u015eefik.jpg","thumbnail_width":525,"thumbnail_height":350,"description":"M\u0131s\u0131r eski ba\u015fbakan\u0131 Ahmet \u015eerif\u2019in, \u00fclkede yap\u0131lacak olan cumhurba\u015fkanl\u0131\u011f\u0131 se\u00e7imlere kat\u0131lmas\u0131 M\u0131s\u0131r Y\u00fcksek Se\u00e7im Komisyonu taraf\u0131ndan engellendi. Se\u00e7imlerden uzakla\u015ft\u0131r\u0131lmas\u0131n\u0131n sebebi ise ge\u00e7en sene M\u0131s\u0131r\u2019da protestolara neden olan H\u00fcsn\u00fc M\u00fcbarek iktidar\u0131 s\u0131ras\u0131nda h\u00fck\u00fcmetin bir \u00fcyesi olmas\u0131ndan kaynakland\u0131. G\u00fcnl\u00fck gazete El-Ehram\u2019\u0131n haberine g\u00f6re \u00f6n\u00fcm\u00fczdeki 10 y\u0131l boyunca M\u00fcbarek d\u00f6nemindeki y\u00f6neticilerin yeni h\u00fck\u00fcmette yer almamas\u0131n\u0131 yasas\u0131 onayland\u0131ktan sonra [&hellip;]"}