{"version":"1.0","provider_name":"The Epoch Times TR","provider_url":"https:\/\/epochtimestr.com","author_name":"\u00c7.Akdeniz","author_url":"https:\/\/epochtimestr.com\/index.php\/author\/cigdem","title":"Moldova H\u00fck\u00fcmeti Falun Dafa'ya Tazminat \u00d6deyecek - The Epoch Times TR","type":"rich","width":600,"height":338,"html":"<blockquote class=\"wp-embedded-content\" data-secret=\"9SC58OrnuR\"><a href=\"https:\/\/epochtimestr.com\/index.php\/moldova-hukumeti-falun-dafaya-tazminat-odeyecek\">Moldova H\u00fck\u00fcmeti Falun Dafa&#8217;ya Tazminat \u00d6deyecek<\/a><\/blockquote><iframe sandbox=\"allow-scripts\" security=\"restricted\" src=\"https:\/\/epochtimestr.com\/index.php\/moldova-hukumeti-falun-dafaya-tazminat-odeyecek\/embed#?secret=9SC58OrnuR\" width=\"600\" height=\"338\" title=\"&#8220;Moldova H\u00fck\u00fcmeti Falun Dafa&#8217;ya Tazminat \u00d6deyecek&#8221; &#8212; The Epoch Times TR\" data-secret=\"9SC58OrnuR\" frameborder=\"0\" marginwidth=\"0\" marginheight=\"0\" scrolling=\"no\" class=\"wp-embedded-content\"><\/iframe><script type=\"text\/javascript\">\n\/* <![CDATA[ *\/\n\/*! This file is auto-generated *\/\n!function(d,l){\"use strict\";l.querySelector&&d.addEventListener&&\"undefined\"!=typeof URL&&(d.wp=d.wp||{},d.wp.receiveEmbedMessage||(d.wp.receiveEmbedMessage=function(e){var t=e.data;if((t||t.secret||t.message||t.value)&&!\/[^a-zA-Z0-9]\/.test(t.secret)){for(var s,r,n,a=l.querySelectorAll('iframe[data-secret=\"'+t.secret+'\"]'),o=l.querySelectorAll('blockquote[data-secret=\"'+t.secret+'\"]'),c=new RegExp(\"^https?:$\",\"i\"),i=0;i<o.length;i++)o[i].style.display=\"none\";for(i=0;i<a.length;i++)s=a[i],e.source===s.contentWindow&&(s.removeAttribute(\"style\"),\"height\"===t.message?(1e3<(r=parseInt(t.value,10))?r=1e3:~~r<200&&(r=200),s.height=r):\"link\"===t.message&&(r=new URL(s.getAttribute(\"src\")),n=new URL(t.value),c.test(n.protocol))&&n.host===r.host&&l.activeElement===s&&(d.top.location.href=t.value))}},d.addEventListener(\"message\",d.wp.receiveEmbedMessage,!1),l.addEventListener(\"DOMContentLoaded\",function(){for(var e,t,s=l.querySelectorAll(\"iframe.wp-embedded-content\"),r=0;r<s.length;r++)(t=(e=s[r]).getAttribute(\"data-secret\"))||(t=Math.random().toString(36).substring(2,12),e.src+=\"#?secret=\"+t,e.setAttribute(\"data-secret\",t)),e.contentWindow.postMessage({message:\"ready\",secret:t},\"*\")},!1)))}(window,document);\n\/* ]]> *\/\n<\/script>\n","thumbnail_url":"https:\/\/epochtimestr.com\/wp-content\/uploads\/2011y\/Moldova-Cumhuriyeti-Kom\u00fcnist-Partisi.png","thumbnail_width":565,"thumbnail_height":350,"description":"Moldova Cumhuriyetinde Kom\u00fcnist Partisi Falun Dafa\u2019ya yapt\u0131\u011f\u0131 iftiralar y\u00fcz\u00fcnden tazminat \u00f6deyecek Epoch Times &#8211; Tatiana Chiriac Moldova Cumhuriyeti Kom\u00fcnist Partisi mahkemelerinin kesin karar\u0131 sonucu, Falun Dafa Derne\u011fine manevi tazminat \u00f6demekle y\u00fck\u00fcml\u00fc olmas\u0131n\u0131n yan\u0131 s\u0131ra, 26 May\u0131s 2010 tarihinde medyada yay\u0131nlanan iftiralar i\u00e7in partinin web sitesinde yalanlama beyan\u0131 a\u00e7\u0131klama karar\u0131 al\u0131nd\u0131. 25-26 May\u0131s 2010 tarihlerinde Ki\u015finev [&hellip;]"}