{"version":"1.0","provider_name":"The Epoch Times TR","provider_url":"https:\/\/epochtimestr.com","author_name":"G.Hakan Ko\u00e7man","author_url":"https:\/\/epochtimestr.com\/index.php\/author\/hakan","title":"Muay Thai S\u00fcper Ligi 7. Aya\u011f\u0131 Mersin\u2019de Yap\u0131ld\u0131.  - The Epoch Times TR","type":"rich","width":600,"height":338,"html":"<blockquote class=\"wp-embedded-content\" data-secret=\"2gVMps9iK7\"><a href=\"https:\/\/epochtimestr.com\/index.php\/muay-thai-super-ligi-7-ayagi-mersinde-yapildi\">Muay Thai S\u00fcper Ligi 7. Aya\u011f\u0131 Mersin\u2019de Yap\u0131ld\u0131.<\/a><\/blockquote><iframe sandbox=\"allow-scripts\" security=\"restricted\" src=\"https:\/\/epochtimestr.com\/index.php\/muay-thai-super-ligi-7-ayagi-mersinde-yapildi\/embed#?secret=2gVMps9iK7\" width=\"600\" height=\"338\" title=\"&#8220;Muay Thai S\u00fcper Ligi 7. Aya\u011f\u0131 Mersin\u2019de Yap\u0131ld\u0131.&#8221; &#8212; The Epoch Times TR\" data-secret=\"2gVMps9iK7\" frameborder=\"0\" marginwidth=\"0\" marginheight=\"0\" scrolling=\"no\" class=\"wp-embedded-content\"><\/iframe><script type=\"text\/javascript\">\n\/* <![CDATA[ *\/\n\/*! This file is auto-generated *\/\n!function(d,l){\"use strict\";l.querySelector&&d.addEventListener&&\"undefined\"!=typeof URL&&(d.wp=d.wp||{},d.wp.receiveEmbedMessage||(d.wp.receiveEmbedMessage=function(e){var t=e.data;if((t||t.secret||t.message||t.value)&&!\/[^a-zA-Z0-9]\/.test(t.secret)){for(var s,r,n,a=l.querySelectorAll('iframe[data-secret=\"'+t.secret+'\"]'),o=l.querySelectorAll('blockquote[data-secret=\"'+t.secret+'\"]'),c=new RegExp(\"^https?:$\",\"i\"),i=0;i<o.length;i++)o[i].style.display=\"none\";for(i=0;i<a.length;i++)s=a[i],e.source===s.contentWindow&&(s.removeAttribute(\"style\"),\"height\"===t.message?(1e3<(r=parseInt(t.value,10))?r=1e3:~~r<200&&(r=200),s.height=r):\"link\"===t.message&&(r=new URL(s.getAttribute(\"src\")),n=new URL(t.value),c.test(n.protocol))&&n.host===r.host&&l.activeElement===s&&(d.top.location.href=t.value))}},d.addEventListener(\"message\",d.wp.receiveEmbedMessage,!1),l.addEventListener(\"DOMContentLoaded\",function(){for(var e,t,s=l.querySelectorAll(\"iframe.wp-embedded-content\"),r=0;r<s.length;r++)(t=(e=s[r]).getAttribute(\"data-secret\"))||(t=Math.random().toString(36).substring(2,12),e.src+=\"#?secret=\"+t,e.setAttribute(\"data-secret\",t)),e.contentWindow.postMessage({message:\"ready\",secret:t},\"*\")},!1)))}(window,document);\n\/* ]]> *\/\n<\/script>\n","thumbnail_url":"https:\/\/epochtimestr.com\/wp-content\/uploads\/2011y\/IMG_0022.jpg","thumbnail_width":640,"thumbnail_height":427,"description":"Muay Thai S\u00fcper Ligi 7. Aya\u011f\u0131, \u00a0hayat\u0131n\u0131 beklenmedik bir trafik kazas\u0131 sonucu kaybeden Mersinli milli sporcu Ferhat Ar\u0131can\u2019\u0131n an\u0131s\u0131n\u0131 ya\u015fatmak amac\u0131yla Mersin Marina\u2019da ger\u00e7ekle\u015ftirildi. Mehmet \u00d6zer, G\u00fclizar Kara, Orhan Ercemi\u015f, \u015eahin Aras gibi aralar\u0131nda d\u00fcnya \u015fampiyonlar\u0131 bulunan sporcular organizasyonda d\u00f6v\u00fc\u015fmek i\u00e7in ringe \u00e7\u0131kt\u0131. Ayr\u0131ca d\u00f6v\u00fc\u015fler s\u0131ras\u0131nda Aikijitsu ve dans g\u00f6sterileri de sunuldu. Organizasyona Mersin halk\u0131 [&hellip;]"}