{"version":"1.0","provider_name":"The Epoch Times TR","provider_url":"https:\/\/epochtimestr.com","author_name":"\u00c7.Akdeniz","author_url":"https:\/\/epochtimestr.com\/index.php\/author\/cigdem","title":"Muhalifler Kaddafi G\u00fc\u00e7leri i\u00e7in Teslim S\u00fcresini Uzatt\u0131 - The Epoch Times TR","type":"rich","width":600,"height":338,"html":"<blockquote class=\"wp-embedded-content\" data-secret=\"OVL8GNmok2\"><a href=\"https:\/\/epochtimestr.com\/index.php\/muhalifler-kaddafi-gucleri-icin-teslim-suresini-uzatti\">Muhalifler Kaddafi G\u00fc\u00e7leri i\u00e7in Teslim S\u00fcresini Uzatt\u0131<\/a><\/blockquote><iframe sandbox=\"allow-scripts\" security=\"restricted\" src=\"https:\/\/epochtimestr.com\/index.php\/muhalifler-kaddafi-gucleri-icin-teslim-suresini-uzatti\/embed#?secret=OVL8GNmok2\" width=\"600\" height=\"338\" title=\"&#8220;Muhalifler Kaddafi G\u00fc\u00e7leri i\u00e7in Teslim S\u00fcresini Uzatt\u0131&#8221; &#8212; The Epoch Times TR\" data-secret=\"OVL8GNmok2\" frameborder=\"0\" marginwidth=\"0\" marginheight=\"0\" scrolling=\"no\" class=\"wp-embedded-content\"><\/iframe><script type=\"text\/javascript\">\n\/* <![CDATA[ *\/\n\/*! This file is auto-generated *\/\n!function(d,l){\"use strict\";l.querySelector&&d.addEventListener&&\"undefined\"!=typeof URL&&(d.wp=d.wp||{},d.wp.receiveEmbedMessage||(d.wp.receiveEmbedMessage=function(e){var t=e.data;if((t||t.secret||t.message||t.value)&&!\/[^a-zA-Z0-9]\/.test(t.secret)){for(var s,r,n,a=l.querySelectorAll('iframe[data-secret=\"'+t.secret+'\"]'),o=l.querySelectorAll('blockquote[data-secret=\"'+t.secret+'\"]'),c=new RegExp(\"^https?:$\",\"i\"),i=0;i<o.length;i++)o[i].style.display=\"none\";for(i=0;i<a.length;i++)s=a[i],e.source===s.contentWindow&&(s.removeAttribute(\"style\"),\"height\"===t.message?(1e3<(r=parseInt(t.value,10))?r=1e3:~~r<200&&(r=200),s.height=r):\"link\"===t.message&&(r=new URL(s.getAttribute(\"src\")),n=new URL(t.value),c.test(n.protocol))&&n.host===r.host&&l.activeElement===s&&(d.top.location.href=t.value))}},d.addEventListener(\"message\",d.wp.receiveEmbedMessage,!1),l.addEventListener(\"DOMContentLoaded\",function(){for(var e,t,s=l.querySelectorAll(\"iframe.wp-embedded-content\"),r=0;r<s.length;r++)(t=(e=s[r]).getAttribute(\"data-secret\"))||(t=Math.random().toString(36).substring(2,12),e.src+=\"#?secret=\"+t,e.setAttribute(\"data-secret\",t)),e.contentWindow.postMessage({message:\"ready\",secret:t},\"*\")},!1)))}(window,document);\n\/* ]]> *\/\n<\/script>\n","description":"Libya Ulusal Ge\u00e7i\u015f Konseyi (NTC), Muammer Kaddafi g\u00fc\u00e7lerine teslim olmalar\u0131 i\u00e7in bir hafta daha ek s\u00fcre verdi. Muhalifler, Kaddafi\u2019nin son askeri birli\u011finin oldu\u011fu \u015fehri ku\u015fatt\u0131.\u00a0 Reuters\u2019e g\u00f6re, muhalifler \u00a0Cumartesi g\u00fcn\u00fcnden beri \u015fehri ku\u015fatma alt\u0131na alm\u0131\u015flar ve Kaddafi g\u00fc\u00e7lerine teslim olmalar\u0131 i\u00e7in bir hafta s\u00fcre verdiler. NTC s\u00f6zc\u00fcs\u00fc Muammed Zavavi, ajansa verdi\u011fi bilgide, ek s\u00fcre verilmesinin [&hellip;]","thumbnail_url":"http:\/\/www.epochtimestr.com\/wp-content\/uploads\/2011y\/Libya-Kaddafi-teslim.jpg"}