{"version":"1.0","provider_name":"The Epoch Times TR","provider_url":"https:\/\/epochtimestr.com","author_name":"D.Alk\u0131n","author_url":"https:\/\/epochtimestr.com\/index.php\/author\/derya","title":"Nepal'de grevdeki Maocularla halk \u00e7at\u0131\u015ft\u0131: Onlarca yaral\u0131 var - The Epoch Times TR","type":"rich","width":600,"height":338,"html":"<blockquote class=\"wp-embedded-content\" data-secret=\"uumWUHMpys\"><a href=\"https:\/\/epochtimestr.com\/index.php\/nepalde-grevdeki-maocularla-halk-catisti-onlarca-yarali-var\">Nepal&#8217;de grevdeki Maocularla halk \u00e7at\u0131\u015ft\u0131: Onlarca yaral\u0131 var<\/a><\/blockquote><iframe sandbox=\"allow-scripts\" security=\"restricted\" src=\"https:\/\/epochtimestr.com\/index.php\/nepalde-grevdeki-maocularla-halk-catisti-onlarca-yarali-var\/embed#?secret=uumWUHMpys\" width=\"600\" height=\"338\" title=\"&#8220;Nepal&#8217;de grevdeki Maocularla halk \u00e7at\u0131\u015ft\u0131: Onlarca yaral\u0131 var&#8221; &#8212; The Epoch Times TR\" data-secret=\"uumWUHMpys\" frameborder=\"0\" marginwidth=\"0\" marginheight=\"0\" scrolling=\"no\" class=\"wp-embedded-content\"><\/iframe><script type=\"text\/javascript\">\n\/* <![CDATA[ *\/\n\/*! This file is auto-generated *\/\n!function(d,l){\"use strict\";l.querySelector&&d.addEventListener&&\"undefined\"!=typeof URL&&(d.wp=d.wp||{},d.wp.receiveEmbedMessage||(d.wp.receiveEmbedMessage=function(e){var t=e.data;if((t||t.secret||t.message||t.value)&&!\/[^a-zA-Z0-9]\/.test(t.secret)){for(var s,r,n,a=l.querySelectorAll('iframe[data-secret=\"'+t.secret+'\"]'),o=l.querySelectorAll('blockquote[data-secret=\"'+t.secret+'\"]'),c=new RegExp(\"^https?:$\",\"i\"),i=0;i<o.length;i++)o[i].style.display=\"none\";for(i=0;i<a.length;i++)s=a[i],e.source===s.contentWindow&&(s.removeAttribute(\"style\"),\"height\"===t.message?(1e3<(r=parseInt(t.value,10))?r=1e3:~~r<200&&(r=200),s.height=r):\"link\"===t.message&&(r=new URL(s.getAttribute(\"src\")),n=new URL(t.value),c.test(n.protocol))&&n.host===r.host&&l.activeElement===s&&(d.top.location.href=t.value))}},d.addEventListener(\"message\",d.wp.receiveEmbedMessage,!1),l.addEventListener(\"DOMContentLoaded\",function(){for(var e,t,s=l.querySelectorAll(\"iframe.wp-embedded-content\"),r=0;r<s.length;r++)(t=(e=s[r]).getAttribute(\"data-secret\"))||(t=Math.random().toString(36).substring(2,12),e.src+=\"#?secret=\"+t,e.setAttribute(\"data-secret\",t)),e.contentWindow.postMessage({message:\"ready\",secret:t},\"*\")},!1)))}(window,document);\n\/* ]]> *\/\n<\/script>\n","description":"KATMANDU(C\u0130HAN)- Nepal&#8217;de Maocu g\u00f6stericilerin \u00fclkeyi fel\u00e7 eden grevinden b\u0131kan halk g\u00f6stericiler ile \u00e7at\u0131\u015ft\u0131. \u00dclkenin \u00e7e\u015fitli b\u00f6lgelerinde eski kom\u00fcnist isyanc\u0131lar yanl\u0131s\u0131 gruba sald\u0131ran halk\u0131n, bir arabay\u0131 da ate\u015fe verdikleri gelen bilgiler aras\u0131nda. \u00c7at\u0131\u015fmalar\u0131n \u00e7\u0131kt\u0131\u011f\u0131 b\u00f6lgelerde onlarca yaral\u0131n\u0131n oldu\u011fu belirtiliyor. Ba\u015fkent Katmandu&#8217;nun Budanilkanta, Bhasundara ve Jorpati semtlerinde yerli halk\u0131n g\u00f6stericilere tepki g\u00f6stermesi sonras\u0131 \u00e7\u0131kan olaylara polis an\u0131nda [&hellip;]","thumbnail_url":"http:\/\/www.epochtimestr.com\/wp-content\/uploads\/2010\/mart\/1428098_p-150x150.jpg"}