{"version":"1.0","provider_name":"The Epoch Times TR","provider_url":"https:\/\/epochtimestr.com","author_name":"S. \u00d6zcan","author_url":"https:\/\/epochtimestr.com\/index.php\/author\/n-kaya","title":"Nepal\u2019deki Deprem Felaketinde \u00d6l\u00fc Say\u0131s\u0131 5 Bini Ge\u00e7ti - The Epoch Times TR","type":"rich","width":600,"height":338,"html":"<blockquote class=\"wp-embedded-content\" data-secret=\"Mw7PSW53py\"><a href=\"https:\/\/epochtimestr.com\/index.php\/nepaldeki-deprem-felaketinde-olu-sayisi-5-bini-gecti\">Nepal\u2019deki Deprem Felaketinde \u00d6l\u00fc Say\u0131s\u0131 5 Bini Ge\u00e7ti<\/a><\/blockquote><iframe sandbox=\"allow-scripts\" security=\"restricted\" src=\"https:\/\/epochtimestr.com\/index.php\/nepaldeki-deprem-felaketinde-olu-sayisi-5-bini-gecti\/embed#?secret=Mw7PSW53py\" width=\"600\" height=\"338\" title=\"&#8220;Nepal\u2019deki Deprem Felaketinde \u00d6l\u00fc Say\u0131s\u0131 5 Bini Ge\u00e7ti&#8221; &#8212; The Epoch Times TR\" data-secret=\"Mw7PSW53py\" frameborder=\"0\" marginwidth=\"0\" marginheight=\"0\" scrolling=\"no\" class=\"wp-embedded-content\"><\/iframe><script type=\"text\/javascript\">\n\/* <![CDATA[ *\/\n\/*! This file is auto-generated *\/\n!function(d,l){\"use strict\";l.querySelector&&d.addEventListener&&\"undefined\"!=typeof URL&&(d.wp=d.wp||{},d.wp.receiveEmbedMessage||(d.wp.receiveEmbedMessage=function(e){var t=e.data;if((t||t.secret||t.message||t.value)&&!\/[^a-zA-Z0-9]\/.test(t.secret)){for(var s,r,n,a=l.querySelectorAll('iframe[data-secret=\"'+t.secret+'\"]'),o=l.querySelectorAll('blockquote[data-secret=\"'+t.secret+'\"]'),c=new RegExp(\"^https?:$\",\"i\"),i=0;i<o.length;i++)o[i].style.display=\"none\";for(i=0;i<a.length;i++)s=a[i],e.source===s.contentWindow&&(s.removeAttribute(\"style\"),\"height\"===t.message?(1e3<(r=parseInt(t.value,10))?r=1e3:~~r<200&&(r=200),s.height=r):\"link\"===t.message&&(r=new URL(s.getAttribute(\"src\")),n=new URL(t.value),c.test(n.protocol))&&n.host===r.host&&l.activeElement===s&&(d.top.location.href=t.value))}},d.addEventListener(\"message\",d.wp.receiveEmbedMessage,!1),l.addEventListener(\"DOMContentLoaded\",function(){for(var e,t,s=l.querySelectorAll(\"iframe.wp-embedded-content\"),r=0;r<s.length;r++)(t=(e=s[r]).getAttribute(\"data-secret\"))||(t=Math.random().toString(36).substring(2,12),e.src+=\"#?secret=\"+t,e.setAttribute(\"data-secret\",t)),e.contentWindow.postMessage({message:\"ready\",secret:t},\"*\")},!1)))}(window,document);\n\/* ]]> *\/\n<\/script>\n","thumbnail_url":"https:\/\/epochtimestr.com\/wp-content\/uploads\/2011y\/nepalde-olu-sayisi-4-bine-yaklasti-954386-664x354.jpg","thumbnail_width":500,"thumbnail_height":266,"description":"8 milyon insan\u0131 etkileyen Nepal\u2019de meydana gelen 7.9 \u015fiddetindeki\u00a0depremin ard\u0131ndan \u00f6l\u00fc say\u0131s\u0131 5 bin 57\u2019ye y\u00fckseldi. Cumartesi g\u00fcn\u00fc Nepal\u2019de meydana gelen 7.9 b\u00fcy\u00fckl\u00fc\u011f\u00fcndeki depremin neden oldu\u011fu can kayb\u0131 her dakika daha da artmaya devam ediyor. Nepalli yetkililer taraf\u0131ndan konuyla ilgili yap\u0131lan a\u00e7\u0131klamada, hayat\u0131n\u0131 kaybeden vatanda\u015flar\u0131n say\u0131s\u0131n\u0131n artmaya devam edebilece\u011fi belirtilerek, \u015fu ana kadar en az [&hellip;]"}