{"version":"1.0","provider_name":"The Epoch Times TR","provider_url":"https:\/\/epochtimestr.com","author_name":"\u00c7.Akdeniz","author_url":"https:\/\/epochtimestr.com\/index.php\/author\/cigdem","title":"Nijerya\u2019da \u0130ki Kiliseye Y\u0131lba\u015f\u0131 \u00d6ncesi Bombal\u0131 Sald\u0131r\u0131 - The Epoch Times TR","type":"rich","width":600,"height":338,"html":"<blockquote class=\"wp-embedded-content\" data-secret=\"9P8paPjLod\"><a href=\"https:\/\/epochtimestr.com\/index.php\/nijeryada-iki-kiliseye-yilbasi-oncesi-bombali-saldiri\">Nijerya\u2019da \u0130ki Kiliseye Y\u0131lba\u015f\u0131 \u00d6ncesi Bombal\u0131 Sald\u0131r\u0131<\/a><\/blockquote><iframe sandbox=\"allow-scripts\" security=\"restricted\" src=\"https:\/\/epochtimestr.com\/index.php\/nijeryada-iki-kiliseye-yilbasi-oncesi-bombali-saldiri\/embed#?secret=9P8paPjLod\" width=\"600\" height=\"338\" title=\"&#8220;Nijerya\u2019da \u0130ki Kiliseye Y\u0131lba\u015f\u0131 \u00d6ncesi Bombal\u0131 Sald\u0131r\u0131&#8221; &#8212; The Epoch Times TR\" data-secret=\"9P8paPjLod\" frameborder=\"0\" marginwidth=\"0\" marginheight=\"0\" scrolling=\"no\" class=\"wp-embedded-content\"><\/iframe><script type=\"text\/javascript\">\n\/* <![CDATA[ *\/\n\/*! This file is auto-generated *\/\n!function(d,l){\"use strict\";l.querySelector&&d.addEventListener&&\"undefined\"!=typeof URL&&(d.wp=d.wp||{},d.wp.receiveEmbedMessage||(d.wp.receiveEmbedMessage=function(e){var t=e.data;if((t||t.secret||t.message||t.value)&&!\/[^a-zA-Z0-9]\/.test(t.secret)){for(var s,r,n,a=l.querySelectorAll('iframe[data-secret=\"'+t.secret+'\"]'),o=l.querySelectorAll('blockquote[data-secret=\"'+t.secret+'\"]'),c=new RegExp(\"^https?:$\",\"i\"),i=0;i<o.length;i++)o[i].style.display=\"none\";for(i=0;i<a.length;i++)s=a[i],e.source===s.contentWindow&&(s.removeAttribute(\"style\"),\"height\"===t.message?(1e3<(r=parseInt(t.value,10))?r=1e3:~~r<200&&(r=200),s.height=r):\"link\"===t.message&&(r=new URL(s.getAttribute(\"src\")),n=new URL(t.value),c.test(n.protocol))&&n.host===r.host&&l.activeElement===s&&(d.top.location.href=t.value))}},d.addEventListener(\"message\",d.wp.receiveEmbedMessage,!1),l.addEventListener(\"DOMContentLoaded\",function(){for(var e,t,s=l.querySelectorAll(\"iframe.wp-embedded-content\"),r=0;r<s.length;r++)(t=(e=s[r]).getAttribute(\"data-secret\"))||(t=Math.random().toString(36).substring(2,12),e.src+=\"#?secret=\"+t,e.setAttribute(\"data-secret\",t)),e.contentWindow.postMessage({message:\"ready\",secret:t},\"*\")},!1)))}(window,document);\n\/* ]]> *\/\n<\/script>\n","description":"Y\u0131lba\u015f\u0131 Bombal\u0131 Sald\u0131r\u0131s\u0131 Bu Senede Nijerya&#8217;y\u0131 Vurdu Y\u0131lba\u015f\u0131na g\u00fcnler kala Nijerya\u2019daki kiliselere bombal\u0131 sald\u0131r\u0131 yap\u0131ld\u0131, en az 27 ki\u015fi hayat\u0131n\u0131 kaybederken onlarca ki\u015fi yaraland\u0131. BBC\u2019ye g\u00f6re yap\u0131lan sald\u0131r\u0131lar, daha \u00f6ncede bombal\u0131 intihar sald\u0131r\u0131lar\u0131ndan sorumlu olan \u0130slamc\u0131 grup Boko Haram taraf\u0131ndan yap\u0131ld\u0131. Ad\u0131n\u0131n anlam\u0131n\u0131n \u2018Bat\u0131l\u0131 tip e\u011fitimi g\u00fcnah\u2019 oldu\u011fu \u0130slam grup, t\u00fcm bat\u0131 Afrika genelinde \u015feriat [&hellip;]","thumbnail_url":"http:\/\/epochtimestr.com\/wp-content\/uploads\/2011y\/Nijerya-bombal%C4%B1-sald%C4%B1r%C4%B1.jpg"}