{"version":"1.0","provider_name":"The Epoch Times TR","provider_url":"https:\/\/epochtimestr.com","author_name":"D.Alk\u0131n","author_url":"https:\/\/epochtimestr.com\/index.php\/author\/derya","title":"Nusaybin'de Ya\u015fananlara Dikkat! - The Epoch Times TR","type":"rich","width":600,"height":338,"html":"<blockquote class=\"wp-embedded-content\" data-secret=\"UtBs33ysMl\"><a href=\"https:\/\/epochtimestr.com\/index.php\/nusaybinde-yasananlara-dikkat\">Nusaybin&#8217;de Ya\u015fananlara Dikkat!<\/a><\/blockquote><iframe sandbox=\"allow-scripts\" security=\"restricted\" src=\"https:\/\/epochtimestr.com\/index.php\/nusaybinde-yasananlara-dikkat\/embed#?secret=UtBs33ysMl\" width=\"600\" height=\"338\" title=\"&#8220;Nusaybin&#8217;de Ya\u015fananlara Dikkat!&#8221; &#8212; The Epoch Times TR\" data-secret=\"UtBs33ysMl\" frameborder=\"0\" marginwidth=\"0\" marginheight=\"0\" scrolling=\"no\" class=\"wp-embedded-content\"><\/iframe><script type=\"text\/javascript\">\n\/* <![CDATA[ *\/\n\/*! This file is auto-generated *\/\n!function(d,l){\"use strict\";l.querySelector&&d.addEventListener&&\"undefined\"!=typeof URL&&(d.wp=d.wp||{},d.wp.receiveEmbedMessage||(d.wp.receiveEmbedMessage=function(e){var t=e.data;if((t||t.secret||t.message||t.value)&&!\/[^a-zA-Z0-9]\/.test(t.secret)){for(var s,r,n,a=l.querySelectorAll('iframe[data-secret=\"'+t.secret+'\"]'),o=l.querySelectorAll('blockquote[data-secret=\"'+t.secret+'\"]'),c=new RegExp(\"^https?:$\",\"i\"),i=0;i<o.length;i++)o[i].style.display=\"none\";for(i=0;i<a.length;i++)s=a[i],e.source===s.contentWindow&&(s.removeAttribute(\"style\"),\"height\"===t.message?(1e3<(r=parseInt(t.value,10))?r=1e3:~~r<200&&(r=200),s.height=r):\"link\"===t.message&&(r=new URL(s.getAttribute(\"src\")),n=new URL(t.value),c.test(n.protocol))&&n.host===r.host&&l.activeElement===s&&(d.top.location.href=t.value))}},d.addEventListener(\"message\",d.wp.receiveEmbedMessage,!1),l.addEventListener(\"DOMContentLoaded\",function(){for(var e,t,s=l.querySelectorAll(\"iframe.wp-embedded-content\"),r=0;r<s.length;r++)(t=(e=s[r]).getAttribute(\"data-secret\"))||(t=Math.random().toString(36).substring(2,12),e.src+=\"#?secret=\"+t,e.setAttribute(\"data-secret\",t)),e.contentWindow.postMessage({message:\"ready\",secret:t},\"*\")},!1)))}(window,document);\n\/* ]]> *\/\n<\/script>\n","description":"Mardin\u2019in Nusaybin \u0130l\u00e7e\u2019sinde ge\u00e7ti\u011fimiz g\u00fcnlerde liseli \u00f6\u011frencilerin b\u0131\u00e7akl\u0131 kavga etmeleri sonucu, Nusaybin Belediye Ba\u015fkan\u0131 Ay\u015fe G\u00f6kkan, BDP \u0130l\u00e7e Ba\u015fkan\u0131 Ali Damar, E\u011fitim-Sen, KESK, mahalle muhtarlar\u0131 ve Atat\u00fcrk Lisesi\u2019nin baz\u0131 \u00f6\u011fretmenleri d\u00fcn saat 13.00 civar\u0131nda Nusaybin\u2019deki Atat\u00fcrk Lise\u2019sinin bah\u00e7esinde topland\u0131lar. Okul bah\u00e7esinde \u015fiddetle ilgili bas\u0131n a\u00e7\u0131klamas\u0131 yap\u0131l\u0131rken, yakla\u015f\u0131k 100 lise \u00f6\u011frencisi Abdullah \u00d6calan lehine slogan atarak [&hellip;]"}