{"version":"1.0","provider_name":"The Epoch Times TR","provider_url":"https:\/\/epochtimestr.com","author_name":"\u00c7.Akdeniz","author_url":"https:\/\/epochtimestr.com\/index.php\/author\/cigdem","title":"Obama Y\u00fczbinlerce Ki\u015finin \u00d6n\u00fcnde \u0130kinci Kez Yemin Etti - The Epoch Times TR","type":"rich","width":600,"height":338,"html":"<blockquote class=\"wp-embedded-content\" data-secret=\"4lOLT2Tbee\"><a href=\"https:\/\/epochtimestr.com\/index.php\/obama-yuzlerce-amerika-vatandasin-onunde-yemin-etti\">Obama Y\u00fczbinlerce Ki\u015finin \u00d6n\u00fcnde \u0130kinci Kez Yemin Etti<\/a><\/blockquote><iframe sandbox=\"allow-scripts\" security=\"restricted\" src=\"https:\/\/epochtimestr.com\/index.php\/obama-yuzlerce-amerika-vatandasin-onunde-yemin-etti\/embed#?secret=4lOLT2Tbee\" width=\"600\" height=\"338\" title=\"&#8220;Obama Y\u00fczbinlerce Ki\u015finin \u00d6n\u00fcnde \u0130kinci Kez Yemin Etti&#8221; &#8212; The Epoch Times TR\" data-secret=\"4lOLT2Tbee\" frameborder=\"0\" marginwidth=\"0\" marginheight=\"0\" scrolling=\"no\" class=\"wp-embedded-content\"><\/iframe><script type=\"text\/javascript\">\n\/* <![CDATA[ *\/\n\/*! This file is auto-generated *\/\n!function(d,l){\"use strict\";l.querySelector&&d.addEventListener&&\"undefined\"!=typeof URL&&(d.wp=d.wp||{},d.wp.receiveEmbedMessage||(d.wp.receiveEmbedMessage=function(e){var t=e.data;if((t||t.secret||t.message||t.value)&&!\/[^a-zA-Z0-9]\/.test(t.secret)){for(var s,r,n,a=l.querySelectorAll('iframe[data-secret=\"'+t.secret+'\"]'),o=l.querySelectorAll('blockquote[data-secret=\"'+t.secret+'\"]'),c=new RegExp(\"^https?:$\",\"i\"),i=0;i<o.length;i++)o[i].style.display=\"none\";for(i=0;i<a.length;i++)s=a[i],e.source===s.contentWindow&&(s.removeAttribute(\"style\"),\"height\"===t.message?(1e3<(r=parseInt(t.value,10))?r=1e3:~~r<200&&(r=200),s.height=r):\"link\"===t.message&&(r=new URL(s.getAttribute(\"src\")),n=new URL(t.value),c.test(n.protocol))&&n.host===r.host&&l.activeElement===s&&(d.top.location.href=t.value))}},d.addEventListener(\"message\",d.wp.receiveEmbedMessage,!1),l.addEventListener(\"DOMContentLoaded\",function(){for(var e,t,s=l.querySelectorAll(\"iframe.wp-embedded-content\"),r=0;r<s.length;r++)(t=(e=s[r]).getAttribute(\"data-secret\"))||(t=Math.random().toString(36).substring(2,12),e.src+=\"#?secret=\"+t,e.setAttribute(\"data-secret\",t)),e.contentWindow.postMessage({message:\"ready\",secret:t},\"*\")},!1)))}(window,document);\n\/* ]]> *\/\n<\/script>\n","thumbnail_url":"https:\/\/epochtimestr.com\/wp-content\/uploads\/2011y\/Obama-yemin-etti.jpg","thumbnail_width":525,"thumbnail_height":350,"description":"Obama, haftasonu Beyaz Saray&#8217;da yap\u0131lan t\u00f6rende g\u00f6revinin ikinci d\u00f6nemine resmen ba\u015flam\u0131\u015ft\u0131. Pazartesi g\u00fcn\u00fc ise Washinton National Mall&#8217;da y\u00fcz binlerce Amerikan vatanda\u015f\u0131 \u00f6n\u00fcnde, daha \u00f6nce etti\u011fi yemini ikinci kez ba\u015fkan olarak tekrarlad\u0131. Washington\u2019da yap\u0131lan t\u00f6rende ba\u015fkanl\u0131k yeminini etti. Barack Obama, Franklin Roossevelt\u2019ten sonra d\u00f6rt kez yemin eden ikinci ba\u015fkan oldu. ABD Ba\u015fkan\u0131 Obama ikinci yemin t\u00f6renine [&hellip;]"}