{"version":"1.0","provider_name":"The Epoch Times TR","provider_url":"https:\/\/epochtimestr.com","author_name":"Emel AKAN","author_url":"https:\/\/epochtimestr.com\/index.php\/author\/emel","title":"\u00d6\u011frenci Evleri \u0130le \u0130lgili Tart\u0131\u015fma Devam Ediyor - The Epoch Times TR","type":"rich","width":600,"height":338,"html":"<blockquote class=\"wp-embedded-content\" data-secret=\"8mpLmnLkO2\"><a href=\"https:\/\/epochtimestr.com\/index.php\/ogrenci-evleri-ile-ilgili-tartisma-devam-ediyor\">\u00d6\u011frenci Evleri \u0130le \u0130lgili Tart\u0131\u015fma Devam Ediyor<\/a><\/blockquote><iframe sandbox=\"allow-scripts\" security=\"restricted\" src=\"https:\/\/epochtimestr.com\/index.php\/ogrenci-evleri-ile-ilgili-tartisma-devam-ediyor\/embed#?secret=8mpLmnLkO2\" width=\"600\" height=\"338\" title=\"&#8220;\u00d6\u011frenci Evleri \u0130le \u0130lgili Tart\u0131\u015fma Devam Ediyor&#8221; &#8212; The Epoch Times TR\" data-secret=\"8mpLmnLkO2\" frameborder=\"0\" marginwidth=\"0\" marginheight=\"0\" scrolling=\"no\" class=\"wp-embedded-content\"><\/iframe><script type=\"text\/javascript\">\n\/* <![CDATA[ *\/\n\/*! This file is auto-generated *\/\n!function(d,l){\"use strict\";l.querySelector&&d.addEventListener&&\"undefined\"!=typeof URL&&(d.wp=d.wp||{},d.wp.receiveEmbedMessage||(d.wp.receiveEmbedMessage=function(e){var t=e.data;if((t||t.secret||t.message||t.value)&&!\/[^a-zA-Z0-9]\/.test(t.secret)){for(var s,r,n,a=l.querySelectorAll('iframe[data-secret=\"'+t.secret+'\"]'),o=l.querySelectorAll('blockquote[data-secret=\"'+t.secret+'\"]'),c=new RegExp(\"^https?:$\",\"i\"),i=0;i<o.length;i++)o[i].style.display=\"none\";for(i=0;i<a.length;i++)s=a[i],e.source===s.contentWindow&&(s.removeAttribute(\"style\"),\"height\"===t.message?(1e3<(r=parseInt(t.value,10))?r=1e3:~~r<200&&(r=200),s.height=r):\"link\"===t.message&&(r=new URL(s.getAttribute(\"src\")),n=new URL(t.value),c.test(n.protocol))&&n.host===r.host&&l.activeElement===s&&(d.top.location.href=t.value))}},d.addEventListener(\"message\",d.wp.receiveEmbedMessage,!1),l.addEventListener(\"DOMContentLoaded\",function(){for(var e,t,s=l.querySelectorAll(\"iframe.wp-embedded-content\"),r=0;r<s.length;r++)(t=(e=s[r]).getAttribute(\"data-secret\"))||(t=Math.random().toString(36).substring(2,12),e.src+=\"#?secret=\"+t,e.setAttribute(\"data-secret\",t)),e.contentWindow.postMessage({message:\"ready\",secret:t},\"*\")},!1)))}(window,document);\n\/* ]]> *\/\n<\/script>\n","thumbnail_url":"https:\/\/epochtimestr.com\/wp-content\/uploads\/2011y\/20121106AW000318_061.jpg","thumbnail_width":374,"thumbnail_height":336,"description":"Ba\u015fbakan Recep Tayyip Erdo\u011fan\u2019\u0131n ge\u00e7en hafta \u00f6\u011frenci evleri ile ilgili yapt\u0131\u011f\u0131 a\u00e7\u0131klaman\u0131n yank\u0131lar\u0131 devam ediyor. Konu ile ilgili protestolar s\u00fcrerken, yorum ve tart\u0131\u015fmalar g\u00fcndemden d\u00fc\u015fm\u00fcyor. Ba\u015fbakan Erdo\u011fan ge\u00e7en hafta AK Parti Grup toplant\u0131s\u0131nda devlet yurtlar\u0131 ile ilgili \u015fu a\u00e7\u0131klamada bulundu: \u201cBiz muhafazakar\u00a0demokrat bir\u00a0kimli\u011fe sahip olarak,\u00a0bu \u00fclkede herkesin\u00a0\u00e7ocuklar\u0131 bize emanettir. Biz, k\u0131zlar\u0131n erkeklerin devletin yurtlar\u0131nda kar\u0131\u015f\u0131k [&hellip;]"}