{"version":"1.0","provider_name":"The Epoch Times TR","provider_url":"https:\/\/epochtimestr.com","author_name":"D.Alk\u0131n","author_url":"https:\/\/epochtimestr.com\/index.php\/author\/derya","title":"\u00d6n\u00fcm\u00fczdeki Hafta Kar Ya\u011f\u0131\u015f\u0131 Devam Edecek - The Epoch Times TR","type":"rich","width":600,"height":338,"html":"<blockquote class=\"wp-embedded-content\" data-secret=\"d4iei3kcOo\"><a href=\"https:\/\/epochtimestr.com\/index.php\/onumuzdeki-hafta-kar-yagisi-devam-edecek\">\u00d6n\u00fcm\u00fczdeki Hafta Kar Ya\u011f\u0131\u015f\u0131 Devam Edecek<\/a><\/blockquote><iframe sandbox=\"allow-scripts\" security=\"restricted\" src=\"https:\/\/epochtimestr.com\/index.php\/onumuzdeki-hafta-kar-yagisi-devam-edecek\/embed#?secret=d4iei3kcOo\" width=\"600\" height=\"338\" title=\"&#8220;\u00d6n\u00fcm\u00fczdeki Hafta Kar Ya\u011f\u0131\u015f\u0131 Devam Edecek&#8221; &#8212; The Epoch Times TR\" data-secret=\"d4iei3kcOo\" frameborder=\"0\" marginwidth=\"0\" marginheight=\"0\" scrolling=\"no\" class=\"wp-embedded-content\"><\/iframe><script type=\"text\/javascript\">\n\/* <![CDATA[ *\/\n\/*! This file is auto-generated *\/\n!function(d,l){\"use strict\";l.querySelector&&d.addEventListener&&\"undefined\"!=typeof URL&&(d.wp=d.wp||{},d.wp.receiveEmbedMessage||(d.wp.receiveEmbedMessage=function(e){var t=e.data;if((t||t.secret||t.message||t.value)&&!\/[^a-zA-Z0-9]\/.test(t.secret)){for(var s,r,n,a=l.querySelectorAll('iframe[data-secret=\"'+t.secret+'\"]'),o=l.querySelectorAll('blockquote[data-secret=\"'+t.secret+'\"]'),c=new RegExp(\"^https?:$\",\"i\"),i=0;i<o.length;i++)o[i].style.display=\"none\";for(i=0;i<a.length;i++)s=a[i],e.source===s.contentWindow&&(s.removeAttribute(\"style\"),\"height\"===t.message?(1e3<(r=parseInt(t.value,10))?r=1e3:~~r<200&&(r=200),s.height=r):\"link\"===t.message&&(r=new URL(s.getAttribute(\"src\")),n=new URL(t.value),c.test(n.protocol))&&n.host===r.host&&l.activeElement===s&&(d.top.location.href=t.value))}},d.addEventListener(\"message\",d.wp.receiveEmbedMessage,!1),l.addEventListener(\"DOMContentLoaded\",function(){for(var e,t,s=l.querySelectorAll(\"iframe.wp-embedded-content\"),r=0;r<s.length;r++)(t=(e=s[r]).getAttribute(\"data-secret\"))||(t=Math.random().toString(36).substring(2,12),e.src+=\"#?secret=\"+t,e.setAttribute(\"data-secret\",t)),e.contentWindow.postMessage({message:\"ready\",secret:t},\"*\")},!1)))}(window,document);\n\/* ]]> *\/\n<\/script>\n","thumbnail_url":"https:\/\/epochtimestr.com\/wp-content\/uploads\/2011y\/kar-ya\u011f\u0131\u015f\u0131.jpg","thumbnail_width":375,"thumbnail_height":250,"description":"KAR YA\u011eI\u015eI DEVAM EDECEK Balkanlardan gelen so\u011fuk ve ya\u011f\u0131\u015fl\u0131 hava t\u00fcm yurtta etkisini g\u00f6stermeye devam ediyor. Karak\u0131\u015f t\u00fcm yurtta hayat\u0131 olumsuz etkiliyor. Marmara, Karadeniz ve Do\u011fu Anadolu\u2019da kar ya\u011f\u0131\u015f\u0131 devam ediyor. Kar ya\u011f\u0131\u015f\u0131 yollar\u0131 kaplay\u0131nca haz\u0131rl\u0131ks\u0131z yakalanan bir \u00e7ok s\u00fcr\u00fcc\u00fc zor anlar ya\u015fad\u0131. Karayollar\u0131 ekipleri s\u00fcrekli olarak kapanan yollar\u0131 a\u00e7arak, yolda kalan s\u00fcr\u00fcc\u00fcleri kurtarmak i\u00e7in [&hellip;]"}