{"version":"1.0","provider_name":"The Epoch Times TR","provider_url":"https:\/\/epochtimestr.com","author_name":"Ipek K\u00f6kl\u00fc","author_url":"https:\/\/epochtimestr.com\/index.php\/author\/ipek","title":"Ordulu Foto\u011fraf\u00e7\u0131lar, Hikayelere Objektif Tutuyor - The Epoch Times TR","type":"rich","width":600,"height":338,"html":"<blockquote class=\"wp-embedded-content\" data-secret=\"p4Nah17g4Z\"><a href=\"https:\/\/epochtimestr.com\/index.php\/ordulu-fotografcilar-hikayelere-objektif-tutuyor\">Ordulu Foto\u011fraf\u00e7\u0131lar, Hikayelere Objektif Tutuyor<\/a><\/blockquote><iframe sandbox=\"allow-scripts\" security=\"restricted\" src=\"https:\/\/epochtimestr.com\/index.php\/ordulu-fotografcilar-hikayelere-objektif-tutuyor\/embed#?secret=p4Nah17g4Z\" width=\"600\" height=\"338\" title=\"&#8220;Ordulu Foto\u011fraf\u00e7\u0131lar, Hikayelere Objektif Tutuyor&#8221; &#8212; The Epoch Times TR\" data-secret=\"p4Nah17g4Z\" frameborder=\"0\" marginwidth=\"0\" marginheight=\"0\" scrolling=\"no\" class=\"wp-embedded-content\"><\/iframe><script type=\"text\/javascript\">\n\/* <![CDATA[ *\/\n\/*! This file is auto-generated *\/\n!function(d,l){\"use strict\";l.querySelector&&d.addEventListener&&\"undefined\"!=typeof URL&&(d.wp=d.wp||{},d.wp.receiveEmbedMessage||(d.wp.receiveEmbedMessage=function(e){var t=e.data;if((t||t.secret||t.message||t.value)&&!\/[^a-zA-Z0-9]\/.test(t.secret)){for(var s,r,n,a=l.querySelectorAll('iframe[data-secret=\"'+t.secret+'\"]'),o=l.querySelectorAll('blockquote[data-secret=\"'+t.secret+'\"]'),c=new RegExp(\"^https?:$\",\"i\"),i=0;i<o.length;i++)o[i].style.display=\"none\";for(i=0;i<a.length;i++)s=a[i],e.source===s.contentWindow&&(s.removeAttribute(\"style\"),\"height\"===t.message?(1e3<(r=parseInt(t.value,10))?r=1e3:~~r<200&&(r=200),s.height=r):\"link\"===t.message&&(r=new URL(s.getAttribute(\"src\")),n=new URL(t.value),c.test(n.protocol))&&n.host===r.host&&l.activeElement===s&&(d.top.location.href=t.value))}},d.addEventListener(\"message\",d.wp.receiveEmbedMessage,!1),l.addEventListener(\"DOMContentLoaded\",function(){for(var e,t,s=l.querySelectorAll(\"iframe.wp-embedded-content\"),r=0;r<s.length;r++)(t=(e=s[r]).getAttribute(\"data-secret\"))||(t=Math.random().toString(36).substring(2,12),e.src+=\"#?secret=\"+t,e.setAttribute(\"data-secret\",t)),e.contentWindow.postMessage({message:\"ready\",secret:t},\"*\")},!1)))}(window,document);\n\/* ]]> *\/\n<\/script>\n","description":"ORDU-Ordu&#8217;da faaliyet g\u00f6steren foto\u011fraf\u00e7\u0131lar Kemal Apayd\u0131n ve Celal Bekg\u00f6z, d\u00fc\u011f\u00fcn ve do\u011fum hikayelerine objektif tutuyor. Foto\u011fraf\u00e7\u0131lar, kendilerine ba\u015fvuranlar\u0131n d\u00fc\u011f\u00fcn ve do\u011fumlar\u0131yla ilgili \u00f6zel anlar\u0131n\u0131 b\u00fcy\u00fck bir titizlik i\u00e7inde kay\u0131t alt\u0131na alarak insanlar\u0131 mutlu etmek istediklerini s\u00f6yledi. Kemal Apayd\u0131n ve Celal Bekg\u00f6z taraf\u0131ndan kurulan Ofis Dijital, Ordu&#8217;da ilk kez d\u00fc\u011f\u00fcn hik\u00e2yesi \u00e7ekimi ve do\u011fum foto\u011fraf\u00e7\u0131l\u0131\u011f\u0131 uygulamas\u0131 [&hellip;]"}