{"version":"1.0","provider_name":"The Epoch Times TR","provider_url":"https:\/\/epochtimestr.com","author_name":"G.Hakan Ko\u00e7man","author_url":"https:\/\/epochtimestr.com\/index.php\/author\/hakan","title":"Orman Yang\u0131lar\u0131 Mersin'de Dokumalara \u0130lham Kayna\u011f\u0131 Oldu - The Epoch Times TR","type":"rich","width":600,"height":338,"html":"<blockquote class=\"wp-embedded-content\" data-secret=\"StZD4G45Fa\"><a href=\"https:\/\/epochtimestr.com\/index.php\/orman-yangilari-mersinde-dokumalara-ilham-kaynagi-oldu\">Orman Yang\u0131lar\u0131 Mersin&#8217;de Dokumalara \u0130lham Kayna\u011f\u0131 Oldu<\/a><\/blockquote><iframe sandbox=\"allow-scripts\" security=\"restricted\" src=\"https:\/\/epochtimestr.com\/index.php\/orman-yangilari-mersinde-dokumalara-ilham-kaynagi-oldu\/embed#?secret=StZD4G45Fa\" width=\"600\" height=\"338\" title=\"&#8220;Orman Yang\u0131lar\u0131 Mersin&#8217;de Dokumalara \u0130lham Kayna\u011f\u0131 Oldu&#8221; &#8212; The Epoch Times TR\" data-secret=\"StZD4G45Fa\" frameborder=\"0\" marginwidth=\"0\" marginheight=\"0\" scrolling=\"no\" class=\"wp-embedded-content\"><\/iframe><script type=\"text\/javascript\">\n\/* <![CDATA[ *\/\n\/*! This file is auto-generated *\/\n!function(d,l){\"use strict\";l.querySelector&&d.addEventListener&&\"undefined\"!=typeof URL&&(d.wp=d.wp||{},d.wp.receiveEmbedMessage||(d.wp.receiveEmbedMessage=function(e){var t=e.data;if((t||t.secret||t.message||t.value)&&!\/[^a-zA-Z0-9]\/.test(t.secret)){for(var s,r,n,a=l.querySelectorAll('iframe[data-secret=\"'+t.secret+'\"]'),o=l.querySelectorAll('blockquote[data-secret=\"'+t.secret+'\"]'),c=new RegExp(\"^https?:$\",\"i\"),i=0;i<o.length;i++)o[i].style.display=\"none\";for(i=0;i<a.length;i++)s=a[i],e.source===s.contentWindow&&(s.removeAttribute(\"style\"),\"height\"===t.message?(1e3<(r=parseInt(t.value,10))?r=1e3:~~r<200&&(r=200),s.height=r):\"link\"===t.message&&(r=new URL(s.getAttribute(\"src\")),n=new URL(t.value),c.test(n.protocol))&&n.host===r.host&&l.activeElement===s&&(d.top.location.href=t.value))}},d.addEventListener(\"message\",d.wp.receiveEmbedMessage,!1),l.addEventListener(\"DOMContentLoaded\",function(){for(var e,t,s=l.querySelectorAll(\"iframe.wp-embedded-content\"),r=0;r<s.length;r++)(t=(e=s[r]).getAttribute(\"data-secret\"))||(t=Math.random().toString(36).substring(2,12),e.src+=\"#?secret=\"+t,e.setAttribute(\"data-secret\",t)),e.contentWindow.postMessage({message:\"ready\",secret:t},\"*\")},!1)))}(window,document);\n\/* ]]> *\/\n<\/script>\n","thumbnail_url":"https:\/\/epochtimestr.com\/wp-content\/uploads\/2011y\/IMG_7023-scaled.jpg","thumbnail_width":2560,"thumbnail_height":1706,"description":"Tarsus \u00dcniversitesi \u00d6\u011fretim \u00dcyesi Fatma Yelda Gezicio\u011flu taraf\u0131ndan 2021 y\u0131l\u0131nda meydana gelen orman yang\u0131nlar\u0131ndan ilham al\u0131narak \u00fcretilen dokuma heykeller sergisi sanat severler ile bulu\u015ftu. Tarsus \u00dcniversitesi \u00d6\u011fretim \u00dcyesi Fatma Yelda Gezicio\u011flu, &nbsp;ge\u00e7ti\u011fimiz y\u0131l meydana gelen orman yang\u0131nlar\u0131ndan ald\u0131\u011f\u0131 ilham ile Yok-Olu\u015f temal\u0131 dokuma sanat sergisini Mersin Sanat Kul\u00fcb\u00fc&#8217;nde sanat severler ile bulu\u015fturdu. \u0130kinci ki\u015fisel sergisi [&hellip;]"}