{"version":"1.0","provider_name":"The Epoch Times TR","provider_url":"https:\/\/epochtimestr.com","author_name":"\u00c7.Akdeniz","author_url":"https:\/\/epochtimestr.com\/index.php\/author\/cigdem","title":"Orta Do\u011fu Protestosu: Alev \u0130\u00e7in Barut Laz\u0131m - The Epoch Times TR","type":"rich","width":600,"height":338,"html":"<blockquote class=\"wp-embedded-content\" data-secret=\"oCxs0MdWGD\"><a href=\"https:\/\/epochtimestr.com\/index.php\/orta-dogu-protestosu-alev-icin-barut-lazim\">Orta Do\u011fu Protestosu: Alev \u0130\u00e7in Barut Laz\u0131m<\/a><\/blockquote><iframe sandbox=\"allow-scripts\" security=\"restricted\" src=\"https:\/\/epochtimestr.com\/index.php\/orta-dogu-protestosu-alev-icin-barut-lazim\/embed#?secret=oCxs0MdWGD\" width=\"600\" height=\"338\" title=\"&#8220;Orta Do\u011fu Protestosu: Alev \u0130\u00e7in Barut Laz\u0131m&#8221; &#8212; The Epoch Times TR\" data-secret=\"oCxs0MdWGD\" frameborder=\"0\" marginwidth=\"0\" marginheight=\"0\" scrolling=\"no\" class=\"wp-embedded-content\"><\/iframe><script type=\"text\/javascript\">\n\/* <![CDATA[ *\/\n\/*! This file is auto-generated *\/\n!function(d,l){\"use strict\";l.querySelector&&d.addEventListener&&\"undefined\"!=typeof URL&&(d.wp=d.wp||{},d.wp.receiveEmbedMessage||(d.wp.receiveEmbedMessage=function(e){var t=e.data;if((t||t.secret||t.message||t.value)&&!\/[^a-zA-Z0-9]\/.test(t.secret)){for(var s,r,n,a=l.querySelectorAll('iframe[data-secret=\"'+t.secret+'\"]'),o=l.querySelectorAll('blockquote[data-secret=\"'+t.secret+'\"]'),c=new RegExp(\"^https?:$\",\"i\"),i=0;i<o.length;i++)o[i].style.display=\"none\";for(i=0;i<a.length;i++)s=a[i],e.source===s.contentWindow&&(s.removeAttribute(\"style\"),\"height\"===t.message?(1e3<(r=parseInt(t.value,10))?r=1e3:~~r<200&&(r=200),s.height=r):\"link\"===t.message&&(r=new URL(s.getAttribute(\"src\")),n=new URL(t.value),c.test(n.protocol))&&n.host===r.host&&l.activeElement===s&&(d.top.location.href=t.value))}},d.addEventListener(\"message\",d.wp.receiveEmbedMessage,!1),l.addEventListener(\"DOMContentLoaded\",function(){for(var e,t,s=l.querySelectorAll(\"iframe.wp-embedded-content\"),r=0;r<s.length;r++)(t=(e=s[r]).getAttribute(\"data-secret\"))||(t=Math.random().toString(36).substring(2,12),e.src+=\"#?secret=\"+t,e.setAttribute(\"data-secret\",t)),e.contentWindow.postMessage({message:\"ready\",secret:t},\"*\")},!1)))}(window,document);\n\/* ]]> *\/\n<\/script>\n","description":"Aynen ate\u015fin alev almas\u0131 i\u00e7in barutun gerekli olmas\u0131 gibi, meydana gelen protestolar\u0131nda sebeplere ihtiyac\u0131 vard\u0131r. Son aylarda protestolar\u0131n k\u0131v\u0131lc\u0131mlanmas\u0131na yol a\u00e7an \u0130\u015fsizlik, yoksulluk, psikolojik bask\u0131 ve yolsuzluk Orta Asya ve Kuzey Afrika b\u00f6lgelerindeki ortak problemler olarak g\u00f6r\u00fcl\u00fcyor. Her \u00fclkenin kendine \u00f6zg\u00fc ko\u015fullar\u0131 farkl\u0131 fakat k\u0131v\u0131lc\u0131m\u0131n ba\u015flamas\u0131ndaki ortak fakt\u00f6r \u00f6zg\u00fcrl\u00fcklerinin k\u0131s\u0131tlanmas\u0131. Tunus\u2019ta 17 aral\u0131k 2007\u2019de ba\u015flayan [&hellip;]","thumbnail_url":"http:\/\/www.epochtimestr.com\/wp-content\/uploads\/2011\/ocak 2011\/epoch-times-1.jpg"}