{"version":"1.0","provider_name":"The Epoch Times TR","provider_url":"https:\/\/epochtimestr.com","author_name":"S. \u00d6zcan","author_url":"https:\/\/epochtimestr.com\/index.php\/author\/n-kaya","title":"\u00d6zgecan\u2019\u0131n Katiline Babas\u0131n\u0131n Siper Oldu\u011fu Ortaya \u00c7\u0131kt\u0131 - The Epoch Times TR","type":"rich","width":600,"height":338,"html":"<blockquote class=\"wp-embedded-content\" data-secret=\"HBEdzSheO3\"><a href=\"https:\/\/epochtimestr.com\/index.php\/ozgecanin-katiline-babasinin-siper-oldugu-ortaya-cikti\">\u00d6zgecan\u2019\u0131n Katiline Babas\u0131n\u0131n Siper Oldu\u011fu Ortaya \u00c7\u0131kt\u0131<\/a><\/blockquote><iframe sandbox=\"allow-scripts\" security=\"restricted\" src=\"https:\/\/epochtimestr.com\/index.php\/ozgecanin-katiline-babasinin-siper-oldugu-ortaya-cikti\/embed#?secret=HBEdzSheO3\" width=\"600\" height=\"338\" title=\"&#8220;\u00d6zgecan\u2019\u0131n Katiline Babas\u0131n\u0131n Siper Oldu\u011fu Ortaya \u00c7\u0131kt\u0131&#8221; &#8212; The Epoch Times TR\" data-secret=\"HBEdzSheO3\" frameborder=\"0\" marginwidth=\"0\" marginheight=\"0\" scrolling=\"no\" class=\"wp-embedded-content\"><\/iframe><script type=\"text\/javascript\">\n\/* <![CDATA[ *\/\n\/*! This file is auto-generated *\/\n!function(d,l){\"use strict\";l.querySelector&&d.addEventListener&&\"undefined\"!=typeof URL&&(d.wp=d.wp||{},d.wp.receiveEmbedMessage||(d.wp.receiveEmbedMessage=function(e){var t=e.data;if((t||t.secret||t.message||t.value)&&!\/[^a-zA-Z0-9]\/.test(t.secret)){for(var s,r,n,a=l.querySelectorAll('iframe[data-secret=\"'+t.secret+'\"]'),o=l.querySelectorAll('blockquote[data-secret=\"'+t.secret+'\"]'),c=new RegExp(\"^https?:$\",\"i\"),i=0;i<o.length;i++)o[i].style.display=\"none\";for(i=0;i<a.length;i++)s=a[i],e.source===s.contentWindow&&(s.removeAttribute(\"style\"),\"height\"===t.message?(1e3<(r=parseInt(t.value,10))?r=1e3:~~r<200&&(r=200),s.height=r):\"link\"===t.message&&(r=new URL(s.getAttribute(\"src\")),n=new URL(t.value),c.test(n.protocol))&&n.host===r.host&&l.activeElement===s&&(d.top.location.href=t.value))}},d.addEventListener(\"message\",d.wp.receiveEmbedMessage,!1),l.addEventListener(\"DOMContentLoaded\",function(){for(var e,t,s=l.querySelectorAll(\"iframe.wp-embedded-content\"),r=0;r<s.length;r++)(t=(e=s[r]).getAttribute(\"data-secret\"))||(t=Math.random().toString(36).substring(2,12),e.src+=\"#?secret=\"+t,e.setAttribute(\"data-secret\",t)),e.contentWindow.postMessage({message:\"ready\",secret:t},\"*\")},!1)))}(window,document);\n\/* ]]> *\/\n<\/script>\n","thumbnail_url":"https:\/\/epochtimestr.com\/wp-content\/uploads\/2011y\/1614776.jpg","thumbnail_width":600,"thumbnail_height":319,"description":"\u00dcniversite \u00f6\u011frencisi \u00d6zgecan Aslan&#8217;\u0131n katili Ahmet Suphi Alt\u0131nd\u00f6ken&#8217;in cezaevinde vurulduktan sonra, babas\u0131n\u0131n o\u011flunu korumak i\u00e7in \u00fczerine yatt\u0131\u011f\u0131, bu s\u0131rada vuruldu\u011fu ortaya \u00e7\u0131kt\u0131. Adana F Tipi Y\u00fcksek G\u00fcvenlikli Ceza \u0130nfaz Kurumu\u2019nda 11 Nisan 2016 tarihinde h\u00fck\u00fcml\u00fcler Ahmet Suphi Alt\u0131nd\u00f6ken ve Necmettin Alt\u0131nd\u00f6ken\u2019in silahl\u0131 sald\u0131r\u0131ya u\u011framas\u0131 ile ilgili olarak olay\u0131n nas\u0131l oldu\u011fuyla ilgili yeni bilgiler ortaya \u00e7\u0131kt\u0131. [&hellip;]"}