{"version":"1.0","provider_name":"The Epoch Times TR","provider_url":"https:\/\/epochtimestr.com","author_name":"Emel AKAN","author_url":"https:\/\/epochtimestr.com\/index.php\/author\/emel","title":"Pakistan Depreminde \u00d6l\u00fc Say\u0131s\u0131 Art\u0131yor - The Epoch Times TR","type":"rich","width":600,"height":338,"html":"<blockquote class=\"wp-embedded-content\" data-secret=\"1sUv2MIvjj\"><a href=\"https:\/\/epochtimestr.com\/index.php\/pakistan-depreminde-olu-sayisi-artiyor\">Pakistan Depreminde \u00d6l\u00fc Say\u0131s\u0131 Art\u0131yor<\/a><\/blockquote><iframe sandbox=\"allow-scripts\" security=\"restricted\" src=\"https:\/\/epochtimestr.com\/index.php\/pakistan-depreminde-olu-sayisi-artiyor\/embed#?secret=1sUv2MIvjj\" width=\"600\" height=\"338\" title=\"&#8220;Pakistan Depreminde \u00d6l\u00fc Say\u0131s\u0131 Art\u0131yor&#8221; &#8212; The Epoch Times TR\" data-secret=\"1sUv2MIvjj\" frameborder=\"0\" marginwidth=\"0\" marginheight=\"0\" scrolling=\"no\" class=\"wp-embedded-content\"><\/iframe><script type=\"text\/javascript\">\n\/* <![CDATA[ *\/\n\/*! This file is auto-generated *\/\n!function(d,l){\"use strict\";l.querySelector&&d.addEventListener&&\"undefined\"!=typeof URL&&(d.wp=d.wp||{},d.wp.receiveEmbedMessage||(d.wp.receiveEmbedMessage=function(e){var t=e.data;if((t||t.secret||t.message||t.value)&&!\/[^a-zA-Z0-9]\/.test(t.secret)){for(var s,r,n,a=l.querySelectorAll('iframe[data-secret=\"'+t.secret+'\"]'),o=l.querySelectorAll('blockquote[data-secret=\"'+t.secret+'\"]'),c=new RegExp(\"^https?:$\",\"i\"),i=0;i<o.length;i++)o[i].style.display=\"none\";for(i=0;i<a.length;i++)s=a[i],e.source===s.contentWindow&&(s.removeAttribute(\"style\"),\"height\"===t.message?(1e3<(r=parseInt(t.value,10))?r=1e3:~~r<200&&(r=200),s.height=r):\"link\"===t.message&&(r=new URL(s.getAttribute(\"src\")),n=new URL(t.value),c.test(n.protocol))&&n.host===r.host&&l.activeElement===s&&(d.top.location.href=t.value))}},d.addEventListener(\"message\",d.wp.receiveEmbedMessage,!1),l.addEventListener(\"DOMContentLoaded\",function(){for(var e,t,s=l.querySelectorAll(\"iframe.wp-embedded-content\"),r=0;r<s.length;r++)(t=(e=s[r]).getAttribute(\"data-secret\"))||(t=Math.random().toString(36).substring(2,12),e.src+=\"#?secret=\"+t,e.setAttribute(\"data-secret\",t)),e.contentWindow.postMessage({message:\"ready\",secret:t},\"*\")},!1)))}(window,document);\n\/* ]]> *\/\n<\/script>\n","thumbnail_url":"https:\/\/epochtimestr.com\/wp-content\/uploads\/2011y\/pakistan-depremi-eyl\u00fcl-2013.jpg","thumbnail_width":489,"thumbnail_height":325,"description":"Pakistan\u2019\u0131n g\u00fcneybat\u0131s\u0131ndaki Belucistan b\u00f6lgesinde d\u00fcn meydana gelen 7.7 b\u00fcy\u00fckl\u00fc\u011f\u00fcndeki depremde \u00f6l\u00fc say\u0131s\u0131 327\u2019e y\u00fckseldi. Reuters\u2019in haberine g\u00f6re Pakistan\u2019\u0131n g\u00fcneybat\u0131s\u0131nda meydana gelen 7.7 b\u00fcy\u00fckl\u00fc\u011f\u00fcndeki depremde en az 327 insan hayat\u0131n\u0131 kaybetti. \u00d6l\u00fc say\u0131s\u0131n\u0131n artmas\u0131ndan endi\u015fe ediliyor. \u00dclkenin Belucistan eyaletinde da\u011fl\u0131k bir b\u00f6lgede ger\u00e7ekle\u015fen depremde, \u00e7ok say\u0131da ev y\u0131k\u0131ld\u0131. Deprem, Yeni Delhi, Dubai ve Kara\u00e7i\u2019de de hissedildi. [&hellip;]"}