{"version":"1.0","provider_name":"The Epoch Times TR","provider_url":"https:\/\/epochtimestr.com","author_name":"\u00c7.Akdeniz","author_url":"https:\/\/epochtimestr.com\/index.php\/author\/cigdem","title":"Pakistan\u2019da 7,2 B\u00fcy\u00fckl\u00fc\u011f\u00fcnde Deprem - The Epoch Times TR","type":"rich","width":600,"height":338,"html":"<blockquote class=\"wp-embedded-content\" data-secret=\"4ZPIPVcF2y\"><a href=\"https:\/\/epochtimestr.com\/index.php\/pakistanda-72-buyuklugunde-deprem\">Pakistan\u2019da 7,2 B\u00fcy\u00fckl\u00fc\u011f\u00fcnde Deprem<\/a><\/blockquote><iframe sandbox=\"allow-scripts\" security=\"restricted\" src=\"https:\/\/epochtimestr.com\/index.php\/pakistanda-72-buyuklugunde-deprem\/embed#?secret=4ZPIPVcF2y\" width=\"600\" height=\"338\" title=\"&#8220;Pakistan\u2019da 7,2 B\u00fcy\u00fckl\u00fc\u011f\u00fcnde Deprem&#8221; &#8212; The Epoch Times TR\" data-secret=\"4ZPIPVcF2y\" frameborder=\"0\" marginwidth=\"0\" marginheight=\"0\" scrolling=\"no\" class=\"wp-embedded-content\"><\/iframe><script type=\"text\/javascript\">\n\/* <![CDATA[ *\/\n\/*! This file is auto-generated *\/\n!function(d,l){\"use strict\";l.querySelector&&d.addEventListener&&\"undefined\"!=typeof URL&&(d.wp=d.wp||{},d.wp.receiveEmbedMessage||(d.wp.receiveEmbedMessage=function(e){var t=e.data;if((t||t.secret||t.message||t.value)&&!\/[^a-zA-Z0-9]\/.test(t.secret)){for(var s,r,n,a=l.querySelectorAll('iframe[data-secret=\"'+t.secret+'\"]'),o=l.querySelectorAll('blockquote[data-secret=\"'+t.secret+'\"]'),c=new RegExp(\"^https?:$\",\"i\"),i=0;i<o.length;i++)o[i].style.display=\"none\";for(i=0;i<a.length;i++)s=a[i],e.source===s.contentWindow&&(s.removeAttribute(\"style\"),\"height\"===t.message?(1e3<(r=parseInt(t.value,10))?r=1e3:~~r<200&&(r=200),s.height=r):\"link\"===t.message&&(r=new URL(s.getAttribute(\"src\")),n=new URL(t.value),c.test(n.protocol))&&n.host===r.host&&l.activeElement===s&&(d.top.location.href=t.value))}},d.addEventListener(\"message\",d.wp.receiveEmbedMessage,!1),l.addEventListener(\"DOMContentLoaded\",function(){for(var e,t,s=l.querySelectorAll(\"iframe.wp-embedded-content\"),r=0;r<s.length;r++)(t=(e=s[r]).getAttribute(\"data-secret\"))||(t=Math.random().toString(36).substring(2,12),e.src+=\"#?secret=\"+t,e.setAttribute(\"data-secret\",t)),e.contentWindow.postMessage({message:\"ready\",secret:t},\"*\")},!1)))}(window,document);\n\/* ]]> *\/\n<\/script>\n","description":"Pakistan&#8217;\u0131n g\u00fcneybat\u0131s\u0131ndaki Belucistan eyaletinde meydana gelen 7,2 b\u00fcy\u00fckl\u00fc\u011f\u00fcndeki deprem, ba\u015fkent \u0130slamabad ile Kara\u00e7i, Multan, Lahor, Haydarabad ve Kuetta \u015fehirlerinde de hissedildi. Pani\u011fe kap\u0131lan Pakistanl\u0131lar sokaklara d\u00f6k\u00fcld\u00fc. Yetkililer, can kayb\u0131 olup olmad\u0131\u011f\u0131n\u0131n ara\u015ft\u0131r\u0131ld\u0131\u011f\u0131n\u0131 bildirdi. Amerikan Jeolojik Ara\u015ft\u0131rmalar Kurumu, merkez \u00fcss\u00fc Belucistan eyaleti olan depremin yerin 84 kilometre alt\u0131nda ger\u00e7ekle\u015fti\u011fini duyurdu. Pakistan Meteoroloji Kurumu \u015fefi Arif Mahmud, [&hellip;]","thumbnail_url":"http:\/\/www.epochtimestr.com\/wp-content\/uploads\/2011\/ocak 2011\/108140387.jpg"}