{"version":"1.0","provider_name":"The Epoch Times TR","provider_url":"https:\/\/epochtimestr.com","author_name":"Emel AKAN","author_url":"https:\/\/epochtimestr.com\/index.php\/author\/emel","title":"Papa Francis T\u00fcrkiye\u2019de - The Epoch Times TR","type":"rich","width":600,"height":338,"html":"<blockquote class=\"wp-embedded-content\" data-secret=\"zRJfUYXESM\"><a href=\"https:\/\/epochtimestr.com\/index.php\/papa-francis-turkiyede\">Papa Francis T\u00fcrkiye\u2019de<\/a><\/blockquote><iframe sandbox=\"allow-scripts\" security=\"restricted\" src=\"https:\/\/epochtimestr.com\/index.php\/papa-francis-turkiyede\/embed#?secret=zRJfUYXESM\" width=\"600\" height=\"338\" title=\"&#8220;Papa Francis T\u00fcrkiye\u2019de&#8221; &#8212; The Epoch Times TR\" data-secret=\"zRJfUYXESM\" frameborder=\"0\" marginwidth=\"0\" marginheight=\"0\" scrolling=\"no\" class=\"wp-embedded-content\"><\/iframe><script type=\"text\/javascript\">\n\/* <![CDATA[ *\/\n\/*! This file is auto-generated *\/\n!function(d,l){\"use strict\";l.querySelector&&d.addEventListener&&\"undefined\"!=typeof URL&&(d.wp=d.wp||{},d.wp.receiveEmbedMessage||(d.wp.receiveEmbedMessage=function(e){var t=e.data;if((t||t.secret||t.message||t.value)&&!\/[^a-zA-Z0-9]\/.test(t.secret)){for(var s,r,n,a=l.querySelectorAll('iframe[data-secret=\"'+t.secret+'\"]'),o=l.querySelectorAll('blockquote[data-secret=\"'+t.secret+'\"]'),c=new RegExp(\"^https?:$\",\"i\"),i=0;i<o.length;i++)o[i].style.display=\"none\";for(i=0;i<a.length;i++)s=a[i],e.source===s.contentWindow&&(s.removeAttribute(\"style\"),\"height\"===t.message?(1e3<(r=parseInt(t.value,10))?r=1e3:~~r<200&&(r=200),s.height=r):\"link\"===t.message&&(r=new URL(s.getAttribute(\"src\")),n=new URL(t.value),c.test(n.protocol))&&n.host===r.host&&l.activeElement===s&&(d.top.location.href=t.value))}},d.addEventListener(\"message\",d.wp.receiveEmbedMessage,!1),l.addEventListener(\"DOMContentLoaded\",function(){for(var e,t,s=l.querySelectorAll(\"iframe.wp-embedded-content\"),r=0;r<s.length;r++)(t=(e=s[r]).getAttribute(\"data-secret\"))||(t=Math.random().toString(36).substring(2,12),e.src+=\"#?secret=\"+t,e.setAttribute(\"data-secret\",t)),e.contentWindow.postMessage({message:\"ready\",secret:t},\"*\")},!1)))}(window,document);\n\/* ]]> *\/\n<\/script>\n","thumbnail_url":"https:\/\/epochtimestr.com\/wp-content\/uploads\/2011y\/Papa-Francis_Erdogan.jpg","thumbnail_width":500,"thumbnail_height":336,"description":"Vatikan Devlet Ba\u015fkan\u0131 Papa Francis, Cumhurba\u015fkan\u0131 Erdo\u011fan\u2019\u0131n davetlisi olarak T\u00fcrkiye\u2019ye geldi. Resmi t\u00f6renle kar\u015f\u0131lanan Papa Francis, Cumhurba\u015fkanl\u0131\u011f\u0131 Saray\u0131\u2019nda konuk edilen ilk devlet ba\u015fkan\u0131 oldu. An\u0131tkabir\u2019deki t\u00f6renin ard\u0131ndan Cumhurba\u015fkanl\u0131\u011f\u0131 Saray\u0131\u2019na gelen Papa Francis, t\u00f6ren k\u0131tas\u0131n\u0131 T\u00fcrk\u00e7e \u201cMerhaba asker\u201d diyerek selamlad\u0131. Cumhurba\u015fkan\u0131 Erdo\u011fan ve Papa Francis t\u00f6renin ard\u0131ndan birbirlerine heyetlerini takdim ettiler. Heyette, Ba\u015fbakan Ahmet Davuto\u011flu, Ba\u015fbakan [&hellip;]"}