{"version":"1.0","provider_name":"The Epoch Times TR","provider_url":"https:\/\/epochtimestr.com","author_name":"Haber Merkezi","author_url":"https:\/\/epochtimestr.com\/index.php\/author\/sendag","title":"Pekin'de Kum F\u0131rt\u0131nas\u0131 Meydana Geldi - The Epoch Times TR","type":"rich","width":600,"height":338,"html":"<blockquote class=\"wp-embedded-content\" data-secret=\"FZSTrkrKUn\"><a href=\"https:\/\/epochtimestr.com\/index.php\/pekinde-kum-firtinasi-meydana-geldi\">Pekin&#8217;de Kum F\u0131rt\u0131nas\u0131 Meydana Geldi<\/a><\/blockquote><iframe sandbox=\"allow-scripts\" security=\"restricted\" src=\"https:\/\/epochtimestr.com\/index.php\/pekinde-kum-firtinasi-meydana-geldi\/embed#?secret=FZSTrkrKUn\" width=\"600\" height=\"338\" title=\"&#8220;Pekin&#8217;de Kum F\u0131rt\u0131nas\u0131 Meydana Geldi&#8221; &#8212; The Epoch Times TR\" data-secret=\"FZSTrkrKUn\" frameborder=\"0\" marginwidth=\"0\" marginheight=\"0\" scrolling=\"no\" class=\"wp-embedded-content\"><\/iframe><script type=\"text\/javascript\">\n\/* <![CDATA[ *\/\n\/*! This file is auto-generated *\/\n!function(d,l){\"use strict\";l.querySelector&&d.addEventListener&&\"undefined\"!=typeof URL&&(d.wp=d.wp||{},d.wp.receiveEmbedMessage||(d.wp.receiveEmbedMessage=function(e){var t=e.data;if((t||t.secret||t.message||t.value)&&!\/[^a-zA-Z0-9]\/.test(t.secret)){for(var s,r,n,a=l.querySelectorAll('iframe[data-secret=\"'+t.secret+'\"]'),o=l.querySelectorAll('blockquote[data-secret=\"'+t.secret+'\"]'),c=new RegExp(\"^https?:$\",\"i\"),i=0;i<o.length;i++)o[i].style.display=\"none\";for(i=0;i<a.length;i++)s=a[i],e.source===s.contentWindow&&(s.removeAttribute(\"style\"),\"height\"===t.message?(1e3<(r=parseInt(t.value,10))?r=1e3:~~r<200&&(r=200),s.height=r):\"link\"===t.message&&(r=new URL(s.getAttribute(\"src\")),n=new URL(t.value),c.test(n.protocol))&&n.host===r.host&&l.activeElement===s&&(d.top.location.href=t.value))}},d.addEventListener(\"message\",d.wp.receiveEmbedMessage,!1),l.addEventListener(\"DOMContentLoaded\",function(){for(var e,t,s=l.querySelectorAll(\"iframe.wp-embedded-content\"),r=0;r<s.length;r++)(t=(e=s[r]).getAttribute(\"data-secret\"))||(t=Math.random().toString(36).substring(2,12),e.src+=\"#?secret=\"+t,e.setAttribute(\"data-secret\",t)),e.contentWindow.postMessage({message:\"ready\",secret:t},\"*\")},!1)))}(window,document);\n\/* ]]> *\/\n<\/script>\n","thumbnail_url":"https:\/\/epochtimestr.com\/wp-content\/uploads\/2011y\/\u00c7in-Kum-F\u0131rt\u0131na-SouthChinaMorningPost-screenshot-1.png","thumbnail_width":1212,"thumbnail_height":768,"description":"\u00c7in\u2019in ba\u015fkenti Pekin\u2019de kum f\u0131rt\u0131nas\u0131 meydana gelmesi \u00fczerine meteoroloji yetkilileri, vatanda\u015f\u0131n d\u0131\u015far\u0131 \u00e7\u0131kmamas\u0131 konusunda uyar\u0131da bulundu. \u00c7in\u2019in ba\u015fkenti Pekin\u2019i kum f\u0131rt\u0131nas\u0131 vurdu. G\u00f6ky\u00fcz\u00fcn\u00fc kaplayan toz bulutu nedeniyle bir \u00e7ok ki\u015fi panik ya\u015fad\u0131. \u00c7inli meteoroloji yetkilileri, vatanda\u015flara d\u0131\u015far\u0131ya \u00e7\u0131kmamalar\u0131 konusunda tavsiyede bulundu. Yerel medya, yetkililerin kentte sar\u0131 alarm verdi\u011fini duyurdu. Kum f\u0131rt\u0131nas\u0131nda can kayb\u0131 ya da [&hellip;]"}