{"version":"1.0","provider_name":"The Epoch Times TR","provider_url":"https:\/\/epochtimestr.com","author_name":"D.Alk\u0131n","author_url":"https:\/\/epochtimestr.com\/index.php\/author\/derya","title":"PKK, CHP Miilletvekili H\u00fcseyin Ayg\u00fcn'\u00fc Ka\u00e7\u0131rd\u0131 - The Epoch Times TR","type":"rich","width":600,"height":338,"html":"<blockquote class=\"wp-embedded-content\" data-secret=\"GXGULaowvu\"><a href=\"https:\/\/epochtimestr.com\/index.php\/pkk-chp-miilletvekili-huseyin-aygunu-kacirdi\">PKK, CHP Miilletvekili H\u00fcseyin Ayg\u00fcn&#8217;\u00fc Ka\u00e7\u0131rd\u0131<\/a><\/blockquote><iframe sandbox=\"allow-scripts\" security=\"restricted\" src=\"https:\/\/epochtimestr.com\/index.php\/pkk-chp-miilletvekili-huseyin-aygunu-kacirdi\/embed#?secret=GXGULaowvu\" width=\"600\" height=\"338\" title=\"&#8220;PKK, CHP Miilletvekili H\u00fcseyin Ayg\u00fcn&#8217;\u00fc Ka\u00e7\u0131rd\u0131&#8221; &#8212; The Epoch Times TR\" data-secret=\"GXGULaowvu\" frameborder=\"0\" marginwidth=\"0\" marginheight=\"0\" scrolling=\"no\" class=\"wp-embedded-content\"><\/iframe><script type=\"text\/javascript\">\n\/* <![CDATA[ *\/\n\/*! This file is auto-generated *\/\n!function(d,l){\"use strict\";l.querySelector&&d.addEventListener&&\"undefined\"!=typeof URL&&(d.wp=d.wp||{},d.wp.receiveEmbedMessage||(d.wp.receiveEmbedMessage=function(e){var t=e.data;if((t||t.secret||t.message||t.value)&&!\/[^a-zA-Z0-9]\/.test(t.secret)){for(var s,r,n,a=l.querySelectorAll('iframe[data-secret=\"'+t.secret+'\"]'),o=l.querySelectorAll('blockquote[data-secret=\"'+t.secret+'\"]'),c=new RegExp(\"^https?:$\",\"i\"),i=0;i<o.length;i++)o[i].style.display=\"none\";for(i=0;i<a.length;i++)s=a[i],e.source===s.contentWindow&&(s.removeAttribute(\"style\"),\"height\"===t.message?(1e3<(r=parseInt(t.value,10))?r=1e3:~~r<200&&(r=200),s.height=r):\"link\"===t.message&&(r=new URL(s.getAttribute(\"src\")),n=new URL(t.value),c.test(n.protocol))&&n.host===r.host&&l.activeElement===s&&(d.top.location.href=t.value))}},d.addEventListener(\"message\",d.wp.receiveEmbedMessage,!1),l.addEventListener(\"DOMContentLoaded\",function(){for(var e,t,s=l.querySelectorAll(\"iframe.wp-embedded-content\"),r=0;r<s.length;r++)(t=(e=s[r]).getAttribute(\"data-secret\"))||(t=Math.random().toString(36).substring(2,12),e.src+=\"#?secret=\"+t,e.setAttribute(\"data-secret\",t)),e.contentWindow.postMessage({message:\"ready\",secret:t},\"*\")},!1)))}(window,document);\n\/* ]]> *\/\n<\/script>\n","description":"PKK, CHP Tunceli milletvekili H\u00fcseyin Ayg\u00fcn\u2019\u00fc ka\u00e7\u0131rd\u0131. 8 A\u011fustos\u2019tan beri Tunceli\u2019de bulunan Ayg\u00fcn il\u00e7elerde ve k\u00f6ylerde gezerek vatanda\u015flar\u0131 dinliyordu. Esnaf ve vatanda\u015flarla g\u00f6r\u00fc\u015fmek amac\u0131yla bu sabah Tunceli\u2019nin Ovac\u0131k il\u00e7esine giden CHP milletvekili H\u00fcseyin Ayg\u00fcn\u2019\u00fcn yolu d\u00f6n\u00fc\u015fte saat 19.00 sular\u0131nda Ovac\u0131k Karayolu\u2019nun 35. kilometresinde iki ki\u015filik PKK grubu taraf\u0131ndan kesildi. CHP milletvekili H\u00fcseyin Ayg\u00fcn ve yan\u0131ndaki [&hellip;]","thumbnail_url":"http:\/\/epochtimestr.com\/wp-content\/uploads\/2011y\/son-dakika-300x225.png"}