{"version":"1.0","provider_name":"The Epoch Times TR","provider_url":"https:\/\/epochtimestr.com","author_name":"D.Alk\u0131n","author_url":"https:\/\/epochtimestr.com\/index.php\/author\/derya","title":"PKK \u00d6ld\u00fcrd\u00fc\u011f\u00fc Kad\u0131nlar\u0131n Ailelerinden \u00d6z\u00fcr Diledi - The Epoch Times TR","type":"rich","width":600,"height":338,"html":"<blockquote class=\"wp-embedded-content\" data-secret=\"3kPfw65PL6\"><a href=\"https:\/\/epochtimestr.com\/index.php\/pkk-oldurdugu-kadinlarin-ailelerinden-ozur-diledi\">PKK \u00d6ld\u00fcrd\u00fc\u011f\u00fc Kad\u0131nlar\u0131n Ailelerinden \u00d6z\u00fcr Diledi<\/a><\/blockquote><iframe sandbox=\"allow-scripts\" security=\"restricted\" src=\"https:\/\/epochtimestr.com\/index.php\/pkk-oldurdugu-kadinlarin-ailelerinden-ozur-diledi\/embed#?secret=3kPfw65PL6\" width=\"600\" height=\"338\" title=\"&#8220;PKK \u00d6ld\u00fcrd\u00fc\u011f\u00fc Kad\u0131nlar\u0131n Ailelerinden \u00d6z\u00fcr Diledi&#8221; &#8212; The Epoch Times TR\" data-secret=\"3kPfw65PL6\" frameborder=\"0\" marginwidth=\"0\" marginheight=\"0\" scrolling=\"no\" class=\"wp-embedded-content\"><\/iframe><script type=\"text\/javascript\">\n\/* <![CDATA[ *\/\n\/*! This file is auto-generated *\/\n!function(d,l){\"use strict\";l.querySelector&&d.addEventListener&&\"undefined\"!=typeof URL&&(d.wp=d.wp||{},d.wp.receiveEmbedMessage||(d.wp.receiveEmbedMessage=function(e){var t=e.data;if((t||t.secret||t.message||t.value)&&!\/[^a-zA-Z0-9]\/.test(t.secret)){for(var s,r,n,a=l.querySelectorAll('iframe[data-secret=\"'+t.secret+'\"]'),o=l.querySelectorAll('blockquote[data-secret=\"'+t.secret+'\"]'),c=new RegExp(\"^https?:$\",\"i\"),i=0;i<o.length;i++)o[i].style.display=\"none\";for(i=0;i<a.length;i++)s=a[i],e.source===s.contentWindow&&(s.removeAttribute(\"style\"),\"height\"===t.message?(1e3<(r=parseInt(t.value,10))?r=1e3:~~r<200&&(r=200),s.height=r):\"link\"===t.message&&(r=new URL(s.getAttribute(\"src\")),n=new URL(t.value),c.test(n.protocol))&&n.host===r.host&&l.activeElement===s&&(d.top.location.href=t.value))}},d.addEventListener(\"message\",d.wp.receiveEmbedMessage,!1),l.addEventListener(\"DOMContentLoaded\",function(){for(var e,t,s=l.querySelectorAll(\"iframe.wp-embedded-content\"),r=0;r<s.length;r++)(t=(e=s[r]).getAttribute(\"data-secret\"))||(t=Math.random().toString(36).substring(2,12),e.src+=\"#?secret=\"+t,e.setAttribute(\"data-secret\",t)),e.contentWindow.postMessage({message:\"ready\",secret:t},\"*\")},!1)))}(window,document);\n\/* ]]> *\/\n<\/script>\n","description":"&nbsp; Siirt\u2019te arkada\u015flar\u0131na veda yeme\u011finden d\u00f6nen 6 kad\u0131na PKK ter\u00f6r \u00f6rg\u00fct\u00fc pusu kurarak ate\u015f a\u00e7mas\u0131 sonucu 4 kad\u0131n \u00f6lm\u00fc\u015f ikisi de a\u011f\u0131r yaralanm\u0131\u015ft\u0131. PKK ter\u00f6r \u00f6rg\u00fct\u00fc kendine yak\u0131nl\u0131\u011f\u0131yla bilinen F\u0131rat Haber Ajans\u0131\u2019nda sald\u0131r\u0131yla ilgili \u00f6z\u00fcr diledi. A\u00e7\u0131klamada \u2018halk\u0131m\u0131z ve ya\u015famlar\u0131n\u0131 yitirenlerin ailelerinden \u00f6z\u00fcr diliyoruz.\u2019 Denilerek olay\u0131 \u2018ac\u0131 kaza\u2019 olarak nitelendiren ter\u00f6r \u00f6rg\u00fct\u00fc, arac\u0131n i\u00e7inde polis [&hellip;]","thumbnail_url":"http:\/\/www.epochtimestr.com\/wp-content\/uploads\/2011y\/K\u00fcrtler.jpg"}