{"version":"1.0","provider_name":"The Epoch Times TR","provider_url":"https:\/\/epochtimestr.com","author_name":"G.Hakan Ko\u00e7man","author_url":"https:\/\/epochtimestr.com\/index.php\/author\/hakan","title":"PKK Pusu Kurdu 5 Asker Ya\u015fam\u0131n\u0131 Yitirdi   - The Epoch Times TR","type":"rich","width":600,"height":338,"html":"<blockquote class=\"wp-embedded-content\" data-secret=\"oagrPNZHpa\"><a href=\"https:\/\/epochtimestr.com\/index.php\/pkk-pusu-kurdu-5-asker-yasamini-yitirdi\">PKK Pusu Kurdu 5 Asker Ya\u015fam\u0131n\u0131 Yitirdi<\/a><\/blockquote><iframe sandbox=\"allow-scripts\" security=\"restricted\" src=\"https:\/\/epochtimestr.com\/index.php\/pkk-pusu-kurdu-5-asker-yasamini-yitirdi\/embed#?secret=oagrPNZHpa\" width=\"600\" height=\"338\" title=\"&#8220;PKK Pusu Kurdu 5 Asker Ya\u015fam\u0131n\u0131 Yitirdi&#8221; &#8212; The Epoch Times TR\" data-secret=\"oagrPNZHpa\" frameborder=\"0\" marginwidth=\"0\" marginheight=\"0\" scrolling=\"no\" class=\"wp-embedded-content\"><\/iframe><script type=\"text\/javascript\">\n\/* <![CDATA[ *\/\n\/*! This file is auto-generated *\/\n!function(d,l){\"use strict\";l.querySelector&&d.addEventListener&&\"undefined\"!=typeof URL&&(d.wp=d.wp||{},d.wp.receiveEmbedMessage||(d.wp.receiveEmbedMessage=function(e){var t=e.data;if((t||t.secret||t.message||t.value)&&!\/[^a-zA-Z0-9]\/.test(t.secret)){for(var s,r,n,a=l.querySelectorAll('iframe[data-secret=\"'+t.secret+'\"]'),o=l.querySelectorAll('blockquote[data-secret=\"'+t.secret+'\"]'),c=new RegExp(\"^https?:$\",\"i\"),i=0;i<o.length;i++)o[i].style.display=\"none\";for(i=0;i<a.length;i++)s=a[i],e.source===s.contentWindow&&(s.removeAttribute(\"style\"),\"height\"===t.message?(1e3<(r=parseInt(t.value,10))?r=1e3:~~r<200&&(r=200),s.height=r):\"link\"===t.message&&(r=new URL(s.getAttribute(\"src\")),n=new URL(t.value),c.test(n.protocol))&&n.host===r.host&&l.activeElement===s&&(d.top.location.href=t.value))}},d.addEventListener(\"message\",d.wp.receiveEmbedMessage,!1),l.addEventListener(\"DOMContentLoaded\",function(){for(var e,t,s=l.querySelectorAll(\"iframe.wp-embedded-content\"),r=0;r<s.length;r++)(t=(e=s[r]).getAttribute(\"data-secret\"))||(t=Math.random().toString(36).substring(2,12),e.src+=\"#?secret=\"+t,e.setAttribute(\"data-secret\",t)),e.contentWindow.postMessage({message:\"ready\",secret:t},\"*\")},!1)))}(window,document);\n\/* ]]> *\/\n<\/script>\n","description":"Hakkari-\u00c7ukurca Karayolu \u00fczerine PKK&#8217;l\u0131lar taraf\u0131ndan yerle\u015ftirilen patlay\u0131c\u0131, askeri arac\u0131n ge\u00e7i\u015fi s\u0131ras\u0131nda infilak ettirildi. Patlama sonucu 4 asker hayat\u0131n\u0131 kaybetti, 5 asker yaraland\u0131 Hakkari-\u00c7ukurca Karayolu\u2019nun 35. kilometresinde bulunan O\u011ful k\u00f6y\u00fc yak\u0131nlar\u0131nda pusu kuran PKK\u2019l\u0131lar d\u00fcn \u00f6\u011fle saatlerinde askeri konvoyun ge\u00e7i\u015fi s\u0131ras\u0131nda daha \u00f6nce d\u00f6\u015fedikleri patlay\u0131c\u0131y\u0131 uzaktan kumandayla infilak ettirdi. Patlamada d\u00f6rt askerin \u015fehit oldu\u011fu ve be\u015f [&hellip;]","thumbnail_url":"http:\/\/epochtimestr.com\/wp-content\/uploads\/2011y\/\u015fehit.jpg"}