{"version":"1.0","provider_name":"The Epoch Times TR","provider_url":"https:\/\/epochtimestr.com","author_name":"S.\u015eener","author_url":"https:\/\/epochtimestr.com\/index.php\/author\/semra","title":"Polonya, G\u00fczelini Alanya\u2019da Se\u00e7iyor - The Epoch Times TR","type":"rich","width":600,"height":338,"html":"<blockquote class=\"wp-embedded-content\" data-secret=\"qD0ZAJrmgk\"><a href=\"https:\/\/epochtimestr.com\/index.php\/polonya-guzelini-alanyada-seciyor\">Polonya, G\u00fczelini  Alanya\u2019da Se\u00e7iyor<\/a><\/blockquote><iframe sandbox=\"allow-scripts\" security=\"restricted\" src=\"https:\/\/epochtimestr.com\/index.php\/polonya-guzelini-alanyada-seciyor\/embed#?secret=qD0ZAJrmgk\" width=\"600\" height=\"338\" title=\"&#8220;Polonya, G\u00fczelini  Alanya\u2019da Se\u00e7iyor&#8221; &#8212; The Epoch Times TR\" data-secret=\"qD0ZAJrmgk\" frameborder=\"0\" marginwidth=\"0\" marginheight=\"0\" scrolling=\"no\" class=\"wp-embedded-content\"><\/iframe><script type=\"text\/javascript\">\n\/* <![CDATA[ *\/\n\/*! This file is auto-generated *\/\n!function(d,l){\"use strict\";l.querySelector&&d.addEventListener&&\"undefined\"!=typeof URL&&(d.wp=d.wp||{},d.wp.receiveEmbedMessage||(d.wp.receiveEmbedMessage=function(e){var t=e.data;if((t||t.secret||t.message||t.value)&&!\/[^a-zA-Z0-9]\/.test(t.secret)){for(var s,r,n,a=l.querySelectorAll('iframe[data-secret=\"'+t.secret+'\"]'),o=l.querySelectorAll('blockquote[data-secret=\"'+t.secret+'\"]'),c=new RegExp(\"^https?:$\",\"i\"),i=0;i<o.length;i++)o[i].style.display=\"none\";for(i=0;i<a.length;i++)s=a[i],e.source===s.contentWindow&&(s.removeAttribute(\"style\"),\"height\"===t.message?(1e3<(r=parseInt(t.value,10))?r=1e3:~~r<200&&(r=200),s.height=r):\"link\"===t.message&&(r=new URL(s.getAttribute(\"src\")),n=new URL(t.value),c.test(n.protocol))&&n.host===r.host&&l.activeElement===s&&(d.top.location.href=t.value))}},d.addEventListener(\"message\",d.wp.receiveEmbedMessage,!1),l.addEventListener(\"DOMContentLoaded\",function(){for(var e,t,s=l.querySelectorAll(\"iframe.wp-embedded-content\"),r=0;r<s.length;r++)(t=(e=s[r]).getAttribute(\"data-secret\"))||(t=Math.random().toString(36).substring(2,12),e.src+=\"#?secret=\"+t,e.setAttribute(\"data-secret\",t)),e.contentWindow.postMessage({message:\"ready\",secret:t},\"*\")},!1)))}(window,document);\n\/* ]]> *\/\n<\/script>\n","thumbnail_url":"https:\/\/epochtimestr.com\/wp-content\/uploads\/2011y\/polonya.jpg","thumbnail_width":527,"thumbnail_height":350,"description":"&#8216;Queen of World 2013&#8217;te \u00fclkesini temsil etme hakk\u0131na sahip olacak olan \u00a0Polonya \u00a0g\u00fczeli bu y\u0131l \u00a0Alanya\u2019da se\u00e7iliyor. \u00a05 y\u0131ld\u0131zl\u0131 \u00dctopya Otel&#8217;de kampa giren 20 gen\u00e7 k\u0131z aras\u0131ndan birinci se\u00e7ilen g\u00fczel \u00fclkesini D\u00fcnya G\u00fczellik Krali\u00e7esi Yar\u0131\u015fmas\u0131nda temsil edecek. Yar\u0131\u015fma Alanya Belediyesi ile Gondola Akdem Travel taraf\u0131ndan, Maxima Models Ajans\u0131 ve Polonya POLSAT TV i\u015f birli\u011fi ile [&hellip;]"}